{"id":1851,"date":"2016-01-07T23:57:24","date_gmt":"2016-01-07T22:57:24","guid":{"rendered":"http:\/\/www.tomaszowice.diecezja.lublin.pl\/?page_id=1851"},"modified":"2023-12-10T14:36:45","modified_gmt":"2023-12-10T13:36:45","slug":"schola-i-minictranci","status":"publish","type":"page","link":"https:\/\/www.tomaszowice.diecezja.lublin.pl\/?page_id=1851","title":{"rendered":"scholka i ministranci-galeria"},"content":{"rendered":"<h4>Zabawa choinkowa (31.12.2016r.)<\/h4>\n<div id='gallery-1' class='gallery galleryid-1851 gallery-columns-3 gallery-size-thumbnail'><figure class='gallery-item'>\n\t\t\t<div class='gallery-icon portrait'>\n\t\t\t\t<a href='https:\/\/www.tomaszowice.diecezja.lublin.pl\/?attachment_id=2737'><img loading=\"lazy\" decoding=\"async\" width=\"84\" height=\"150\" src=\"https:\/\/www.tomaszowice.diecezja.lublin.pl\/wp-content\/uploads\/WP_20161231_103-Copy-e1486932576296-84x150.jpg\" class=\"attachment-thumbnail size-thumbnail\" alt=\"\" srcset=\"https:\/\/www.tomaszowice.diecezja.lublin.pl\/wp-content\/uploads\/WP_20161231_103-Copy-e1486932576296-84x150.jpg 84w, https:\/\/www.tomaszowice.diecezja.lublin.pl\/wp-content\/uploads\/WP_20161231_103-Copy-e1486932576296-169x300.jpg 169w, https:\/\/www.tomaszowice.diecezja.lublin.pl\/wp-content\/uploads\/WP_20161231_103-Copy-e1486932576296-768x1365.jpg 768w, https:\/\/www.tomaszowice.diecezja.lublin.pl\/wp-content\/uploads\/WP_20161231_103-Copy-e1486932576296-576x1024.jpg 576w, https:\/\/www.tomaszowice.diecezja.lublin.pl\/wp-content\/uploads\/WP_20161231_103-Copy-e1486932576296.jpg 1728w\" sizes=\"auto, (max-width: 84px) 100vw, 84px\" \/><\/a>\n\t\t\t<\/div><\/figure><figure class='gallery-item'>\n\t\t\t<div class='gallery-icon landscape'>\n\t\t\t\t<a href='https:\/\/www.tomaszowice.diecezja.lublin.pl\/?attachment_id=2738'><img loading=\"lazy\" decoding=\"async\" width=\"150\" height=\"84\" src=\"https:\/\/www.tomaszowice.diecezja.lublin.pl\/wp-content\/uploads\/WP_20161231_105-Copy-150x84.jpg\" class=\"attachment-thumbnail size-thumbnail\" alt=\"\" srcset=\"https:\/\/www.tomaszowice.diecezja.lublin.pl\/wp-content\/uploads\/WP_20161231_105-Copy-150x84.jpg 150w, https:\/\/www.tomaszowice.diecezja.lublin.pl\/wp-content\/uploads\/WP_20161231_105-Copy-300x169.jpg 300w, https:\/\/www.tomaszowice.diecezja.lublin.pl\/wp-content\/uploads\/WP_20161231_105-Copy-768x432.jpg 768w, https:\/\/www.tomaszowice.diecezja.lublin.pl\/wp-content\/uploads\/WP_20161231_105-Copy-1024x576.jpg 1024w\" sizes=\"auto, (max-width: 150px) 100vw, 150px\" \/><\/a>\n\t\t\t<\/div><\/figure><figure class='gallery-item'>\n\t\t\t<div class='gallery-icon landscape'>\n\t\t\t\t<a href='https:\/\/www.tomaszowice.diecezja.lublin.pl\/?attachment_id=2739'><img loading=\"lazy\" decoding=\"async\" width=\"150\" height=\"84\" src=\"https:\/\/www.tomaszowice.diecezja.lublin.pl\/wp-content\/uploads\/WP_20161231_107-Copy-150x84.jpg\" class=\"attachment-thumbnail size-thumbnail\" alt=\"\" srcset=\"https:\/\/www.tomaszowice.diecezja.lublin.pl\/wp-content\/uploads\/WP_20161231_107-Copy-150x84.jpg 150w, https:\/\/www.tomaszowice.diecezja.lublin.pl\/wp-content\/uploads\/WP_20161231_107-Copy-300x169.jpg 300w, https:\/\/www.tomaszowice.diecezja.lublin.pl\/wp-content\/uploads\/WP_20161231_107-Copy-768x432.jpg 768w, https:\/\/www.tomaszowice.diecezja.lublin.pl\/wp-content\/uploads\/WP_20161231_107-Copy-1024x576.jpg 1024w\" sizes=\"auto, (max-width: 150px) 100vw, 150px\" \/><\/a>\n\t\t\t<\/div><\/figure><figure class='gallery-item'>\n\t\t\t<div class='gallery-icon landscape'>\n\t\t\t\t<a href='https:\/\/www.tomaszowice.diecezja.lublin.pl\/?attachment_id=2740'><img loading=\"lazy\" decoding=\"async\" width=\"150\" height=\"84\" src=\"https:\/\/www.tomaszowice.diecezja.lublin.pl\/wp-content\/uploads\/WP_20161231_108-Copy-150x84.jpg\" class=\"attachment-thumbnail size-thumbnail\" alt=\"\" srcset=\"https:\/\/www.tomaszowice.diecezja.lublin.pl\/wp-content\/uploads\/WP_20161231_108-Copy-150x84.jpg 150w, https:\/\/www.tomaszowice.diecezja.lublin.pl\/wp-content\/uploads\/WP_20161231_108-Copy-300x169.jpg 300w, https:\/\/www.tomaszowice.diecezja.lublin.pl\/wp-content\/uploads\/WP_20161231_108-Copy-768x432.jpg 768w, https:\/\/www.tomaszowice.diecezja.lublin.pl\/wp-content\/uploads\/WP_20161231_108-Copy-1024x576.jpg 1024w\" sizes=\"auto, (max-width: 150px) 100vw, 150px\" \/><\/a>\n\t\t\t<\/div><\/figure><figure class='gallery-item'>\n\t\t\t<div class='gallery-icon landscape'>\n\t\t\t\t<a href='https:\/\/www.tomaszowice.diecezja.lublin.pl\/?attachment_id=2741'><img loading=\"lazy\" decoding=\"async\" width=\"150\" height=\"84\" src=\"https:\/\/www.tomaszowice.diecezja.lublin.pl\/wp-content\/uploads\/WP_20161231_109-Copy-150x84.jpg\" class=\"attachment-thumbnail size-thumbnail\" alt=\"\" srcset=\"https:\/\/www.tomaszowice.diecezja.lublin.pl\/wp-content\/uploads\/WP_20161231_109-Copy-150x84.jpg 150w, https:\/\/www.tomaszowice.diecezja.lublin.pl\/wp-content\/uploads\/WP_20161231_109-Copy-300x169.jpg 300w, https:\/\/www.tomaszowice.diecezja.lublin.pl\/wp-content\/uploads\/WP_20161231_109-Copy-768x432.jpg 768w, https:\/\/www.tomaszowice.diecezja.lublin.pl\/wp-content\/uploads\/WP_20161231_109-Copy-1024x576.jpg 1024w\" sizes=\"auto, (max-width: 150px) 100vw, 150px\" \/><\/a>\n\t\t\t<\/div><\/figure><figure class='gallery-item'>\n\t\t\t<div class='gallery-icon landscape'>\n\t\t\t\t<a href='https:\/\/www.tomaszowice.diecezja.lublin.pl\/?attachment_id=2742'><img loading=\"lazy\" decoding=\"async\" width=\"150\" height=\"84\" src=\"https:\/\/www.tomaszowice.diecezja.lublin.pl\/wp-content\/uploads\/WP_20161231_001-Copy-150x84.jpg\" class=\"attachment-thumbnail size-thumbnail\" alt=\"\" srcset=\"https:\/\/www.tomaszowice.diecezja.lublin.pl\/wp-content\/uploads\/WP_20161231_001-Copy-150x84.jpg 150w, https:\/\/www.tomaszowice.diecezja.lublin.pl\/wp-content\/uploads\/WP_20161231_001-Copy-300x169.jpg 300w, https:\/\/www.tomaszowice.diecezja.lublin.pl\/wp-content\/uploads\/WP_20161231_001-Copy-768x432.jpg 768w, https:\/\/www.tomaszowice.diecezja.lublin.pl\/wp-content\/uploads\/WP_20161231_001-Copy-1024x576.jpg 1024w\" sizes=\"auto, (max-width: 150px) 100vw, 150px\" \/><\/a>\n\t\t\t<\/div><\/figure><figure class='gallery-item'>\n\t\t\t<div class='gallery-icon landscape'>\n\t\t\t\t<a href='https:\/\/www.tomaszowice.diecezja.lublin.pl\/?attachment_id=2743'><img loading=\"lazy\" decoding=\"async\" width=\"150\" height=\"84\" src=\"https:\/\/www.tomaszowice.diecezja.lublin.pl\/wp-content\/uploads\/WP_20161231_003-Copy-150x84.jpg\" class=\"attachment-thumbnail size-thumbnail\" alt=\"\" srcset=\"https:\/\/www.tomaszowice.diecezja.lublin.pl\/wp-content\/uploads\/WP_20161231_003-Copy-150x84.jpg 150w, https:\/\/www.tomaszowice.diecezja.lublin.pl\/wp-content\/uploads\/WP_20161231_003-Copy-300x169.jpg 300w, https:\/\/www.tomaszowice.diecezja.lublin.pl\/wp-content\/uploads\/WP_20161231_003-Copy-768x432.jpg 768w, https:\/\/www.tomaszowice.diecezja.lublin.pl\/wp-content\/uploads\/WP_20161231_003-Copy-1024x576.jpg 1024w\" sizes=\"auto, (max-width: 150px) 100vw, 150px\" \/><\/a>\n\t\t\t<\/div><\/figure><figure class='gallery-item'>\n\t\t\t<div class='gallery-icon landscape'>\n\t\t\t\t<a href='https:\/\/www.tomaszowice.diecezja.lublin.pl\/?attachment_id=2744'><img loading=\"lazy\" decoding=\"async\" width=\"150\" height=\"84\" src=\"https:\/\/www.tomaszowice.diecezja.lublin.pl\/wp-content\/uploads\/WP_20161231_004-Copy-150x84.jpg\" class=\"attachment-thumbnail size-thumbnail\" alt=\"\" srcset=\"https:\/\/www.tomaszowice.diecezja.lublin.pl\/wp-content\/uploads\/WP_20161231_004-Copy-150x84.jpg 150w, https:\/\/www.tomaszowice.diecezja.lublin.pl\/wp-content\/uploads\/WP_20161231_004-Copy-300x169.jpg 300w, https:\/\/www.tomaszowice.diecezja.lublin.pl\/wp-content\/uploads\/WP_20161231_004-Copy-768x432.jpg 768w, https:\/\/www.tomaszowice.diecezja.lublin.pl\/wp-content\/uploads\/WP_20161231_004-Copy-1024x576.jpg 1024w\" sizes=\"auto, (max-width: 150px) 100vw, 150px\" \/><\/a>\n\t\t\t<\/div><\/figure><figure class='gallery-item'>\n\t\t\t<div class='gallery-icon landscape'>\n\t\t\t\t<a href='https:\/\/www.tomaszowice.diecezja.lublin.pl\/?attachment_id=2745'><img loading=\"lazy\" decoding=\"async\" width=\"150\" height=\"84\" src=\"https:\/\/www.tomaszowice.diecezja.lublin.pl\/wp-content\/uploads\/WP_20161231_005-Copy-150x84.jpg\" class=\"attachment-thumbnail size-thumbnail\" alt=\"\" srcset=\"https:\/\/www.tomaszowice.diecezja.lublin.pl\/wp-content\/uploads\/WP_20161231_005-Copy-150x84.jpg 150w, https:\/\/www.tomaszowice.diecezja.lublin.pl\/wp-content\/uploads\/WP_20161231_005-Copy-300x169.jpg 300w, https:\/\/www.tomaszowice.diecezja.lublin.pl\/wp-content\/uploads\/WP_20161231_005-Copy-768x432.jpg 768w, https:\/\/www.tomaszowice.diecezja.lublin.pl\/wp-content\/uploads\/WP_20161231_005-Copy-1024x576.jpg 1024w\" sizes=\"auto, (max-width: 150px) 100vw, 150px\" \/><\/a>\n\t\t\t<\/div><\/figure><figure class='gallery-item'>\n\t\t\t<div class='gallery-icon landscape'>\n\t\t\t\t<a href='https:\/\/www.tomaszowice.diecezja.lublin.pl\/?attachment_id=2746'><img loading=\"lazy\" decoding=\"async\" width=\"150\" height=\"84\" src=\"https:\/\/www.tomaszowice.diecezja.lublin.pl\/wp-content\/uploads\/WP_20161231_007-Copy-150x84.jpg\" class=\"attachment-thumbnail size-thumbnail\" alt=\"\" srcset=\"https:\/\/www.tomaszowice.diecezja.lublin.pl\/wp-content\/uploads\/WP_20161231_007-Copy-150x84.jpg 150w, https:\/\/www.tomaszowice.diecezja.lublin.pl\/wp-content\/uploads\/WP_20161231_007-Copy-300x169.jpg 300w, https:\/\/www.tomaszowice.diecezja.lublin.pl\/wp-content\/uploads\/WP_20161231_007-Copy-768x432.jpg 768w, https:\/\/www.tomaszowice.diecezja.lublin.pl\/wp-content\/uploads\/WP_20161231_007-Copy-1024x576.jpg 1024w\" sizes=\"auto, (max-width: 150px) 100vw, 150px\" \/><\/a>\n\t\t\t<\/div><\/figure><figure class='gallery-item'>\n\t\t\t<div class='gallery-icon landscape'>\n\t\t\t\t<a href='https:\/\/www.tomaszowice.diecezja.lublin.pl\/?attachment_id=2747'><img loading=\"lazy\" decoding=\"async\" width=\"150\" height=\"84\" src=\"https:\/\/www.tomaszowice.diecezja.lublin.pl\/wp-content\/uploads\/WP_20161231_008-Copy-150x84.jpg\" class=\"attachment-thumbnail size-thumbnail\" alt=\"\" srcset=\"https:\/\/www.tomaszowice.diecezja.lublin.pl\/wp-content\/uploads\/WP_20161231_008-Copy-150x84.jpg 150w, https:\/\/www.tomaszowice.diecezja.lublin.pl\/wp-content\/uploads\/WP_20161231_008-Copy-300x169.jpg 300w, https:\/\/www.tomaszowice.diecezja.lublin.pl\/wp-content\/uploads\/WP_20161231_008-Copy-768x432.jpg 768w, https:\/\/www.tomaszowice.diecezja.lublin.pl\/wp-content\/uploads\/WP_20161231_008-Copy-1024x576.jpg 1024w\" sizes=\"auto, (max-width: 150px) 100vw, 150px\" \/><\/a>\n\t\t\t<\/div><\/figure><figure class='gallery-item'>\n\t\t\t<div class='gallery-icon landscape'>\n\t\t\t\t<a href='https:\/\/www.tomaszowice.diecezja.lublin.pl\/?attachment_id=2748'><img loading=\"lazy\" decoding=\"async\" width=\"150\" height=\"84\" src=\"https:\/\/www.tomaszowice.diecezja.lublin.pl\/wp-content\/uploads\/WP_20161231_009-Copy-150x84.jpg\" class=\"attachment-thumbnail size-thumbnail\" alt=\"\" srcset=\"https:\/\/www.tomaszowice.diecezja.lublin.pl\/wp-content\/uploads\/WP_20161231_009-Copy-150x84.jpg 150w, https:\/\/www.tomaszowice.diecezja.lublin.pl\/wp-content\/uploads\/WP_20161231_009-Copy-300x169.jpg 300w, https:\/\/www.tomaszowice.diecezja.lublin.pl\/wp-content\/uploads\/WP_20161231_009-Copy-768x432.jpg 768w, https:\/\/www.tomaszowice.diecezja.lublin.pl\/wp-content\/uploads\/WP_20161231_009-Copy-1024x576.jpg 1024w\" sizes=\"auto, (max-width: 150px) 100vw, 150px\" \/><\/a>\n\t\t\t<\/div><\/figure><figure class='gallery-item'>\n\t\t\t<div class='gallery-icon landscape'>\n\t\t\t\t<a href='https:\/\/www.tomaszowice.diecezja.lublin.pl\/?attachment_id=2749'><img loading=\"lazy\" decoding=\"async\" width=\"150\" height=\"84\" src=\"https:\/\/www.tomaszowice.diecezja.lublin.pl\/wp-content\/uploads\/WP_20161231_010-Copy-150x84.jpg\" class=\"attachment-thumbnail size-thumbnail\" alt=\"\" srcset=\"https:\/\/www.tomaszowice.diecezja.lublin.pl\/wp-content\/uploads\/WP_20161231_010-Copy-150x84.jpg 150w, https:\/\/www.tomaszowice.diecezja.lublin.pl\/wp-content\/uploads\/WP_20161231_010-Copy-300x169.jpg 300w, https:\/\/www.tomaszowice.diecezja.lublin.pl\/wp-content\/uploads\/WP_20161231_010-Copy-768x432.jpg 768w, https:\/\/www.tomaszowice.diecezja.lublin.pl\/wp-content\/uploads\/WP_20161231_010-Copy-1024x576.jpg 1024w\" sizes=\"auto, (max-width: 150px) 100vw, 150px\" \/><\/a>\n\t\t\t<\/div><\/figure><figure class='gallery-item'>\n\t\t\t<div class='gallery-icon landscape'>\n\t\t\t\t<a href='https:\/\/www.tomaszowice.diecezja.lublin.pl\/?attachment_id=2750'><img loading=\"lazy\" decoding=\"async\" width=\"150\" height=\"84\" src=\"https:\/\/www.tomaszowice.diecezja.lublin.pl\/wp-content\/uploads\/WP_20161231_011-Copy-150x84.jpg\" class=\"attachment-thumbnail size-thumbnail\" alt=\"\" srcset=\"https:\/\/www.tomaszowice.diecezja.lublin.pl\/wp-content\/uploads\/WP_20161231_011-Copy-150x84.jpg 150w, https:\/\/www.tomaszowice.diecezja.lublin.pl\/wp-content\/uploads\/WP_20161231_011-Copy-300x169.jpg 300w, https:\/\/www.tomaszowice.diecezja.lublin.pl\/wp-content\/uploads\/WP_20161231_011-Copy-768x432.jpg 768w, https:\/\/www.tomaszowice.diecezja.lublin.pl\/wp-content\/uploads\/WP_20161231_011-Copy-1024x576.jpg 1024w\" sizes=\"auto, (max-width: 150px) 100vw, 150px\" \/><\/a>\n\t\t\t<\/div><\/figure><figure class='gallery-item'>\n\t\t\t<div class='gallery-icon landscape'>\n\t\t\t\t<a href='https:\/\/www.tomaszowice.diecezja.lublin.pl\/?attachment_id=2751'><img loading=\"lazy\" decoding=\"async\" width=\"150\" height=\"84\" src=\"https:\/\/www.tomaszowice.diecezja.lublin.pl\/wp-content\/uploads\/WP_20161231_013-Copy-150x84.jpg\" class=\"attachment-thumbnail size-thumbnail\" alt=\"\" srcset=\"https:\/\/www.tomaszowice.diecezja.lublin.pl\/wp-content\/uploads\/WP_20161231_013-Copy-150x84.jpg 150w, https:\/\/www.tomaszowice.diecezja.lublin.pl\/wp-content\/uploads\/WP_20161231_013-Copy-300x169.jpg 300w, https:\/\/www.tomaszowice.diecezja.lublin.pl\/wp-content\/uploads\/WP_20161231_013-Copy-768x432.jpg 768w, https:\/\/www.tomaszowice.diecezja.lublin.pl\/wp-content\/uploads\/WP_20161231_013-Copy-1024x576.jpg 1024w\" sizes=\"auto, (max-width: 150px) 100vw, 150px\" \/><\/a>\n\t\t\t<\/div><\/figure><figure class='gallery-item'>\n\t\t\t<div class='gallery-icon landscape'>\n\t\t\t\t<a href='https:\/\/www.tomaszowice.diecezja.lublin.pl\/?attachment_id=2752'><img loading=\"lazy\" decoding=\"async\" width=\"150\" height=\"84\" src=\"https:\/\/www.tomaszowice.diecezja.lublin.pl\/wp-content\/uploads\/WP_20161231_014-Copy-150x84.jpg\" class=\"attachment-thumbnail size-thumbnail\" alt=\"\" srcset=\"https:\/\/www.tomaszowice.diecezja.lublin.pl\/wp-content\/uploads\/WP_20161231_014-Copy-150x84.jpg 150w, https:\/\/www.tomaszowice.diecezja.lublin.pl\/wp-content\/uploads\/WP_20161231_014-Copy-300x169.jpg 300w, https:\/\/www.tomaszowice.diecezja.lublin.pl\/wp-content\/uploads\/WP_20161231_014-Copy-768x432.jpg 768w, https:\/\/www.tomaszowice.diecezja.lublin.pl\/wp-content\/uploads\/WP_20161231_014-Copy-1024x576.jpg 1024w\" sizes=\"auto, (max-width: 150px) 100vw, 150px\" \/><\/a>\n\t\t\t<\/div><\/figure><figure class='gallery-item'>\n\t\t\t<div class='gallery-icon landscape'>\n\t\t\t\t<a href='https:\/\/www.tomaszowice.diecezja.lublin.pl\/?attachment_id=2753'><img loading=\"lazy\" decoding=\"async\" width=\"150\" height=\"84\" src=\"https:\/\/www.tomaszowice.diecezja.lublin.pl\/wp-content\/uploads\/WP_20161231_015-Copy-150x84.jpg\" class=\"attachment-thumbnail size-thumbnail\" alt=\"\" srcset=\"https:\/\/www.tomaszowice.diecezja.lublin.pl\/wp-content\/uploads\/WP_20161231_015-Copy-150x84.jpg 150w, https:\/\/www.tomaszowice.diecezja.lublin.pl\/wp-content\/uploads\/WP_20161231_015-Copy-300x169.jpg 300w, https:\/\/www.tomaszowice.diecezja.lublin.pl\/wp-content\/uploads\/WP_20161231_015-Copy-768x432.jpg 768w, https:\/\/www.tomaszowice.diecezja.lublin.pl\/wp-content\/uploads\/WP_20161231_015-Copy-1024x576.jpg 1024w\" sizes=\"auto, (max-width: 150px) 100vw, 150px\" \/><\/a>\n\t\t\t<\/div><\/figure><figure class='gallery-item'>\n\t\t\t<div class='gallery-icon landscape'>\n\t\t\t\t<a href='https:\/\/www.tomaszowice.diecezja.lublin.pl\/?attachment_id=2754'><img loading=\"lazy\" decoding=\"async\" width=\"150\" height=\"84\" src=\"https:\/\/www.tomaszowice.diecezja.lublin.pl\/wp-content\/uploads\/WP_20161231_020-Copy-150x84.jpg\" class=\"attachment-thumbnail size-thumbnail\" alt=\"\" srcset=\"https:\/\/www.tomaszowice.diecezja.lublin.pl\/wp-content\/uploads\/WP_20161231_020-Copy-150x84.jpg 150w, https:\/\/www.tomaszowice.diecezja.lublin.pl\/wp-content\/uploads\/WP_20161231_020-Copy-300x169.jpg 300w, https:\/\/www.tomaszowice.diecezja.lublin.pl\/wp-content\/uploads\/WP_20161231_020-Copy-768x432.jpg 768w, https:\/\/www.tomaszowice.diecezja.lublin.pl\/wp-content\/uploads\/WP_20161231_020-Copy-1024x576.jpg 1024w\" sizes=\"auto, (max-width: 150px) 100vw, 150px\" \/><\/a>\n\t\t\t<\/div><\/figure><figure class='gallery-item'>\n\t\t\t<div class='gallery-icon landscape'>\n\t\t\t\t<a href='https:\/\/www.tomaszowice.diecezja.lublin.pl\/?attachment_id=2755'><img loading=\"lazy\" decoding=\"async\" width=\"150\" height=\"84\" src=\"https:\/\/www.tomaszowice.diecezja.lublin.pl\/wp-content\/uploads\/WP_20161231_021-Copy-150x84.jpg\" class=\"attachment-thumbnail size-thumbnail\" alt=\"\" srcset=\"https:\/\/www.tomaszowice.diecezja.lublin.pl\/wp-content\/uploads\/WP_20161231_021-Copy-150x84.jpg 150w, https:\/\/www.tomaszowice.diecezja.lublin.pl\/wp-content\/uploads\/WP_20161231_021-Copy-300x169.jpg 300w, https:\/\/www.tomaszowice.diecezja.lublin.pl\/wp-content\/uploads\/WP_20161231_021-Copy-768x432.jpg 768w, https:\/\/www.tomaszowice.diecezja.lublin.pl\/wp-content\/uploads\/WP_20161231_021-Copy-1024x576.jpg 1024w\" sizes=\"auto, (max-width: 150px) 100vw, 150px\" \/><\/a>\n\t\t\t<\/div><\/figure><figure class='gallery-item'>\n\t\t\t<div class='gallery-icon landscape'>\n\t\t\t\t<a href='https:\/\/www.tomaszowice.diecezja.lublin.pl\/?attachment_id=2756'><img loading=\"lazy\" decoding=\"async\" width=\"150\" height=\"84\" src=\"https:\/\/www.tomaszowice.diecezja.lublin.pl\/wp-content\/uploads\/WP_20161231_022-Copy-150x84.jpg\" class=\"attachment-thumbnail size-thumbnail\" alt=\"\" srcset=\"https:\/\/www.tomaszowice.diecezja.lublin.pl\/wp-content\/uploads\/WP_20161231_022-Copy-150x84.jpg 150w, https:\/\/www.tomaszowice.diecezja.lublin.pl\/wp-content\/uploads\/WP_20161231_022-Copy-300x169.jpg 300w, https:\/\/www.tomaszowice.diecezja.lublin.pl\/wp-content\/uploads\/WP_20161231_022-Copy-768x432.jpg 768w, https:\/\/www.tomaszowice.diecezja.lublin.pl\/wp-content\/uploads\/WP_20161231_022-Copy-1024x576.jpg 1024w\" sizes=\"auto, (max-width: 150px) 100vw, 150px\" \/><\/a>\n\t\t\t<\/div><\/figure><figure class='gallery-item'>\n\t\t\t<div class='gallery-icon landscape'>\n\t\t\t\t<a href='https:\/\/www.tomaszowice.diecezja.lublin.pl\/?attachment_id=2757'><img loading=\"lazy\" decoding=\"async\" width=\"150\" height=\"84\" src=\"https:\/\/www.tomaszowice.diecezja.lublin.pl\/wp-content\/uploads\/WP_20161231_023-Copy-150x84.jpg\" class=\"attachment-thumbnail size-thumbnail\" alt=\"\" srcset=\"https:\/\/www.tomaszowice.diecezja.lublin.pl\/wp-content\/uploads\/WP_20161231_023-Copy-150x84.jpg 150w, https:\/\/www.tomaszowice.diecezja.lublin.pl\/wp-content\/uploads\/WP_20161231_023-Copy-300x169.jpg 300w, https:\/\/www.tomaszowice.diecezja.lublin.pl\/wp-content\/uploads\/WP_20161231_023-Copy-768x432.jpg 768w, https:\/\/www.tomaszowice.diecezja.lublin.pl\/wp-content\/uploads\/WP_20161231_023-Copy-1024x576.jpg 1024w\" sizes=\"auto, (max-width: 150px) 100vw, 150px\" \/><\/a>\n\t\t\t<\/div><\/figure><figure class='gallery-item'>\n\t\t\t<div class='gallery-icon landscape'>\n\t\t\t\t<a href='https:\/\/www.tomaszowice.diecezja.lublin.pl\/?attachment_id=2758'><img loading=\"lazy\" decoding=\"async\" width=\"150\" height=\"84\" src=\"https:\/\/www.tomaszowice.diecezja.lublin.pl\/wp-content\/uploads\/WP_20161231_024-Copy-150x84.jpg\" class=\"attachment-thumbnail size-thumbnail\" alt=\"\" srcset=\"https:\/\/www.tomaszowice.diecezja.lublin.pl\/wp-content\/uploads\/WP_20161231_024-Copy-150x84.jpg 150w, https:\/\/www.tomaszowice.diecezja.lublin.pl\/wp-content\/uploads\/WP_20161231_024-Copy-300x169.jpg 300w, https:\/\/www.tomaszowice.diecezja.lublin.pl\/wp-content\/uploads\/WP_20161231_024-Copy-768x432.jpg 768w, https:\/\/www.tomaszowice.diecezja.lublin.pl\/wp-content\/uploads\/WP_20161231_024-Copy-1024x576.jpg 1024w\" sizes=\"auto, (max-width: 150px) 100vw, 150px\" \/><\/a>\n\t\t\t<\/div><\/figure><figure class='gallery-item'>\n\t\t\t<div class='gallery-icon landscape'>\n\t\t\t\t<a href='https:\/\/www.tomaszowice.diecezja.lublin.pl\/?attachment_id=2759'><img loading=\"lazy\" decoding=\"async\" width=\"150\" height=\"84\" src=\"https:\/\/www.tomaszowice.diecezja.lublin.pl\/wp-content\/uploads\/WP_20161231_025-Copy-150x84.jpg\" class=\"attachment-thumbnail size-thumbnail\" alt=\"\" srcset=\"https:\/\/www.tomaszowice.diecezja.lublin.pl\/wp-content\/uploads\/WP_20161231_025-Copy-150x84.jpg 150w, https:\/\/www.tomaszowice.diecezja.lublin.pl\/wp-content\/uploads\/WP_20161231_025-Copy-300x169.jpg 300w, https:\/\/www.tomaszowice.diecezja.lublin.pl\/wp-content\/uploads\/WP_20161231_025-Copy-768x432.jpg 768w, https:\/\/www.tomaszowice.diecezja.lublin.pl\/wp-content\/uploads\/WP_20161231_025-Copy-1024x576.jpg 1024w\" sizes=\"auto, (max-width: 150px) 100vw, 150px\" \/><\/a>\n\t\t\t<\/div><\/figure><figure class='gallery-item'>\n\t\t\t<div class='gallery-icon landscape'>\n\t\t\t\t<a href='https:\/\/www.tomaszowice.diecezja.lublin.pl\/?attachment_id=2760'><img loading=\"lazy\" decoding=\"async\" width=\"150\" height=\"84\" src=\"https:\/\/www.tomaszowice.diecezja.lublin.pl\/wp-content\/uploads\/WP_20161231_026-Copy-150x84.jpg\" class=\"attachment-thumbnail size-thumbnail\" alt=\"\" srcset=\"https:\/\/www.tomaszowice.diecezja.lublin.pl\/wp-content\/uploads\/WP_20161231_026-Copy-150x84.jpg 150w, https:\/\/www.tomaszowice.diecezja.lublin.pl\/wp-content\/uploads\/WP_20161231_026-Copy-300x169.jpg 300w, https:\/\/www.tomaszowice.diecezja.lublin.pl\/wp-content\/uploads\/WP_20161231_026-Copy-768x432.jpg 768w, https:\/\/www.tomaszowice.diecezja.lublin.pl\/wp-content\/uploads\/WP_20161231_026-Copy-1024x576.jpg 1024w\" sizes=\"auto, (max-width: 150px) 100vw, 150px\" \/><\/a>\n\t\t\t<\/div><\/figure><figure class='gallery-item'>\n\t\t\t<div class='gallery-icon landscape'>\n\t\t\t\t<a href='https:\/\/www.tomaszowice.diecezja.lublin.pl\/?attachment_id=2761'><img loading=\"lazy\" decoding=\"async\" width=\"150\" height=\"84\" src=\"https:\/\/www.tomaszowice.diecezja.lublin.pl\/wp-content\/uploads\/WP_20161231_028-Copy-150x84.jpg\" class=\"attachment-thumbnail size-thumbnail\" alt=\"\" srcset=\"https:\/\/www.tomaszowice.diecezja.lublin.pl\/wp-content\/uploads\/WP_20161231_028-Copy-150x84.jpg 150w, https:\/\/www.tomaszowice.diecezja.lublin.pl\/wp-content\/uploads\/WP_20161231_028-Copy-300x169.jpg 300w, https:\/\/www.tomaszowice.diecezja.lublin.pl\/wp-content\/uploads\/WP_20161231_028-Copy-768x431.jpg 768w, https:\/\/www.tomaszowice.diecezja.lublin.pl\/wp-content\/uploads\/WP_20161231_028-Copy-1024x575.jpg 1024w\" sizes=\"auto, (max-width: 150px) 100vw, 150px\" \/><\/a>\n\t\t\t<\/div><\/figure><figure class='gallery-item'>\n\t\t\t<div class='gallery-icon landscape'>\n\t\t\t\t<a href='https:\/\/www.tomaszowice.diecezja.lublin.pl\/?attachment_id=2762'><img loading=\"lazy\" decoding=\"async\" width=\"150\" height=\"84\" src=\"https:\/\/www.tomaszowice.diecezja.lublin.pl\/wp-content\/uploads\/WP_20161231_029-Copy-150x84.jpg\" class=\"attachment-thumbnail size-thumbnail\" alt=\"\" srcset=\"https:\/\/www.tomaszowice.diecezja.lublin.pl\/wp-content\/uploads\/WP_20161231_029-Copy-150x84.jpg 150w, https:\/\/www.tomaszowice.diecezja.lublin.pl\/wp-content\/uploads\/WP_20161231_029-Copy-300x169.jpg 300w, https:\/\/www.tomaszowice.diecezja.lublin.pl\/wp-content\/uploads\/WP_20161231_029-Copy-768x432.jpg 768w, https:\/\/www.tomaszowice.diecezja.lublin.pl\/wp-content\/uploads\/WP_20161231_029-Copy-1024x576.jpg 1024w\" sizes=\"auto, (max-width: 150px) 100vw, 150px\" \/><\/a>\n\t\t\t<\/div><\/figure><figure class='gallery-item'>\n\t\t\t<div class='gallery-icon landscape'>\n\t\t\t\t<a href='https:\/\/www.tomaszowice.diecezja.lublin.pl\/?attachment_id=2763'><img loading=\"lazy\" decoding=\"async\" width=\"150\" height=\"84\" src=\"https:\/\/www.tomaszowice.diecezja.lublin.pl\/wp-content\/uploads\/WP_20161231_031-Copy-150x84.jpg\" class=\"attachment-thumbnail size-thumbnail\" alt=\"\" srcset=\"https:\/\/www.tomaszowice.diecezja.lublin.pl\/wp-content\/uploads\/WP_20161231_031-Copy-150x84.jpg 150w, https:\/\/www.tomaszowice.diecezja.lublin.pl\/wp-content\/uploads\/WP_20161231_031-Copy-300x169.jpg 300w, https:\/\/www.tomaszowice.diecezja.lublin.pl\/wp-content\/uploads\/WP_20161231_031-Copy-768x432.jpg 768w, https:\/\/www.tomaszowice.diecezja.lublin.pl\/wp-content\/uploads\/WP_20161231_031-Copy-1024x576.jpg 1024w\" sizes=\"auto, (max-width: 150px) 100vw, 150px\" \/><\/a>\n\t\t\t<\/div><\/figure><figure class='gallery-item'>\n\t\t\t<div class='gallery-icon landscape'>\n\t\t\t\t<a href='https:\/\/www.tomaszowice.diecezja.lublin.pl\/?attachment_id=2764'><img loading=\"lazy\" decoding=\"async\" width=\"150\" height=\"84\" src=\"https:\/\/www.tomaszowice.diecezja.lublin.pl\/wp-content\/uploads\/WP_20161231_032-Copy-150x84.jpg\" class=\"attachment-thumbnail size-thumbnail\" alt=\"\" srcset=\"https:\/\/www.tomaszowice.diecezja.lublin.pl\/wp-content\/uploads\/WP_20161231_032-Copy-150x84.jpg 150w, https:\/\/www.tomaszowice.diecezja.lublin.pl\/wp-content\/uploads\/WP_20161231_032-Copy-300x169.jpg 300w, https:\/\/www.tomaszowice.diecezja.lublin.pl\/wp-content\/uploads\/WP_20161231_032-Copy-768x432.jpg 768w, https:\/\/www.tomaszowice.diecezja.lublin.pl\/wp-content\/uploads\/WP_20161231_032-Copy-1024x576.jpg 1024w\" sizes=\"auto, (max-width: 150px) 100vw, 150px\" \/><\/a>\n\t\t\t<\/div><\/figure><figure class='gallery-item'>\n\t\t\t<div class='gallery-icon landscape'>\n\t\t\t\t<a href='https:\/\/www.tomaszowice.diecezja.lublin.pl\/?attachment_id=2765'><img loading=\"lazy\" decoding=\"async\" width=\"150\" height=\"84\" src=\"https:\/\/www.tomaszowice.diecezja.lublin.pl\/wp-content\/uploads\/WP_20161231_033-Copy-150x84.jpg\" class=\"attachment-thumbnail size-thumbnail\" alt=\"\" srcset=\"https:\/\/www.tomaszowice.diecezja.lublin.pl\/wp-content\/uploads\/WP_20161231_033-Copy-150x84.jpg 150w, https:\/\/www.tomaszowice.diecezja.lublin.pl\/wp-content\/uploads\/WP_20161231_033-Copy-300x169.jpg 300w, https:\/\/www.tomaszowice.diecezja.lublin.pl\/wp-content\/uploads\/WP_20161231_033-Copy-768x432.jpg 768w, https:\/\/www.tomaszowice.diecezja.lublin.pl\/wp-content\/uploads\/WP_20161231_033-Copy-1024x576.jpg 1024w\" sizes=\"auto, (max-width: 150px) 100vw, 150px\" \/><\/a>\n\t\t\t<\/div><\/figure><figure class='gallery-item'>\n\t\t\t<div class='gallery-icon landscape'>\n\t\t\t\t<a href='https:\/\/www.tomaszowice.diecezja.lublin.pl\/?attachment_id=2766'><img loading=\"lazy\" decoding=\"async\" width=\"150\" height=\"84\" src=\"https:\/\/www.tomaszowice.diecezja.lublin.pl\/wp-content\/uploads\/WP_20161231_034-Copy-150x84.jpg\" class=\"attachment-thumbnail size-thumbnail\" alt=\"\" srcset=\"https:\/\/www.tomaszowice.diecezja.lublin.pl\/wp-content\/uploads\/WP_20161231_034-Copy-150x84.jpg 150w, https:\/\/www.tomaszowice.diecezja.lublin.pl\/wp-content\/uploads\/WP_20161231_034-Copy-300x169.jpg 300w, https:\/\/www.tomaszowice.diecezja.lublin.pl\/wp-content\/uploads\/WP_20161231_034-Copy-768x432.jpg 768w, https:\/\/www.tomaszowice.diecezja.lublin.pl\/wp-content\/uploads\/WP_20161231_034-Copy-1024x576.jpg 1024w\" sizes=\"auto, (max-width: 150px) 100vw, 150px\" \/><\/a>\n\t\t\t<\/div><\/figure><figure class='gallery-item'>\n\t\t\t<div class='gallery-icon landscape'>\n\t\t\t\t<a href='https:\/\/www.tomaszowice.diecezja.lublin.pl\/?attachment_id=2767'><img loading=\"lazy\" decoding=\"async\" width=\"150\" height=\"84\" src=\"https:\/\/www.tomaszowice.diecezja.lublin.pl\/wp-content\/uploads\/WP_20161231_039-Copy-150x84.jpg\" class=\"attachment-thumbnail size-thumbnail\" alt=\"\" srcset=\"https:\/\/www.tomaszowice.diecezja.lublin.pl\/wp-content\/uploads\/WP_20161231_039-Copy-150x84.jpg 150w, https:\/\/www.tomaszowice.diecezja.lublin.pl\/wp-content\/uploads\/WP_20161231_039-Copy-300x169.jpg 300w, https:\/\/www.tomaszowice.diecezja.lublin.pl\/wp-content\/uploads\/WP_20161231_039-Copy-768x432.jpg 768w, https:\/\/www.tomaszowice.diecezja.lublin.pl\/wp-content\/uploads\/WP_20161231_039-Copy-1024x576.jpg 1024w\" sizes=\"auto, (max-width: 150px) 100vw, 150px\" \/><\/a>\n\t\t\t<\/div><\/figure><figure class='gallery-item'>\n\t\t\t<div class='gallery-icon landscape'>\n\t\t\t\t<a href='https:\/\/www.tomaszowice.diecezja.lublin.pl\/?attachment_id=2768'><img loading=\"lazy\" decoding=\"async\" width=\"150\" height=\"84\" src=\"https:\/\/www.tomaszowice.diecezja.lublin.pl\/wp-content\/uploads\/WP_20161231_041-Copy-150x84.jpg\" class=\"attachment-thumbnail size-thumbnail\" alt=\"\" srcset=\"https:\/\/www.tomaszowice.diecezja.lublin.pl\/wp-content\/uploads\/WP_20161231_041-Copy-150x84.jpg 150w, https:\/\/www.tomaszowice.diecezja.lublin.pl\/wp-content\/uploads\/WP_20161231_041-Copy-300x169.jpg 300w, https:\/\/www.tomaszowice.diecezja.lublin.pl\/wp-content\/uploads\/WP_20161231_041-Copy-768x432.jpg 768w, https:\/\/www.tomaszowice.diecezja.lublin.pl\/wp-content\/uploads\/WP_20161231_041-Copy-1024x576.jpg 1024w\" sizes=\"auto, (max-width: 150px) 100vw, 150px\" \/><\/a>\n\t\t\t<\/div><\/figure><figure class='gallery-item'>\n\t\t\t<div class='gallery-icon landscape'>\n\t\t\t\t<a href='https:\/\/www.tomaszowice.diecezja.lublin.pl\/?attachment_id=2769'><img loading=\"lazy\" decoding=\"async\" width=\"150\" height=\"84\" src=\"https:\/\/www.tomaszowice.diecezja.lublin.pl\/wp-content\/uploads\/WP_20161231_042-Copy-150x84.jpg\" class=\"attachment-thumbnail size-thumbnail\" alt=\"\" srcset=\"https:\/\/www.tomaszowice.diecezja.lublin.pl\/wp-content\/uploads\/WP_20161231_042-Copy-150x84.jpg 150w, https:\/\/www.tomaszowice.diecezja.lublin.pl\/wp-content\/uploads\/WP_20161231_042-Copy-300x169.jpg 300w, https:\/\/www.tomaszowice.diecezja.lublin.pl\/wp-content\/uploads\/WP_20161231_042-Copy-768x432.jpg 768w, https:\/\/www.tomaszowice.diecezja.lublin.pl\/wp-content\/uploads\/WP_20161231_042-Copy-1024x576.jpg 1024w\" sizes=\"auto, (max-width: 150px) 100vw, 150px\" \/><\/a>\n\t\t\t<\/div><\/figure><figure class='gallery-item'>\n\t\t\t<div class='gallery-icon landscape'>\n\t\t\t\t<a href='https:\/\/www.tomaszowice.diecezja.lublin.pl\/?attachment_id=2770'><img loading=\"lazy\" decoding=\"async\" width=\"150\" height=\"84\" src=\"https:\/\/www.tomaszowice.diecezja.lublin.pl\/wp-content\/uploads\/WP_20161231_043-Copy-150x84.jpg\" class=\"attachment-thumbnail size-thumbnail\" alt=\"\" srcset=\"https:\/\/www.tomaszowice.diecezja.lublin.pl\/wp-content\/uploads\/WP_20161231_043-Copy-150x84.jpg 150w, https:\/\/www.tomaszowice.diecezja.lublin.pl\/wp-content\/uploads\/WP_20161231_043-Copy-300x169.jpg 300w, https:\/\/www.tomaszowice.diecezja.lublin.pl\/wp-content\/uploads\/WP_20161231_043-Copy-768x432.jpg 768w, https:\/\/www.tomaszowice.diecezja.lublin.pl\/wp-content\/uploads\/WP_20161231_043-Copy-1024x576.jpg 1024w\" sizes=\"auto, (max-width: 150px) 100vw, 150px\" \/><\/a>\n\t\t\t<\/div><\/figure><figure class='gallery-item'>\n\t\t\t<div class='gallery-icon landscape'>\n\t\t\t\t<a href='https:\/\/www.tomaszowice.diecezja.lublin.pl\/?attachment_id=2771'><img loading=\"lazy\" decoding=\"async\" width=\"150\" height=\"84\" src=\"https:\/\/www.tomaszowice.diecezja.lublin.pl\/wp-content\/uploads\/WP_20161231_044-Copy-150x84.jpg\" class=\"attachment-thumbnail size-thumbnail\" alt=\"\" srcset=\"https:\/\/www.tomaszowice.diecezja.lublin.pl\/wp-content\/uploads\/WP_20161231_044-Copy-150x84.jpg 150w, https:\/\/www.tomaszowice.diecezja.lublin.pl\/wp-content\/uploads\/WP_20161231_044-Copy-300x169.jpg 300w, https:\/\/www.tomaszowice.diecezja.lublin.pl\/wp-content\/uploads\/WP_20161231_044-Copy-768x432.jpg 768w, https:\/\/www.tomaszowice.diecezja.lublin.pl\/wp-content\/uploads\/WP_20161231_044-Copy-1024x576.jpg 1024w\" sizes=\"auto, (max-width: 150px) 100vw, 150px\" \/><\/a>\n\t\t\t<\/div><\/figure><figure class='gallery-item'>\n\t\t\t<div class='gallery-icon landscape'>\n\t\t\t\t<a href='https:\/\/www.tomaszowice.diecezja.lublin.pl\/?attachment_id=2772'><img loading=\"lazy\" decoding=\"async\" width=\"150\" height=\"84\" src=\"https:\/\/www.tomaszowice.diecezja.lublin.pl\/wp-content\/uploads\/WP_20161231_045-Copy-150x84.jpg\" class=\"attachment-thumbnail size-thumbnail\" alt=\"\" srcset=\"https:\/\/www.tomaszowice.diecezja.lublin.pl\/wp-content\/uploads\/WP_20161231_045-Copy-150x84.jpg 150w, https:\/\/www.tomaszowice.diecezja.lublin.pl\/wp-content\/uploads\/WP_20161231_045-Copy-300x169.jpg 300w, https:\/\/www.tomaszowice.diecezja.lublin.pl\/wp-content\/uploads\/WP_20161231_045-Copy-768x432.jpg 768w, https:\/\/www.tomaszowice.diecezja.lublin.pl\/wp-content\/uploads\/WP_20161231_045-Copy-1024x576.jpg 1024w\" sizes=\"auto, (max-width: 150px) 100vw, 150px\" \/><\/a>\n\t\t\t<\/div><\/figure><figure class='gallery-item'>\n\t\t\t<div class='gallery-icon landscape'>\n\t\t\t\t<a href='https:\/\/www.tomaszowice.diecezja.lublin.pl\/?attachment_id=2773'><img loading=\"lazy\" decoding=\"async\" width=\"150\" height=\"84\" src=\"https:\/\/www.tomaszowice.diecezja.lublin.pl\/wp-content\/uploads\/WP_20161231_046-Copy-150x84.jpg\" class=\"attachment-thumbnail size-thumbnail\" alt=\"\" srcset=\"https:\/\/www.tomaszowice.diecezja.lublin.pl\/wp-content\/uploads\/WP_20161231_046-Copy-150x84.jpg 150w, https:\/\/www.tomaszowice.diecezja.lublin.pl\/wp-content\/uploads\/WP_20161231_046-Copy-300x169.jpg 300w, https:\/\/www.tomaszowice.diecezja.lublin.pl\/wp-content\/uploads\/WP_20161231_046-Copy-768x432.jpg 768w, https:\/\/www.tomaszowice.diecezja.lublin.pl\/wp-content\/uploads\/WP_20161231_046-Copy-1024x576.jpg 1024w\" sizes=\"auto, (max-width: 150px) 100vw, 150px\" \/><\/a>\n\t\t\t<\/div><\/figure><figure class='gallery-item'>\n\t\t\t<div class='gallery-icon landscape'>\n\t\t\t\t<a href='https:\/\/www.tomaszowice.diecezja.lublin.pl\/?attachment_id=2774'><img loading=\"lazy\" decoding=\"async\" width=\"150\" height=\"84\" src=\"https:\/\/www.tomaszowice.diecezja.lublin.pl\/wp-content\/uploads\/WP_20161231_047-Copy-150x84.jpg\" class=\"attachment-thumbnail size-thumbnail\" alt=\"\" srcset=\"https:\/\/www.tomaszowice.diecezja.lublin.pl\/wp-content\/uploads\/WP_20161231_047-Copy-150x84.jpg 150w, https:\/\/www.tomaszowice.diecezja.lublin.pl\/wp-content\/uploads\/WP_20161231_047-Copy-300x169.jpg 300w, https:\/\/www.tomaszowice.diecezja.lublin.pl\/wp-content\/uploads\/WP_20161231_047-Copy-768x432.jpg 768w, https:\/\/www.tomaszowice.diecezja.lublin.pl\/wp-content\/uploads\/WP_20161231_047-Copy-1024x576.jpg 1024w\" sizes=\"auto, (max-width: 150px) 100vw, 150px\" \/><\/a>\n\t\t\t<\/div><\/figure><figure class='gallery-item'>\n\t\t\t<div class='gallery-icon landscape'>\n\t\t\t\t<a href='https:\/\/www.tomaszowice.diecezja.lublin.pl\/?attachment_id=2775'><img loading=\"lazy\" decoding=\"async\" width=\"150\" height=\"84\" src=\"https:\/\/www.tomaszowice.diecezja.lublin.pl\/wp-content\/uploads\/WP_20161231_048-Copy-150x84.jpg\" class=\"attachment-thumbnail size-thumbnail\" alt=\"\" srcset=\"https:\/\/www.tomaszowice.diecezja.lublin.pl\/wp-content\/uploads\/WP_20161231_048-Copy-150x84.jpg 150w, https:\/\/www.tomaszowice.diecezja.lublin.pl\/wp-content\/uploads\/WP_20161231_048-Copy-300x169.jpg 300w, https:\/\/www.tomaszowice.diecezja.lublin.pl\/wp-content\/uploads\/WP_20161231_048-Copy-768x432.jpg 768w, https:\/\/www.tomaszowice.diecezja.lublin.pl\/wp-content\/uploads\/WP_20161231_048-Copy-1024x576.jpg 1024w\" sizes=\"auto, (max-width: 150px) 100vw, 150px\" \/><\/a>\n\t\t\t<\/div><\/figure><figure class='gallery-item'>\n\t\t\t<div class='gallery-icon landscape'>\n\t\t\t\t<a href='https:\/\/www.tomaszowice.diecezja.lublin.pl\/?attachment_id=2776'><img loading=\"lazy\" decoding=\"async\" width=\"150\" height=\"84\" src=\"https:\/\/www.tomaszowice.diecezja.lublin.pl\/wp-content\/uploads\/WP_20161231_049-Copy-150x84.jpg\" class=\"attachment-thumbnail size-thumbnail\" alt=\"\" srcset=\"https:\/\/www.tomaszowice.diecezja.lublin.pl\/wp-content\/uploads\/WP_20161231_049-Copy-150x84.jpg 150w, https:\/\/www.tomaszowice.diecezja.lublin.pl\/wp-content\/uploads\/WP_20161231_049-Copy-300x169.jpg 300w, https:\/\/www.tomaszowice.diecezja.lublin.pl\/wp-content\/uploads\/WP_20161231_049-Copy-768x432.jpg 768w, https:\/\/www.tomaszowice.diecezja.lublin.pl\/wp-content\/uploads\/WP_20161231_049-Copy-1024x576.jpg 1024w\" sizes=\"auto, (max-width: 150px) 100vw, 150px\" \/><\/a>\n\t\t\t<\/div><\/figure><figure class='gallery-item'>\n\t\t\t<div class='gallery-icon landscape'>\n\t\t\t\t<a href='https:\/\/www.tomaszowice.diecezja.lublin.pl\/?attachment_id=2777'><img loading=\"lazy\" decoding=\"async\" width=\"150\" height=\"84\" src=\"https:\/\/www.tomaszowice.diecezja.lublin.pl\/wp-content\/uploads\/WP_20161231_050-Copy-150x84.jpg\" class=\"attachment-thumbnail size-thumbnail\" alt=\"\" srcset=\"https:\/\/www.tomaszowice.diecezja.lublin.pl\/wp-content\/uploads\/WP_20161231_050-Copy-150x84.jpg 150w, https:\/\/www.tomaszowice.diecezja.lublin.pl\/wp-content\/uploads\/WP_20161231_050-Copy-300x169.jpg 300w, https:\/\/www.tomaszowice.diecezja.lublin.pl\/wp-content\/uploads\/WP_20161231_050-Copy-768x432.jpg 768w, https:\/\/www.tomaszowice.diecezja.lublin.pl\/wp-content\/uploads\/WP_20161231_050-Copy-1024x576.jpg 1024w\" sizes=\"auto, (max-width: 150px) 100vw, 150px\" \/><\/a>\n\t\t\t<\/div><\/figure><figure class='gallery-item'>\n\t\t\t<div class='gallery-icon landscape'>\n\t\t\t\t<a href='https:\/\/www.tomaszowice.diecezja.lublin.pl\/?attachment_id=2778'><img loading=\"lazy\" decoding=\"async\" width=\"150\" height=\"84\" src=\"https:\/\/www.tomaszowice.diecezja.lublin.pl\/wp-content\/uploads\/WP_20161231_052-Copy-150x84.jpg\" class=\"attachment-thumbnail size-thumbnail\" alt=\"\" srcset=\"https:\/\/www.tomaszowice.diecezja.lublin.pl\/wp-content\/uploads\/WP_20161231_052-Copy-150x84.jpg 150w, https:\/\/www.tomaszowice.diecezja.lublin.pl\/wp-content\/uploads\/WP_20161231_052-Copy-300x169.jpg 300w, https:\/\/www.tomaszowice.diecezja.lublin.pl\/wp-content\/uploads\/WP_20161231_052-Copy-768x432.jpg 768w, https:\/\/www.tomaszowice.diecezja.lublin.pl\/wp-content\/uploads\/WP_20161231_052-Copy-1024x576.jpg 1024w\" sizes=\"auto, (max-width: 150px) 100vw, 150px\" \/><\/a>\n\t\t\t<\/div><\/figure><figure class='gallery-item'>\n\t\t\t<div class='gallery-icon landscape'>\n\t\t\t\t<a href='https:\/\/www.tomaszowice.diecezja.lublin.pl\/?attachment_id=2779'><img loading=\"lazy\" decoding=\"async\" width=\"150\" height=\"84\" src=\"https:\/\/www.tomaszowice.diecezja.lublin.pl\/wp-content\/uploads\/WP_20161231_053-Copy-150x84.jpg\" class=\"attachment-thumbnail size-thumbnail\" alt=\"\" srcset=\"https:\/\/www.tomaszowice.diecezja.lublin.pl\/wp-content\/uploads\/WP_20161231_053-Copy-150x84.jpg 150w, https:\/\/www.tomaszowice.diecezja.lublin.pl\/wp-content\/uploads\/WP_20161231_053-Copy-300x169.jpg 300w, https:\/\/www.tomaszowice.diecezja.lublin.pl\/wp-content\/uploads\/WP_20161231_053-Copy-768x432.jpg 768w, https:\/\/www.tomaszowice.diecezja.lublin.pl\/wp-content\/uploads\/WP_20161231_053-Copy-1024x576.jpg 1024w\" sizes=\"auto, (max-width: 150px) 100vw, 150px\" \/><\/a>\n\t\t\t<\/div><\/figure><figure class='gallery-item'>\n\t\t\t<div class='gallery-icon landscape'>\n\t\t\t\t<a href='https:\/\/www.tomaszowice.diecezja.lublin.pl\/?attachment_id=2780'><img loading=\"lazy\" decoding=\"async\" width=\"150\" height=\"84\" src=\"https:\/\/www.tomaszowice.diecezja.lublin.pl\/wp-content\/uploads\/WP_20161231_054-Copy-150x84.jpg\" class=\"attachment-thumbnail size-thumbnail\" alt=\"\" srcset=\"https:\/\/www.tomaszowice.diecezja.lublin.pl\/wp-content\/uploads\/WP_20161231_054-Copy-150x84.jpg 150w, https:\/\/www.tomaszowice.diecezja.lublin.pl\/wp-content\/uploads\/WP_20161231_054-Copy-300x169.jpg 300w, https:\/\/www.tomaszowice.diecezja.lublin.pl\/wp-content\/uploads\/WP_20161231_054-Copy-768x432.jpg 768w, https:\/\/www.tomaszowice.diecezja.lublin.pl\/wp-content\/uploads\/WP_20161231_054-Copy-1024x576.jpg 1024w\" sizes=\"auto, (max-width: 150px) 100vw, 150px\" \/><\/a>\n\t\t\t<\/div><\/figure><figure class='gallery-item'>\n\t\t\t<div class='gallery-icon landscape'>\n\t\t\t\t<a href='https:\/\/www.tomaszowice.diecezja.lublin.pl\/?attachment_id=2781'><img loading=\"lazy\" decoding=\"async\" width=\"150\" height=\"84\" src=\"https:\/\/www.tomaszowice.diecezja.lublin.pl\/wp-content\/uploads\/WP_20161231_055-Copy-150x84.jpg\" class=\"attachment-thumbnail size-thumbnail\" alt=\"\" srcset=\"https:\/\/www.tomaszowice.diecezja.lublin.pl\/wp-content\/uploads\/WP_20161231_055-Copy-150x84.jpg 150w, https:\/\/www.tomaszowice.diecezja.lublin.pl\/wp-content\/uploads\/WP_20161231_055-Copy-300x169.jpg 300w, https:\/\/www.tomaszowice.diecezja.lublin.pl\/wp-content\/uploads\/WP_20161231_055-Copy-768x432.jpg 768w, https:\/\/www.tomaszowice.diecezja.lublin.pl\/wp-content\/uploads\/WP_20161231_055-Copy-1024x576.jpg 1024w\" sizes=\"auto, (max-width: 150px) 100vw, 150px\" \/><\/a>\n\t\t\t<\/div><\/figure><figure class='gallery-item'>\n\t\t\t<div class='gallery-icon landscape'>\n\t\t\t\t<a href='https:\/\/www.tomaszowice.diecezja.lublin.pl\/?attachment_id=2782'><img loading=\"lazy\" decoding=\"async\" width=\"150\" height=\"84\" src=\"https:\/\/www.tomaszowice.diecezja.lublin.pl\/wp-content\/uploads\/WP_20161231_056-Copy-150x84.jpg\" class=\"attachment-thumbnail size-thumbnail\" alt=\"\" srcset=\"https:\/\/www.tomaszowice.diecezja.lublin.pl\/wp-content\/uploads\/WP_20161231_056-Copy-150x84.jpg 150w, https:\/\/www.tomaszowice.diecezja.lublin.pl\/wp-content\/uploads\/WP_20161231_056-Copy-300x169.jpg 300w, https:\/\/www.tomaszowice.diecezja.lublin.pl\/wp-content\/uploads\/WP_20161231_056-Copy-768x432.jpg 768w, https:\/\/www.tomaszowice.diecezja.lublin.pl\/wp-content\/uploads\/WP_20161231_056-Copy-1024x576.jpg 1024w\" sizes=\"auto, (max-width: 150px) 100vw, 150px\" \/><\/a>\n\t\t\t<\/div><\/figure><figure class='gallery-item'>\n\t\t\t<div class='gallery-icon landscape'>\n\t\t\t\t<a href='https:\/\/www.tomaszowice.diecezja.lublin.pl\/?attachment_id=2783'><img loading=\"lazy\" decoding=\"async\" width=\"150\" height=\"84\" src=\"https:\/\/www.tomaszowice.diecezja.lublin.pl\/wp-content\/uploads\/WP_20161231_057-Copy-150x84.jpg\" class=\"attachment-thumbnail size-thumbnail\" alt=\"\" srcset=\"https:\/\/www.tomaszowice.diecezja.lublin.pl\/wp-content\/uploads\/WP_20161231_057-Copy-150x84.jpg 150w, https:\/\/www.tomaszowice.diecezja.lublin.pl\/wp-content\/uploads\/WP_20161231_057-Copy-300x169.jpg 300w, https:\/\/www.tomaszowice.diecezja.lublin.pl\/wp-content\/uploads\/WP_20161231_057-Copy-768x432.jpg 768w, https:\/\/www.tomaszowice.diecezja.lublin.pl\/wp-content\/uploads\/WP_20161231_057-Copy-1024x576.jpg 1024w\" sizes=\"auto, (max-width: 150px) 100vw, 150px\" \/><\/a>\n\t\t\t<\/div><\/figure><figure class='gallery-item'>\n\t\t\t<div class='gallery-icon landscape'>\n\t\t\t\t<a href='https:\/\/www.tomaszowice.diecezja.lublin.pl\/?attachment_id=2784'><img loading=\"lazy\" decoding=\"async\" width=\"150\" height=\"84\" src=\"https:\/\/www.tomaszowice.diecezja.lublin.pl\/wp-content\/uploads\/WP_20161231_058-Copy-150x84.jpg\" class=\"attachment-thumbnail size-thumbnail\" alt=\"\" srcset=\"https:\/\/www.tomaszowice.diecezja.lublin.pl\/wp-content\/uploads\/WP_20161231_058-Copy-150x84.jpg 150w, https:\/\/www.tomaszowice.diecezja.lublin.pl\/wp-content\/uploads\/WP_20161231_058-Copy-300x169.jpg 300w, https:\/\/www.tomaszowice.diecezja.lublin.pl\/wp-content\/uploads\/WP_20161231_058-Copy-768x432.jpg 768w, https:\/\/www.tomaszowice.diecezja.lublin.pl\/wp-content\/uploads\/WP_20161231_058-Copy-1024x576.jpg 1024w\" sizes=\"auto, (max-width: 150px) 100vw, 150px\" \/><\/a>\n\t\t\t<\/div><\/figure><figure class='gallery-item'>\n\t\t\t<div class='gallery-icon landscape'>\n\t\t\t\t<a href='https:\/\/www.tomaszowice.diecezja.lublin.pl\/?attachment_id=2785'><img loading=\"lazy\" decoding=\"async\" width=\"150\" height=\"84\" src=\"https:\/\/www.tomaszowice.diecezja.lublin.pl\/wp-content\/uploads\/WP_20161231_059-Copy-150x84.jpg\" class=\"attachment-thumbnail size-thumbnail\" alt=\"\" srcset=\"https:\/\/www.tomaszowice.diecezja.lublin.pl\/wp-content\/uploads\/WP_20161231_059-Copy-150x84.jpg 150w, https:\/\/www.tomaszowice.diecezja.lublin.pl\/wp-content\/uploads\/WP_20161231_059-Copy-300x169.jpg 300w, https:\/\/www.tomaszowice.diecezja.lublin.pl\/wp-content\/uploads\/WP_20161231_059-Copy-768x432.jpg 768w, https:\/\/www.tomaszowice.diecezja.lublin.pl\/wp-content\/uploads\/WP_20161231_059-Copy-1024x576.jpg 1024w\" sizes=\"auto, (max-width: 150px) 100vw, 150px\" \/><\/a>\n\t\t\t<\/div><\/figure><figure class='gallery-item'>\n\t\t\t<div class='gallery-icon landscape'>\n\t\t\t\t<a href='https:\/\/www.tomaszowice.diecezja.lublin.pl\/?attachment_id=2786'><img loading=\"lazy\" decoding=\"async\" width=\"150\" height=\"84\" src=\"https:\/\/www.tomaszowice.diecezja.lublin.pl\/wp-content\/uploads\/WP_20161231_060-Copy-150x84.jpg\" class=\"attachment-thumbnail size-thumbnail\" alt=\"\" srcset=\"https:\/\/www.tomaszowice.diecezja.lublin.pl\/wp-content\/uploads\/WP_20161231_060-Copy-150x84.jpg 150w, https:\/\/www.tomaszowice.diecezja.lublin.pl\/wp-content\/uploads\/WP_20161231_060-Copy-300x169.jpg 300w, https:\/\/www.tomaszowice.diecezja.lublin.pl\/wp-content\/uploads\/WP_20161231_060-Copy-768x432.jpg 768w, https:\/\/www.tomaszowice.diecezja.lublin.pl\/wp-content\/uploads\/WP_20161231_060-Copy-1024x576.jpg 1024w\" sizes=\"auto, (max-width: 150px) 100vw, 150px\" \/><\/a>\n\t\t\t<\/div><\/figure><figure class='gallery-item'>\n\t\t\t<div class='gallery-icon landscape'>\n\t\t\t\t<a href='https:\/\/www.tomaszowice.diecezja.lublin.pl\/?attachment_id=2787'><img loading=\"lazy\" decoding=\"async\" width=\"150\" height=\"84\" src=\"https:\/\/www.tomaszowice.diecezja.lublin.pl\/wp-content\/uploads\/WP_20161231_061-Copy-150x84.jpg\" class=\"attachment-thumbnail size-thumbnail\" alt=\"\" srcset=\"https:\/\/www.tomaszowice.diecezja.lublin.pl\/wp-content\/uploads\/WP_20161231_061-Copy-150x84.jpg 150w, https:\/\/www.tomaszowice.diecezja.lublin.pl\/wp-content\/uploads\/WP_20161231_061-Copy-300x169.jpg 300w, https:\/\/www.tomaszowice.diecezja.lublin.pl\/wp-content\/uploads\/WP_20161231_061-Copy-768x432.jpg 768w, https:\/\/www.tomaszowice.diecezja.lublin.pl\/wp-content\/uploads\/WP_20161231_061-Copy-1024x576.jpg 1024w\" sizes=\"auto, (max-width: 150px) 100vw, 150px\" \/><\/a>\n\t\t\t<\/div><\/figure><figure class='gallery-item'>\n\t\t\t<div class='gallery-icon landscape'>\n\t\t\t\t<a href='https:\/\/www.tomaszowice.diecezja.lublin.pl\/?attachment_id=2788'><img loading=\"lazy\" decoding=\"async\" width=\"150\" height=\"84\" src=\"https:\/\/www.tomaszowice.diecezja.lublin.pl\/wp-content\/uploads\/WP_20161231_062-Copy-150x84.jpg\" class=\"attachment-thumbnail size-thumbnail\" alt=\"\" srcset=\"https:\/\/www.tomaszowice.diecezja.lublin.pl\/wp-content\/uploads\/WP_20161231_062-Copy-150x84.jpg 150w, https:\/\/www.tomaszowice.diecezja.lublin.pl\/wp-content\/uploads\/WP_20161231_062-Copy-300x169.jpg 300w, https:\/\/www.tomaszowice.diecezja.lublin.pl\/wp-content\/uploads\/WP_20161231_062-Copy-768x432.jpg 768w, https:\/\/www.tomaszowice.diecezja.lublin.pl\/wp-content\/uploads\/WP_20161231_062-Copy-1024x576.jpg 1024w\" sizes=\"auto, (max-width: 150px) 100vw, 150px\" \/><\/a>\n\t\t\t<\/div><\/figure><figure class='gallery-item'>\n\t\t\t<div class='gallery-icon landscape'>\n\t\t\t\t<a href='https:\/\/www.tomaszowice.diecezja.lublin.pl\/?attachment_id=2789'><img loading=\"lazy\" decoding=\"async\" width=\"150\" height=\"84\" src=\"https:\/\/www.tomaszowice.diecezja.lublin.pl\/wp-content\/uploads\/WP_20161231_063-Copy-150x84.jpg\" class=\"attachment-thumbnail size-thumbnail\" alt=\"\" srcset=\"https:\/\/www.tomaszowice.diecezja.lublin.pl\/wp-content\/uploads\/WP_20161231_063-Copy-150x84.jpg 150w, https:\/\/www.tomaszowice.diecezja.lublin.pl\/wp-content\/uploads\/WP_20161231_063-Copy-300x169.jpg 300w, https:\/\/www.tomaszowice.diecezja.lublin.pl\/wp-content\/uploads\/WP_20161231_063-Copy-768x432.jpg 768w, https:\/\/www.tomaszowice.diecezja.lublin.pl\/wp-content\/uploads\/WP_20161231_063-Copy-1024x576.jpg 1024w\" sizes=\"auto, (max-width: 150px) 100vw, 150px\" \/><\/a>\n\t\t\t<\/div><\/figure><figure class='gallery-item'>\n\t\t\t<div class='gallery-icon landscape'>\n\t\t\t\t<a href='https:\/\/www.tomaszowice.diecezja.lublin.pl\/?attachment_id=2790'><img loading=\"lazy\" decoding=\"async\" width=\"150\" height=\"84\" src=\"https:\/\/www.tomaszowice.diecezja.lublin.pl\/wp-content\/uploads\/WP_20161231_064-Copy-150x84.jpg\" class=\"attachment-thumbnail size-thumbnail\" alt=\"\" srcset=\"https:\/\/www.tomaszowice.diecezja.lublin.pl\/wp-content\/uploads\/WP_20161231_064-Copy-150x84.jpg 150w, https:\/\/www.tomaszowice.diecezja.lublin.pl\/wp-content\/uploads\/WP_20161231_064-Copy-300x169.jpg 300w, https:\/\/www.tomaszowice.diecezja.lublin.pl\/wp-content\/uploads\/WP_20161231_064-Copy-768x432.jpg 768w, https:\/\/www.tomaszowice.diecezja.lublin.pl\/wp-content\/uploads\/WP_20161231_064-Copy-1024x576.jpg 1024w\" sizes=\"auto, (max-width: 150px) 100vw, 150px\" \/><\/a>\n\t\t\t<\/div><\/figure><figure class='gallery-item'>\n\t\t\t<div class='gallery-icon landscape'>\n\t\t\t\t<a href='https:\/\/www.tomaszowice.diecezja.lublin.pl\/?attachment_id=2791'><img loading=\"lazy\" decoding=\"async\" width=\"150\" height=\"84\" src=\"https:\/\/www.tomaszowice.diecezja.lublin.pl\/wp-content\/uploads\/WP_20161231_065-Copy-150x84.jpg\" class=\"attachment-thumbnail size-thumbnail\" alt=\"\" srcset=\"https:\/\/www.tomaszowice.diecezja.lublin.pl\/wp-content\/uploads\/WP_20161231_065-Copy-150x84.jpg 150w, https:\/\/www.tomaszowice.diecezja.lublin.pl\/wp-content\/uploads\/WP_20161231_065-Copy-300x169.jpg 300w, https:\/\/www.tomaszowice.diecezja.lublin.pl\/wp-content\/uploads\/WP_20161231_065-Copy-768x432.jpg 768w, https:\/\/www.tomaszowice.diecezja.lublin.pl\/wp-content\/uploads\/WP_20161231_065-Copy-1024x576.jpg 1024w\" sizes=\"auto, (max-width: 150px) 100vw, 150px\" \/><\/a>\n\t\t\t<\/div><\/figure><figure class='gallery-item'>\n\t\t\t<div class='gallery-icon landscape'>\n\t\t\t\t<a href='https:\/\/www.tomaszowice.diecezja.lublin.pl\/?attachment_id=2792'><img loading=\"lazy\" decoding=\"async\" width=\"150\" height=\"84\" src=\"https:\/\/www.tomaszowice.diecezja.lublin.pl\/wp-content\/uploads\/WP_20161231_066-Copy-150x84.jpg\" class=\"attachment-thumbnail size-thumbnail\" alt=\"\" srcset=\"https:\/\/www.tomaszowice.diecezja.lublin.pl\/wp-content\/uploads\/WP_20161231_066-Copy-150x84.jpg 150w, https:\/\/www.tomaszowice.diecezja.lublin.pl\/wp-content\/uploads\/WP_20161231_066-Copy-300x169.jpg 300w, https:\/\/www.tomaszowice.diecezja.lublin.pl\/wp-content\/uploads\/WP_20161231_066-Copy-768x432.jpg 768w, https:\/\/www.tomaszowice.diecezja.lublin.pl\/wp-content\/uploads\/WP_20161231_066-Copy-1024x576.jpg 1024w\" sizes=\"auto, (max-width: 150px) 100vw, 150px\" \/><\/a>\n\t\t\t<\/div><\/figure><figure class='gallery-item'>\n\t\t\t<div class='gallery-icon landscape'>\n\t\t\t\t<a href='https:\/\/www.tomaszowice.diecezja.lublin.pl\/?attachment_id=2793'><img loading=\"lazy\" decoding=\"async\" width=\"150\" height=\"84\" src=\"https:\/\/www.tomaszowice.diecezja.lublin.pl\/wp-content\/uploads\/WP_20161231_067-Copy-150x84.jpg\" class=\"attachment-thumbnail size-thumbnail\" alt=\"\" srcset=\"https:\/\/www.tomaszowice.diecezja.lublin.pl\/wp-content\/uploads\/WP_20161231_067-Copy-150x84.jpg 150w, https:\/\/www.tomaszowice.diecezja.lublin.pl\/wp-content\/uploads\/WP_20161231_067-Copy-300x169.jpg 300w, https:\/\/www.tomaszowice.diecezja.lublin.pl\/wp-content\/uploads\/WP_20161231_067-Copy-768x432.jpg 768w, https:\/\/www.tomaszowice.diecezja.lublin.pl\/wp-content\/uploads\/WP_20161231_067-Copy-1024x576.jpg 1024w\" sizes=\"auto, (max-width: 150px) 100vw, 150px\" \/><\/a>\n\t\t\t<\/div><\/figure><figure class='gallery-item'>\n\t\t\t<div class='gallery-icon landscape'>\n\t\t\t\t<a href='https:\/\/www.tomaszowice.diecezja.lublin.pl\/?attachment_id=2794'><img loading=\"lazy\" decoding=\"async\" width=\"150\" height=\"84\" src=\"https:\/\/www.tomaszowice.diecezja.lublin.pl\/wp-content\/uploads\/WP_20161231_068-Copy-150x84.jpg\" class=\"attachment-thumbnail size-thumbnail\" alt=\"\" srcset=\"https:\/\/www.tomaszowice.diecezja.lublin.pl\/wp-content\/uploads\/WP_20161231_068-Copy-150x84.jpg 150w, https:\/\/www.tomaszowice.diecezja.lublin.pl\/wp-content\/uploads\/WP_20161231_068-Copy-300x169.jpg 300w, https:\/\/www.tomaszowice.diecezja.lublin.pl\/wp-content\/uploads\/WP_20161231_068-Copy-768x432.jpg 768w, https:\/\/www.tomaszowice.diecezja.lublin.pl\/wp-content\/uploads\/WP_20161231_068-Copy-1024x576.jpg 1024w\" sizes=\"auto, (max-width: 150px) 100vw, 150px\" \/><\/a>\n\t\t\t<\/div><\/figure><figure class='gallery-item'>\n\t\t\t<div class='gallery-icon landscape'>\n\t\t\t\t<a href='https:\/\/www.tomaszowice.diecezja.lublin.pl\/?attachment_id=2795'><img loading=\"lazy\" decoding=\"async\" width=\"150\" height=\"84\" src=\"https:\/\/www.tomaszowice.diecezja.lublin.pl\/wp-content\/uploads\/WP_20161231_069-Copy-150x84.jpg\" class=\"attachment-thumbnail size-thumbnail\" alt=\"\" srcset=\"https:\/\/www.tomaszowice.diecezja.lublin.pl\/wp-content\/uploads\/WP_20161231_069-Copy-150x84.jpg 150w, https:\/\/www.tomaszowice.diecezja.lublin.pl\/wp-content\/uploads\/WP_20161231_069-Copy-300x169.jpg 300w, https:\/\/www.tomaszowice.diecezja.lublin.pl\/wp-content\/uploads\/WP_20161231_069-Copy-768x432.jpg 768w, https:\/\/www.tomaszowice.diecezja.lublin.pl\/wp-content\/uploads\/WP_20161231_069-Copy-1024x576.jpg 1024w\" sizes=\"auto, (max-width: 150px) 100vw, 150px\" \/><\/a>\n\t\t\t<\/div><\/figure><figure class='gallery-item'>\n\t\t\t<div class='gallery-icon landscape'>\n\t\t\t\t<a href='https:\/\/www.tomaszowice.diecezja.lublin.pl\/?attachment_id=2796'><img loading=\"lazy\" decoding=\"async\" width=\"150\" height=\"84\" src=\"https:\/\/www.tomaszowice.diecezja.lublin.pl\/wp-content\/uploads\/WP_20161231_070-Copy-150x84.jpg\" class=\"attachment-thumbnail size-thumbnail\" alt=\"\" srcset=\"https:\/\/www.tomaszowice.diecezja.lublin.pl\/wp-content\/uploads\/WP_20161231_070-Copy-150x84.jpg 150w, https:\/\/www.tomaszowice.diecezja.lublin.pl\/wp-content\/uploads\/WP_20161231_070-Copy-300x169.jpg 300w, https:\/\/www.tomaszowice.diecezja.lublin.pl\/wp-content\/uploads\/WP_20161231_070-Copy-768x432.jpg 768w, https:\/\/www.tomaszowice.diecezja.lublin.pl\/wp-content\/uploads\/WP_20161231_070-Copy-1024x576.jpg 1024w\" sizes=\"auto, (max-width: 150px) 100vw, 150px\" \/><\/a>\n\t\t\t<\/div><\/figure><figure class='gallery-item'>\n\t\t\t<div class='gallery-icon landscape'>\n\t\t\t\t<a href='https:\/\/www.tomaszowice.diecezja.lublin.pl\/?attachment_id=2797'><img loading=\"lazy\" decoding=\"async\" width=\"150\" height=\"84\" src=\"https:\/\/www.tomaszowice.diecezja.lublin.pl\/wp-content\/uploads\/WP_20161231_071-Copy-150x84.jpg\" class=\"attachment-thumbnail size-thumbnail\" alt=\"\" srcset=\"https:\/\/www.tomaszowice.diecezja.lublin.pl\/wp-content\/uploads\/WP_20161231_071-Copy-150x84.jpg 150w, https:\/\/www.tomaszowice.diecezja.lublin.pl\/wp-content\/uploads\/WP_20161231_071-Copy-300x169.jpg 300w, https:\/\/www.tomaszowice.diecezja.lublin.pl\/wp-content\/uploads\/WP_20161231_071-Copy-768x432.jpg 768w, https:\/\/www.tomaszowice.diecezja.lublin.pl\/wp-content\/uploads\/WP_20161231_071-Copy-1024x576.jpg 1024w\" sizes=\"auto, (max-width: 150px) 100vw, 150px\" \/><\/a>\n\t\t\t<\/div><\/figure><figure class='gallery-item'>\n\t\t\t<div class='gallery-icon landscape'>\n\t\t\t\t<a href='https:\/\/www.tomaszowice.diecezja.lublin.pl\/?attachment_id=2798'><img loading=\"lazy\" decoding=\"async\" width=\"150\" height=\"84\" src=\"https:\/\/www.tomaszowice.diecezja.lublin.pl\/wp-content\/uploads\/WP_20161231_073-Copy-150x84.jpg\" class=\"attachment-thumbnail size-thumbnail\" alt=\"\" srcset=\"https:\/\/www.tomaszowice.diecezja.lublin.pl\/wp-content\/uploads\/WP_20161231_073-Copy-150x84.jpg 150w, https:\/\/www.tomaszowice.diecezja.lublin.pl\/wp-content\/uploads\/WP_20161231_073-Copy-300x169.jpg 300w, https:\/\/www.tomaszowice.diecezja.lublin.pl\/wp-content\/uploads\/WP_20161231_073-Copy-768x432.jpg 768w, https:\/\/www.tomaszowice.diecezja.lublin.pl\/wp-content\/uploads\/WP_20161231_073-Copy-1024x576.jpg 1024w\" sizes=\"auto, (max-width: 150px) 100vw, 150px\" \/><\/a>\n\t\t\t<\/div><\/figure><figure class='gallery-item'>\n\t\t\t<div class='gallery-icon landscape'>\n\t\t\t\t<a href='https:\/\/www.tomaszowice.diecezja.lublin.pl\/?attachment_id=2799'><img loading=\"lazy\" decoding=\"async\" width=\"150\" height=\"84\" src=\"https:\/\/www.tomaszowice.diecezja.lublin.pl\/wp-content\/uploads\/WP_20161231_074-Copy-150x84.jpg\" class=\"attachment-thumbnail size-thumbnail\" alt=\"\" srcset=\"https:\/\/www.tomaszowice.diecezja.lublin.pl\/wp-content\/uploads\/WP_20161231_074-Copy-150x84.jpg 150w, https:\/\/www.tomaszowice.diecezja.lublin.pl\/wp-content\/uploads\/WP_20161231_074-Copy-300x169.jpg 300w, https:\/\/www.tomaszowice.diecezja.lublin.pl\/wp-content\/uploads\/WP_20161231_074-Copy-768x432.jpg 768w, https:\/\/www.tomaszowice.diecezja.lublin.pl\/wp-content\/uploads\/WP_20161231_074-Copy-1024x576.jpg 1024w\" sizes=\"auto, (max-width: 150px) 100vw, 150px\" \/><\/a>\n\t\t\t<\/div><\/figure><figure class='gallery-item'>\n\t\t\t<div class='gallery-icon landscape'>\n\t\t\t\t<a href='https:\/\/www.tomaszowice.diecezja.lublin.pl\/?attachment_id=2800'><img loading=\"lazy\" decoding=\"async\" width=\"150\" height=\"84\" src=\"https:\/\/www.tomaszowice.diecezja.lublin.pl\/wp-content\/uploads\/WP_20161231_076-Copy-150x84.jpg\" class=\"attachment-thumbnail size-thumbnail\" alt=\"\" srcset=\"https:\/\/www.tomaszowice.diecezja.lublin.pl\/wp-content\/uploads\/WP_20161231_076-Copy-150x84.jpg 150w, https:\/\/www.tomaszowice.diecezja.lublin.pl\/wp-content\/uploads\/WP_20161231_076-Copy-300x169.jpg 300w, https:\/\/www.tomaszowice.diecezja.lublin.pl\/wp-content\/uploads\/WP_20161231_076-Copy-768x432.jpg 768w, https:\/\/www.tomaszowice.diecezja.lublin.pl\/wp-content\/uploads\/WP_20161231_076-Copy-1024x576.jpg 1024w\" sizes=\"auto, (max-width: 150px) 100vw, 150px\" \/><\/a>\n\t\t\t<\/div><\/figure><figure class='gallery-item'>\n\t\t\t<div class='gallery-icon landscape'>\n\t\t\t\t<a href='https:\/\/www.tomaszowice.diecezja.lublin.pl\/?attachment_id=2801'><img loading=\"lazy\" decoding=\"async\" width=\"150\" height=\"84\" src=\"https:\/\/www.tomaszowice.diecezja.lublin.pl\/wp-content\/uploads\/WP_20161231_077-Copy-150x84.jpg\" class=\"attachment-thumbnail size-thumbnail\" alt=\"\" srcset=\"https:\/\/www.tomaszowice.diecezja.lublin.pl\/wp-content\/uploads\/WP_20161231_077-Copy-150x84.jpg 150w, https:\/\/www.tomaszowice.diecezja.lublin.pl\/wp-content\/uploads\/WP_20161231_077-Copy-300x169.jpg 300w, https:\/\/www.tomaszowice.diecezja.lublin.pl\/wp-content\/uploads\/WP_20161231_077-Copy-768x432.jpg 768w, https:\/\/www.tomaszowice.diecezja.lublin.pl\/wp-content\/uploads\/WP_20161231_077-Copy-1024x576.jpg 1024w\" sizes=\"auto, (max-width: 150px) 100vw, 150px\" \/><\/a>\n\t\t\t<\/div><\/figure><figure class='gallery-item'>\n\t\t\t<div class='gallery-icon landscape'>\n\t\t\t\t<a href='https:\/\/www.tomaszowice.diecezja.lublin.pl\/?attachment_id=2802'><img loading=\"lazy\" decoding=\"async\" width=\"150\" height=\"84\" src=\"https:\/\/www.tomaszowice.diecezja.lublin.pl\/wp-content\/uploads\/WP_20161231_078-Copy-150x84.jpg\" class=\"attachment-thumbnail size-thumbnail\" alt=\"\" srcset=\"https:\/\/www.tomaszowice.diecezja.lublin.pl\/wp-content\/uploads\/WP_20161231_078-Copy-150x84.jpg 150w, https:\/\/www.tomaszowice.diecezja.lublin.pl\/wp-content\/uploads\/WP_20161231_078-Copy-300x169.jpg 300w, https:\/\/www.tomaszowice.diecezja.lublin.pl\/wp-content\/uploads\/WP_20161231_078-Copy-768x432.jpg 768w, https:\/\/www.tomaszowice.diecezja.lublin.pl\/wp-content\/uploads\/WP_20161231_078-Copy-1024x576.jpg 1024w\" sizes=\"auto, (max-width: 150px) 100vw, 150px\" \/><\/a>\n\t\t\t<\/div><\/figure><figure class='gallery-item'>\n\t\t\t<div class='gallery-icon landscape'>\n\t\t\t\t<a href='https:\/\/www.tomaszowice.diecezja.lublin.pl\/?attachment_id=2803'><img loading=\"lazy\" decoding=\"async\" width=\"150\" height=\"84\" src=\"https:\/\/www.tomaszowice.diecezja.lublin.pl\/wp-content\/uploads\/WP_20161231_079-Copy-150x84.jpg\" class=\"attachment-thumbnail size-thumbnail\" alt=\"\" srcset=\"https:\/\/www.tomaszowice.diecezja.lublin.pl\/wp-content\/uploads\/WP_20161231_079-Copy-150x84.jpg 150w, https:\/\/www.tomaszowice.diecezja.lublin.pl\/wp-content\/uploads\/WP_20161231_079-Copy-300x169.jpg 300w, https:\/\/www.tomaszowice.diecezja.lublin.pl\/wp-content\/uploads\/WP_20161231_079-Copy-768x432.jpg 768w, https:\/\/www.tomaszowice.diecezja.lublin.pl\/wp-content\/uploads\/WP_20161231_079-Copy-1024x576.jpg 1024w\" sizes=\"auto, (max-width: 150px) 100vw, 150px\" \/><\/a>\n\t\t\t<\/div><\/figure><figure class='gallery-item'>\n\t\t\t<div class='gallery-icon landscape'>\n\t\t\t\t<a href='https:\/\/www.tomaszowice.diecezja.lublin.pl\/?attachment_id=2804'><img loading=\"lazy\" decoding=\"async\" width=\"150\" height=\"84\" src=\"https:\/\/www.tomaszowice.diecezja.lublin.pl\/wp-content\/uploads\/WP_20161231_080-Copy-150x84.jpg\" class=\"attachment-thumbnail size-thumbnail\" alt=\"\" srcset=\"https:\/\/www.tomaszowice.diecezja.lublin.pl\/wp-content\/uploads\/WP_20161231_080-Copy-150x84.jpg 150w, https:\/\/www.tomaszowice.diecezja.lublin.pl\/wp-content\/uploads\/WP_20161231_080-Copy-300x169.jpg 300w, https:\/\/www.tomaszowice.diecezja.lublin.pl\/wp-content\/uploads\/WP_20161231_080-Copy-768x432.jpg 768w, https:\/\/www.tomaszowice.diecezja.lublin.pl\/wp-content\/uploads\/WP_20161231_080-Copy-1024x576.jpg 1024w\" sizes=\"auto, (max-width: 150px) 100vw, 150px\" \/><\/a>\n\t\t\t<\/div><\/figure><figure class='gallery-item'>\n\t\t\t<div class='gallery-icon landscape'>\n\t\t\t\t<a href='https:\/\/www.tomaszowice.diecezja.lublin.pl\/?attachment_id=2805'><img loading=\"lazy\" decoding=\"async\" width=\"150\" height=\"84\" src=\"https:\/\/www.tomaszowice.diecezja.lublin.pl\/wp-content\/uploads\/WP_20161231_081-Copy-150x84.jpg\" class=\"attachment-thumbnail size-thumbnail\" alt=\"\" srcset=\"https:\/\/www.tomaszowice.diecezja.lublin.pl\/wp-content\/uploads\/WP_20161231_081-Copy-150x84.jpg 150w, https:\/\/www.tomaszowice.diecezja.lublin.pl\/wp-content\/uploads\/WP_20161231_081-Copy-300x169.jpg 300w, https:\/\/www.tomaszowice.diecezja.lublin.pl\/wp-content\/uploads\/WP_20161231_081-Copy-768x432.jpg 768w, https:\/\/www.tomaszowice.diecezja.lublin.pl\/wp-content\/uploads\/WP_20161231_081-Copy-1024x576.jpg 1024w\" sizes=\"auto, (max-width: 150px) 100vw, 150px\" \/><\/a>\n\t\t\t<\/div><\/figure><figure class='gallery-item'>\n\t\t\t<div class='gallery-icon landscape'>\n\t\t\t\t<a href='https:\/\/www.tomaszowice.diecezja.lublin.pl\/?attachment_id=2806'><img loading=\"lazy\" decoding=\"async\" width=\"150\" height=\"84\" src=\"https:\/\/www.tomaszowice.diecezja.lublin.pl\/wp-content\/uploads\/WP_20161231_082-Copy-150x84.jpg\" class=\"attachment-thumbnail size-thumbnail\" alt=\"\" srcset=\"https:\/\/www.tomaszowice.diecezja.lublin.pl\/wp-content\/uploads\/WP_20161231_082-Copy-150x84.jpg 150w, https:\/\/www.tomaszowice.diecezja.lublin.pl\/wp-content\/uploads\/WP_20161231_082-Copy-300x169.jpg 300w, https:\/\/www.tomaszowice.diecezja.lublin.pl\/wp-content\/uploads\/WP_20161231_082-Copy-768x432.jpg 768w, https:\/\/www.tomaszowice.diecezja.lublin.pl\/wp-content\/uploads\/WP_20161231_082-Copy-1024x576.jpg 1024w\" sizes=\"auto, (max-width: 150px) 100vw, 150px\" \/><\/a>\n\t\t\t<\/div><\/figure><figure class='gallery-item'>\n\t\t\t<div class='gallery-icon landscape'>\n\t\t\t\t<a href='https:\/\/www.tomaszowice.diecezja.lublin.pl\/?attachment_id=2807'><img loading=\"lazy\" decoding=\"async\" width=\"150\" height=\"84\" src=\"https:\/\/www.tomaszowice.diecezja.lublin.pl\/wp-content\/uploads\/WP_20161231_083-Copy-150x84.jpg\" class=\"attachment-thumbnail size-thumbnail\" alt=\"\" srcset=\"https:\/\/www.tomaszowice.diecezja.lublin.pl\/wp-content\/uploads\/WP_20161231_083-Copy-150x84.jpg 150w, https:\/\/www.tomaszowice.diecezja.lublin.pl\/wp-content\/uploads\/WP_20161231_083-Copy-300x169.jpg 300w, https:\/\/www.tomaszowice.diecezja.lublin.pl\/wp-content\/uploads\/WP_20161231_083-Copy-768x432.jpg 768w, https:\/\/www.tomaszowice.diecezja.lublin.pl\/wp-content\/uploads\/WP_20161231_083-Copy-1024x576.jpg 1024w\" sizes=\"auto, (max-width: 150px) 100vw, 150px\" \/><\/a>\n\t\t\t<\/div><\/figure><figure class='gallery-item'>\n\t\t\t<div class='gallery-icon landscape'>\n\t\t\t\t<a href='https:\/\/www.tomaszowice.diecezja.lublin.pl\/?attachment_id=2808'><img loading=\"lazy\" decoding=\"async\" width=\"150\" height=\"84\" src=\"https:\/\/www.tomaszowice.diecezja.lublin.pl\/wp-content\/uploads\/WP_20161231_084-Copy-150x84.jpg\" class=\"attachment-thumbnail size-thumbnail\" alt=\"\" srcset=\"https:\/\/www.tomaszowice.diecezja.lublin.pl\/wp-content\/uploads\/WP_20161231_084-Copy-150x84.jpg 150w, https:\/\/www.tomaszowice.diecezja.lublin.pl\/wp-content\/uploads\/WP_20161231_084-Copy-300x169.jpg 300w, https:\/\/www.tomaszowice.diecezja.lublin.pl\/wp-content\/uploads\/WP_20161231_084-Copy-768x432.jpg 768w, https:\/\/www.tomaszowice.diecezja.lublin.pl\/wp-content\/uploads\/WP_20161231_084-Copy-1024x576.jpg 1024w\" sizes=\"auto, (max-width: 150px) 100vw, 150px\" \/><\/a>\n\t\t\t<\/div><\/figure><figure class='gallery-item'>\n\t\t\t<div class='gallery-icon landscape'>\n\t\t\t\t<a href='https:\/\/www.tomaszowice.diecezja.lublin.pl\/?attachment_id=2809'><img loading=\"lazy\" decoding=\"async\" width=\"150\" height=\"84\" src=\"https:\/\/www.tomaszowice.diecezja.lublin.pl\/wp-content\/uploads\/WP_20161231_085-Copy-150x84.jpg\" class=\"attachment-thumbnail size-thumbnail\" alt=\"\" srcset=\"https:\/\/www.tomaszowice.diecezja.lublin.pl\/wp-content\/uploads\/WP_20161231_085-Copy-150x84.jpg 150w, https:\/\/www.tomaszowice.diecezja.lublin.pl\/wp-content\/uploads\/WP_20161231_085-Copy-300x169.jpg 300w, https:\/\/www.tomaszowice.diecezja.lublin.pl\/wp-content\/uploads\/WP_20161231_085-Copy-768x432.jpg 768w, https:\/\/www.tomaszowice.diecezja.lublin.pl\/wp-content\/uploads\/WP_20161231_085-Copy-1024x576.jpg 1024w\" sizes=\"auto, (max-width: 150px) 100vw, 150px\" \/><\/a>\n\t\t\t<\/div><\/figure><figure class='gallery-item'>\n\t\t\t<div class='gallery-icon landscape'>\n\t\t\t\t<a href='https:\/\/www.tomaszowice.diecezja.lublin.pl\/?attachment_id=2810'><img loading=\"lazy\" decoding=\"async\" width=\"150\" height=\"84\" src=\"https:\/\/www.tomaszowice.diecezja.lublin.pl\/wp-content\/uploads\/WP_20161231_086-Copy-150x84.jpg\" class=\"attachment-thumbnail size-thumbnail\" alt=\"\" srcset=\"https:\/\/www.tomaszowice.diecezja.lublin.pl\/wp-content\/uploads\/WP_20161231_086-Copy-150x84.jpg 150w, https:\/\/www.tomaszowice.diecezja.lublin.pl\/wp-content\/uploads\/WP_20161231_086-Copy-300x169.jpg 300w, https:\/\/www.tomaszowice.diecezja.lublin.pl\/wp-content\/uploads\/WP_20161231_086-Copy-768x432.jpg 768w, https:\/\/www.tomaszowice.diecezja.lublin.pl\/wp-content\/uploads\/WP_20161231_086-Copy-1024x576.jpg 1024w\" sizes=\"auto, (max-width: 150px) 100vw, 150px\" \/><\/a>\n\t\t\t<\/div><\/figure><figure class='gallery-item'>\n\t\t\t<div class='gallery-icon landscape'>\n\t\t\t\t<a href='https:\/\/www.tomaszowice.diecezja.lublin.pl\/?attachment_id=2811'><img loading=\"lazy\" decoding=\"async\" width=\"150\" height=\"84\" src=\"https:\/\/www.tomaszowice.diecezja.lublin.pl\/wp-content\/uploads\/WP_20161231_087-Copy-150x84.jpg\" class=\"attachment-thumbnail size-thumbnail\" alt=\"\" srcset=\"https:\/\/www.tomaszowice.diecezja.lublin.pl\/wp-content\/uploads\/WP_20161231_087-Copy-150x84.jpg 150w, https:\/\/www.tomaszowice.diecezja.lublin.pl\/wp-content\/uploads\/WP_20161231_087-Copy-300x169.jpg 300w, https:\/\/www.tomaszowice.diecezja.lublin.pl\/wp-content\/uploads\/WP_20161231_087-Copy-768x432.jpg 768w, https:\/\/www.tomaszowice.diecezja.lublin.pl\/wp-content\/uploads\/WP_20161231_087-Copy-1024x576.jpg 1024w\" sizes=\"auto, (max-width: 150px) 100vw, 150px\" \/><\/a>\n\t\t\t<\/div><\/figure><figure class='gallery-item'>\n\t\t\t<div class='gallery-icon portrait'>\n\t\t\t\t<a href='https:\/\/www.tomaszowice.diecezja.lublin.pl\/?attachment_id=2812'><img loading=\"lazy\" decoding=\"async\" width=\"84\" height=\"150\" src=\"https:\/\/www.tomaszowice.diecezja.lublin.pl\/wp-content\/uploads\/WP_20161231_088-Copy-e1486932620673-84x150.jpg\" class=\"attachment-thumbnail size-thumbnail\" alt=\"\" srcset=\"https:\/\/www.tomaszowice.diecezja.lublin.pl\/wp-content\/uploads\/WP_20161231_088-Copy-e1486932620673-84x150.jpg 84w, https:\/\/www.tomaszowice.diecezja.lublin.pl\/wp-content\/uploads\/WP_20161231_088-Copy-e1486932620673-169x300.jpg 169w, https:\/\/www.tomaszowice.diecezja.lublin.pl\/wp-content\/uploads\/WP_20161231_088-Copy-e1486932620673-768x1365.jpg 768w, https:\/\/www.tomaszowice.diecezja.lublin.pl\/wp-content\/uploads\/WP_20161231_088-Copy-e1486932620673-576x1024.jpg 576w, https:\/\/www.tomaszowice.diecezja.lublin.pl\/wp-content\/uploads\/WP_20161231_088-Copy-e1486932620673.jpg 1728w\" sizes=\"auto, (max-width: 84px) 100vw, 84px\" \/><\/a>\n\t\t\t<\/div><\/figure><figure class='gallery-item'>\n\t\t\t<div class='gallery-icon portrait'>\n\t\t\t\t<a href='https:\/\/www.tomaszowice.diecezja.lublin.pl\/?attachment_id=2813'><img loading=\"lazy\" decoding=\"async\" width=\"84\" height=\"150\" src=\"https:\/\/www.tomaszowice.diecezja.lublin.pl\/wp-content\/uploads\/WP_20161231_089-Copy-e1486932662391-84x150.jpg\" class=\"attachment-thumbnail size-thumbnail\" alt=\"\" srcset=\"https:\/\/www.tomaszowice.diecezja.lublin.pl\/wp-content\/uploads\/WP_20161231_089-Copy-e1486932662391-84x150.jpg 84w, https:\/\/www.tomaszowice.diecezja.lublin.pl\/wp-content\/uploads\/WP_20161231_089-Copy-e1486932662391-169x300.jpg 169w, https:\/\/www.tomaszowice.diecezja.lublin.pl\/wp-content\/uploads\/WP_20161231_089-Copy-e1486932662391-768x1365.jpg 768w, https:\/\/www.tomaszowice.diecezja.lublin.pl\/wp-content\/uploads\/WP_20161231_089-Copy-e1486932662391-576x1024.jpg 576w, https:\/\/www.tomaszowice.diecezja.lublin.pl\/wp-content\/uploads\/WP_20161231_089-Copy-e1486932662391.jpg 1728w\" sizes=\"auto, (max-width: 84px) 100vw, 84px\" \/><\/a>\n\t\t\t<\/div><\/figure><figure class='gallery-item'>\n\t\t\t<div class='gallery-icon portrait'>\n\t\t\t\t<a href='https:\/\/www.tomaszowice.diecezja.lublin.pl\/?attachment_id=2814'><img loading=\"lazy\" decoding=\"async\" width=\"84\" height=\"150\" src=\"https:\/\/www.tomaszowice.diecezja.lublin.pl\/wp-content\/uploads\/WP_20161231_090-Copy-e1486932682722-84x150.jpg\" class=\"attachment-thumbnail size-thumbnail\" alt=\"\" srcset=\"https:\/\/www.tomaszowice.diecezja.lublin.pl\/wp-content\/uploads\/WP_20161231_090-Copy-e1486932682722-84x150.jpg 84w, https:\/\/www.tomaszowice.diecezja.lublin.pl\/wp-content\/uploads\/WP_20161231_090-Copy-e1486932682722-169x300.jpg 169w, https:\/\/www.tomaszowice.diecezja.lublin.pl\/wp-content\/uploads\/WP_20161231_090-Copy-e1486932682722-768x1365.jpg 768w, https:\/\/www.tomaszowice.diecezja.lublin.pl\/wp-content\/uploads\/WP_20161231_090-Copy-e1486932682722-576x1024.jpg 576w, https:\/\/www.tomaszowice.diecezja.lublin.pl\/wp-content\/uploads\/WP_20161231_090-Copy-e1486932682722.jpg 1728w\" sizes=\"auto, (max-width: 84px) 100vw, 84px\" \/><\/a>\n\t\t\t<\/div><\/figure><figure class='gallery-item'>\n\t\t\t<div class='gallery-icon portrait'>\n\t\t\t\t<a href='https:\/\/www.tomaszowice.diecezja.lublin.pl\/?attachment_id=2815'><img loading=\"lazy\" decoding=\"async\" width=\"84\" height=\"150\" src=\"https:\/\/www.tomaszowice.diecezja.lublin.pl\/wp-content\/uploads\/WP_20161231_091-Copy-e1486932698972-84x150.jpg\" class=\"attachment-thumbnail size-thumbnail\" alt=\"\" srcset=\"https:\/\/www.tomaszowice.diecezja.lublin.pl\/wp-content\/uploads\/WP_20161231_091-Copy-e1486932698972-84x150.jpg 84w, https:\/\/www.tomaszowice.diecezja.lublin.pl\/wp-content\/uploads\/WP_20161231_091-Copy-e1486932698972-169x300.jpg 169w, https:\/\/www.tomaszowice.diecezja.lublin.pl\/wp-content\/uploads\/WP_20161231_091-Copy-e1486932698972-768x1365.jpg 768w, https:\/\/www.tomaszowice.diecezja.lublin.pl\/wp-content\/uploads\/WP_20161231_091-Copy-e1486932698972-576x1024.jpg 576w, https:\/\/www.tomaszowice.diecezja.lublin.pl\/wp-content\/uploads\/WP_20161231_091-Copy-e1486932698972.jpg 1728w\" sizes=\"auto, (max-width: 84px) 100vw, 84px\" \/><\/a>\n\t\t\t<\/div><\/figure><figure class='gallery-item'>\n\t\t\t<div class='gallery-icon portrait'>\n\t\t\t\t<a href='https:\/\/www.tomaszowice.diecezja.lublin.pl\/?attachment_id=2816'><img loading=\"lazy\" decoding=\"async\" width=\"84\" height=\"150\" src=\"https:\/\/www.tomaszowice.diecezja.lublin.pl\/wp-content\/uploads\/WP_20161231_092-Copy-e1486932713795-84x150.jpg\" class=\"attachment-thumbnail size-thumbnail\" alt=\"\" srcset=\"https:\/\/www.tomaszowice.diecezja.lublin.pl\/wp-content\/uploads\/WP_20161231_092-Copy-e1486932713795-84x150.jpg 84w, https:\/\/www.tomaszowice.diecezja.lublin.pl\/wp-content\/uploads\/WP_20161231_092-Copy-e1486932713795-169x300.jpg 169w, https:\/\/www.tomaszowice.diecezja.lublin.pl\/wp-content\/uploads\/WP_20161231_092-Copy-e1486932713795-768x1365.jpg 768w, https:\/\/www.tomaszowice.diecezja.lublin.pl\/wp-content\/uploads\/WP_20161231_092-Copy-e1486932713795-576x1024.jpg 576w, https:\/\/www.tomaszowice.diecezja.lublin.pl\/wp-content\/uploads\/WP_20161231_092-Copy-e1486932713795.jpg 1728w\" sizes=\"auto, (max-width: 84px) 100vw, 84px\" \/><\/a>\n\t\t\t<\/div><\/figure><figure class='gallery-item'>\n\t\t\t<div class='gallery-icon portrait'>\n\t\t\t\t<a href='https:\/\/www.tomaszowice.diecezja.lublin.pl\/?attachment_id=2817'><img loading=\"lazy\" decoding=\"async\" width=\"84\" height=\"150\" src=\"https:\/\/www.tomaszowice.diecezja.lublin.pl\/wp-content\/uploads\/WP_20161231_094-Copy-e1486932727106-84x150.jpg\" class=\"attachment-thumbnail size-thumbnail\" alt=\"\" srcset=\"https:\/\/www.tomaszowice.diecezja.lublin.pl\/wp-content\/uploads\/WP_20161231_094-Copy-e1486932727106-84x150.jpg 84w, https:\/\/www.tomaszowice.diecezja.lublin.pl\/wp-content\/uploads\/WP_20161231_094-Copy-e1486932727106-169x300.jpg 169w, https:\/\/www.tomaszowice.diecezja.lublin.pl\/wp-content\/uploads\/WP_20161231_094-Copy-e1486932727106-768x1365.jpg 768w, https:\/\/www.tomaszowice.diecezja.lublin.pl\/wp-content\/uploads\/WP_20161231_094-Copy-e1486932727106-576x1024.jpg 576w, https:\/\/www.tomaszowice.diecezja.lublin.pl\/wp-content\/uploads\/WP_20161231_094-Copy-e1486932727106.jpg 1728w\" sizes=\"auto, (max-width: 84px) 100vw, 84px\" \/><\/a>\n\t\t\t<\/div><\/figure><figure class='gallery-item'>\n\t\t\t<div class='gallery-icon portrait'>\n\t\t\t\t<a href='https:\/\/www.tomaszowice.diecezja.lublin.pl\/?attachment_id=2818'><img loading=\"lazy\" decoding=\"async\" width=\"84\" height=\"150\" src=\"https:\/\/www.tomaszowice.diecezja.lublin.pl\/wp-content\/uploads\/WP_20161231_095-Copy-e1486932744104-84x150.jpg\" class=\"attachment-thumbnail size-thumbnail\" alt=\"\" srcset=\"https:\/\/www.tomaszowice.diecezja.lublin.pl\/wp-content\/uploads\/WP_20161231_095-Copy-e1486932744104-84x150.jpg 84w, https:\/\/www.tomaszowice.diecezja.lublin.pl\/wp-content\/uploads\/WP_20161231_095-Copy-e1486932744104-169x300.jpg 169w, https:\/\/www.tomaszowice.diecezja.lublin.pl\/wp-content\/uploads\/WP_20161231_095-Copy-e1486932744104-768x1365.jpg 768w, https:\/\/www.tomaszowice.diecezja.lublin.pl\/wp-content\/uploads\/WP_20161231_095-Copy-e1486932744104-576x1024.jpg 576w, https:\/\/www.tomaszowice.diecezja.lublin.pl\/wp-content\/uploads\/WP_20161231_095-Copy-e1486932744104.jpg 1728w\" sizes=\"auto, (max-width: 84px) 100vw, 84px\" \/><\/a>\n\t\t\t<\/div><\/figure><figure class='gallery-item'>\n\t\t\t<div class='gallery-icon portrait'>\n\t\t\t\t<a href='https:\/\/www.tomaszowice.diecezja.lublin.pl\/?attachment_id=2819'><img loading=\"lazy\" decoding=\"async\" width=\"84\" height=\"150\" src=\"https:\/\/www.tomaszowice.diecezja.lublin.pl\/wp-content\/uploads\/WP_20161231_096-Copy-e1486932758973-84x150.jpg\" class=\"attachment-thumbnail size-thumbnail\" alt=\"\" srcset=\"https:\/\/www.tomaszowice.diecezja.lublin.pl\/wp-content\/uploads\/WP_20161231_096-Copy-e1486932758973-84x150.jpg 84w, https:\/\/www.tomaszowice.diecezja.lublin.pl\/wp-content\/uploads\/WP_20161231_096-Copy-e1486932758973-169x300.jpg 169w, https:\/\/www.tomaszowice.diecezja.lublin.pl\/wp-content\/uploads\/WP_20161231_096-Copy-e1486932758973-768x1365.jpg 768w, https:\/\/www.tomaszowice.diecezja.lublin.pl\/wp-content\/uploads\/WP_20161231_096-Copy-e1486932758973-576x1024.jpg 576w, https:\/\/www.tomaszowice.diecezja.lublin.pl\/wp-content\/uploads\/WP_20161231_096-Copy-e1486932758973.jpg 1728w\" sizes=\"auto, (max-width: 84px) 100vw, 84px\" \/><\/a>\n\t\t\t<\/div><\/figure><figure class='gallery-item'>\n\t\t\t<div class='gallery-icon portrait'>\n\t\t\t\t<a href='https:\/\/www.tomaszowice.diecezja.lublin.pl\/?attachment_id=2820'><img loading=\"lazy\" decoding=\"async\" width=\"84\" height=\"150\" src=\"https:\/\/www.tomaszowice.diecezja.lublin.pl\/wp-content\/uploads\/WP_20161231_097-Copy-e1486932775649-84x150.jpg\" class=\"attachment-thumbnail size-thumbnail\" alt=\"\" srcset=\"https:\/\/www.tomaszowice.diecezja.lublin.pl\/wp-content\/uploads\/WP_20161231_097-Copy-e1486932775649-84x150.jpg 84w, https:\/\/www.tomaszowice.diecezja.lublin.pl\/wp-content\/uploads\/WP_20161231_097-Copy-e1486932775649-169x300.jpg 169w, https:\/\/www.tomaszowice.diecezja.lublin.pl\/wp-content\/uploads\/WP_20161231_097-Copy-e1486932775649-768x1365.jpg 768w, https:\/\/www.tomaszowice.diecezja.lublin.pl\/wp-content\/uploads\/WP_20161231_097-Copy-e1486932775649-576x1024.jpg 576w, https:\/\/www.tomaszowice.diecezja.lublin.pl\/wp-content\/uploads\/WP_20161231_097-Copy-e1486932775649.jpg 1728w\" sizes=\"auto, (max-width: 84px) 100vw, 84px\" \/><\/a>\n\t\t\t<\/div><\/figure><figure class='gallery-item'>\n\t\t\t<div class='gallery-icon portrait'>\n\t\t\t\t<a href='https:\/\/www.tomaszowice.diecezja.lublin.pl\/?attachment_id=2821'><img loading=\"lazy\" decoding=\"async\" width=\"84\" height=\"150\" src=\"https:\/\/www.tomaszowice.diecezja.lublin.pl\/wp-content\/uploads\/WP_20161231_098-Copy-e1486932799300-84x150.jpg\" class=\"attachment-thumbnail size-thumbnail\" alt=\"\" srcset=\"https:\/\/www.tomaszowice.diecezja.lublin.pl\/wp-content\/uploads\/WP_20161231_098-Copy-e1486932799300-84x150.jpg 84w, https:\/\/www.tomaszowice.diecezja.lublin.pl\/wp-content\/uploads\/WP_20161231_098-Copy-e1486932799300-169x300.jpg 169w, https:\/\/www.tomaszowice.diecezja.lublin.pl\/wp-content\/uploads\/WP_20161231_098-Copy-e1486932799300-768x1365.jpg 768w, https:\/\/www.tomaszowice.diecezja.lublin.pl\/wp-content\/uploads\/WP_20161231_098-Copy-e1486932799300-576x1024.jpg 576w, https:\/\/www.tomaszowice.diecezja.lublin.pl\/wp-content\/uploads\/WP_20161231_098-Copy-e1486932799300.jpg 1728w\" sizes=\"auto, (max-width: 84px) 100vw, 84px\" \/><\/a>\n\t\t\t<\/div><\/figure><figure class='gallery-item'>\n\t\t\t<div class='gallery-icon portrait'>\n\t\t\t\t<a href='https:\/\/www.tomaszowice.diecezja.lublin.pl\/?attachment_id=2822'><img loading=\"lazy\" decoding=\"async\" width=\"84\" height=\"150\" src=\"https:\/\/www.tomaszowice.diecezja.lublin.pl\/wp-content\/uploads\/WP_20161231_099-Copy-e1486932813796-84x150.jpg\" class=\"attachment-thumbnail size-thumbnail\" alt=\"\" srcset=\"https:\/\/www.tomaszowice.diecezja.lublin.pl\/wp-content\/uploads\/WP_20161231_099-Copy-e1486932813796-84x150.jpg 84w, https:\/\/www.tomaszowice.diecezja.lublin.pl\/wp-content\/uploads\/WP_20161231_099-Copy-e1486932813796-169x300.jpg 169w, https:\/\/www.tomaszowice.diecezja.lublin.pl\/wp-content\/uploads\/WP_20161231_099-Copy-e1486932813796-768x1365.jpg 768w, https:\/\/www.tomaszowice.diecezja.lublin.pl\/wp-content\/uploads\/WP_20161231_099-Copy-e1486932813796-576x1024.jpg 576w, https:\/\/www.tomaszowice.diecezja.lublin.pl\/wp-content\/uploads\/WP_20161231_099-Copy-e1486932813796.jpg 1728w\" sizes=\"auto, (max-width: 84px) 100vw, 84px\" \/><\/a>\n\t\t\t<\/div><\/figure><figure class='gallery-item'>\n\t\t\t<div class='gallery-icon landscape'>\n\t\t\t\t<a href='https:\/\/www.tomaszowice.diecezja.lublin.pl\/?attachment_id=2823'><img loading=\"lazy\" decoding=\"async\" width=\"150\" height=\"84\" src=\"https:\/\/www.tomaszowice.diecezja.lublin.pl\/wp-content\/uploads\/WP_20161231_100-Copy-150x84.jpg\" class=\"attachment-thumbnail size-thumbnail\" alt=\"\" srcset=\"https:\/\/www.tomaszowice.diecezja.lublin.pl\/wp-content\/uploads\/WP_20161231_100-Copy-150x84.jpg 150w, https:\/\/www.tomaszowice.diecezja.lublin.pl\/wp-content\/uploads\/WP_20161231_100-Copy-300x169.jpg 300w, https:\/\/www.tomaszowice.diecezja.lublin.pl\/wp-content\/uploads\/WP_20161231_100-Copy-768x432.jpg 768w, https:\/\/www.tomaszowice.diecezja.lublin.pl\/wp-content\/uploads\/WP_20161231_100-Copy-1024x576.jpg 1024w\" sizes=\"auto, (max-width: 150px) 100vw, 150px\" \/><\/a>\n\t\t\t<\/div><\/figure><figure class='gallery-item'>\n\t\t\t<div class='gallery-icon portrait'>\n\t\t\t\t<a href='https:\/\/www.tomaszowice.diecezja.lublin.pl\/?attachment_id=2824'><img loading=\"lazy\" decoding=\"async\" width=\"84\" height=\"150\" src=\"https:\/\/www.tomaszowice.diecezja.lublin.pl\/wp-content\/uploads\/WP_20161231_101-Copy-e1486932829660-84x150.jpg\" class=\"attachment-thumbnail size-thumbnail\" alt=\"\" srcset=\"https:\/\/www.tomaszowice.diecezja.lublin.pl\/wp-content\/uploads\/WP_20161231_101-Copy-e1486932829660-84x150.jpg 84w, https:\/\/www.tomaszowice.diecezja.lublin.pl\/wp-content\/uploads\/WP_20161231_101-Copy-e1486932829660-169x300.jpg 169w, https:\/\/www.tomaszowice.diecezja.lublin.pl\/wp-content\/uploads\/WP_20161231_101-Copy-e1486932829660-768x1365.jpg 768w, https:\/\/www.tomaszowice.diecezja.lublin.pl\/wp-content\/uploads\/WP_20161231_101-Copy-e1486932829660-576x1024.jpg 576w, https:\/\/www.tomaszowice.diecezja.lublin.pl\/wp-content\/uploads\/WP_20161231_101-Copy-e1486932829660.jpg 1728w\" sizes=\"auto, (max-width: 84px) 100vw, 84px\" \/><\/a>\n\t\t\t<\/div><\/figure><figure class='gallery-item'>\n\t\t\t<div class='gallery-icon portrait'>\n\t\t\t\t<a href='https:\/\/www.tomaszowice.diecezja.lublin.pl\/?attachment_id=2825'><img loading=\"lazy\" decoding=\"async\" width=\"84\" height=\"150\" src=\"https:\/\/www.tomaszowice.diecezja.lublin.pl\/wp-content\/uploads\/WP_20161231_102-Copy-e1486932843390-84x150.jpg\" class=\"attachment-thumbnail size-thumbnail\" alt=\"\" srcset=\"https:\/\/www.tomaszowice.diecezja.lublin.pl\/wp-content\/uploads\/WP_20161231_102-Copy-e1486932843390-84x150.jpg 84w, https:\/\/www.tomaszowice.diecezja.lublin.pl\/wp-content\/uploads\/WP_20161231_102-Copy-e1486932843390-169x300.jpg 169w, https:\/\/www.tomaszowice.diecezja.lublin.pl\/wp-content\/uploads\/WP_20161231_102-Copy-e1486932843390-768x1365.jpg 768w, https:\/\/www.tomaszowice.diecezja.lublin.pl\/wp-content\/uploads\/WP_20161231_102-Copy-e1486932843390-576x1024.jpg 576w, https:\/\/www.tomaszowice.diecezja.lublin.pl\/wp-content\/uploads\/WP_20161231_102-Copy-e1486932843390.jpg 1728w\" sizes=\"auto, (max-width: 84px) 100vw, 84px\" \/><\/a>\n\t\t\t<\/div><\/figure>\n\t\t<\/div>\n\n<h4>Ognisko (25.06.2016r.)<\/h4>\n<div id='gallery-2' class='gallery galleryid-1851 gallery-columns-3 gallery-size-thumbnail'><figure class='gallery-item'>\n\t\t\t<div class='gallery-icon landscape'>\n\t\t\t\t<a href='https:\/\/www.tomaszowice.diecezja.lublin.pl\/?attachment_id=2317'><img loading=\"lazy\" decoding=\"async\" width=\"150\" height=\"113\" src=\"https:\/\/www.tomaszowice.diecezja.lublin.pl\/wp-content\/uploads\/P1340893-150x113.jpg\" class=\"attachment-thumbnail size-thumbnail\" alt=\"\" srcset=\"https:\/\/www.tomaszowice.diecezja.lublin.pl\/wp-content\/uploads\/P1340893-150x113.jpg 150w, https:\/\/www.tomaszowice.diecezja.lublin.pl\/wp-content\/uploads\/P1340893-300x225.jpg 300w, https:\/\/www.tomaszowice.diecezja.lublin.pl\/wp-content\/uploads\/P1340893-768x576.jpg 768w, https:\/\/www.tomaszowice.diecezja.lublin.pl\/wp-content\/uploads\/P1340893-1024x768.jpg 1024w, https:\/\/www.tomaszowice.diecezja.lublin.pl\/wp-content\/uploads\/P1340893.jpg 1280w\" sizes=\"auto, (max-width: 150px) 100vw, 150px\" \/><\/a>\n\t\t\t<\/div><\/figure><figure class='gallery-item'>\n\t\t\t<div class='gallery-icon landscape'>\n\t\t\t\t<a href='https:\/\/www.tomaszowice.diecezja.lublin.pl\/?attachment_id=2318'><img loading=\"lazy\" decoding=\"async\" width=\"150\" height=\"113\" src=\"https:\/\/www.tomaszowice.diecezja.lublin.pl\/wp-content\/uploads\/P1340894-150x113.jpg\" class=\"attachment-thumbnail size-thumbnail\" alt=\"\" srcset=\"https:\/\/www.tomaszowice.diecezja.lublin.pl\/wp-content\/uploads\/P1340894-150x113.jpg 150w, https:\/\/www.tomaszowice.diecezja.lublin.pl\/wp-content\/uploads\/P1340894-300x225.jpg 300w, https:\/\/www.tomaszowice.diecezja.lublin.pl\/wp-content\/uploads\/P1340894-768x576.jpg 768w, https:\/\/www.tomaszowice.diecezja.lublin.pl\/wp-content\/uploads\/P1340894-1024x768.jpg 1024w, https:\/\/www.tomaszowice.diecezja.lublin.pl\/wp-content\/uploads\/P1340894.jpg 1280w\" sizes=\"auto, (max-width: 150px) 100vw, 150px\" \/><\/a>\n\t\t\t<\/div><\/figure><figure class='gallery-item'>\n\t\t\t<div class='gallery-icon landscape'>\n\t\t\t\t<a href='https:\/\/www.tomaszowice.diecezja.lublin.pl\/?attachment_id=2319'><img loading=\"lazy\" decoding=\"async\" width=\"150\" height=\"113\" src=\"https:\/\/www.tomaszowice.diecezja.lublin.pl\/wp-content\/uploads\/P1340895-150x113.jpg\" class=\"attachment-thumbnail size-thumbnail\" alt=\"\" srcset=\"https:\/\/www.tomaszowice.diecezja.lublin.pl\/wp-content\/uploads\/P1340895-150x113.jpg 150w, https:\/\/www.tomaszowice.diecezja.lublin.pl\/wp-content\/uploads\/P1340895-300x225.jpg 300w, https:\/\/www.tomaszowice.diecezja.lublin.pl\/wp-content\/uploads\/P1340895-768x576.jpg 768w, https:\/\/www.tomaszowice.diecezja.lublin.pl\/wp-content\/uploads\/P1340895-1024x768.jpg 1024w, https:\/\/www.tomaszowice.diecezja.lublin.pl\/wp-content\/uploads\/P1340895.jpg 1280w\" sizes=\"auto, (max-width: 150px) 100vw, 150px\" \/><\/a>\n\t\t\t<\/div><\/figure><figure class='gallery-item'>\n\t\t\t<div class='gallery-icon landscape'>\n\t\t\t\t<a href='https:\/\/www.tomaszowice.diecezja.lublin.pl\/?attachment_id=2320'><img loading=\"lazy\" decoding=\"async\" width=\"150\" height=\"113\" src=\"https:\/\/www.tomaszowice.diecezja.lublin.pl\/wp-content\/uploads\/P1340896-150x113.jpg\" class=\"attachment-thumbnail size-thumbnail\" alt=\"\" srcset=\"https:\/\/www.tomaszowice.diecezja.lublin.pl\/wp-content\/uploads\/P1340896-150x113.jpg 150w, https:\/\/www.tomaszowice.diecezja.lublin.pl\/wp-content\/uploads\/P1340896-300x225.jpg 300w, https:\/\/www.tomaszowice.diecezja.lublin.pl\/wp-content\/uploads\/P1340896-768x576.jpg 768w, https:\/\/www.tomaszowice.diecezja.lublin.pl\/wp-content\/uploads\/P1340896-1024x768.jpg 1024w, https:\/\/www.tomaszowice.diecezja.lublin.pl\/wp-content\/uploads\/P1340896.jpg 1280w\" sizes=\"auto, (max-width: 150px) 100vw, 150px\" \/><\/a>\n\t\t\t<\/div><\/figure><figure class='gallery-item'>\n\t\t\t<div class='gallery-icon landscape'>\n\t\t\t\t<a href='https:\/\/www.tomaszowice.diecezja.lublin.pl\/?attachment_id=2321'><img loading=\"lazy\" decoding=\"async\" width=\"150\" height=\"113\" src=\"https:\/\/www.tomaszowice.diecezja.lublin.pl\/wp-content\/uploads\/P1340897-150x113.jpg\" class=\"attachment-thumbnail size-thumbnail\" alt=\"\" srcset=\"https:\/\/www.tomaszowice.diecezja.lublin.pl\/wp-content\/uploads\/P1340897-150x113.jpg 150w, https:\/\/www.tomaszowice.diecezja.lublin.pl\/wp-content\/uploads\/P1340897-300x225.jpg 300w, https:\/\/www.tomaszowice.diecezja.lublin.pl\/wp-content\/uploads\/P1340897-768x576.jpg 768w, https:\/\/www.tomaszowice.diecezja.lublin.pl\/wp-content\/uploads\/P1340897-1024x768.jpg 1024w, https:\/\/www.tomaszowice.diecezja.lublin.pl\/wp-content\/uploads\/P1340897.jpg 1280w\" sizes=\"auto, (max-width: 150px) 100vw, 150px\" \/><\/a>\n\t\t\t<\/div><\/figure><figure class='gallery-item'>\n\t\t\t<div class='gallery-icon landscape'>\n\t\t\t\t<a href='https:\/\/www.tomaszowice.diecezja.lublin.pl\/?attachment_id=2322'><img loading=\"lazy\" decoding=\"async\" width=\"150\" height=\"113\" src=\"https:\/\/www.tomaszowice.diecezja.lublin.pl\/wp-content\/uploads\/P1340898-150x113.jpg\" class=\"attachment-thumbnail size-thumbnail\" alt=\"\" srcset=\"https:\/\/www.tomaszowice.diecezja.lublin.pl\/wp-content\/uploads\/P1340898-150x113.jpg 150w, https:\/\/www.tomaszowice.diecezja.lublin.pl\/wp-content\/uploads\/P1340898-300x225.jpg 300w, https:\/\/www.tomaszowice.diecezja.lublin.pl\/wp-content\/uploads\/P1340898-768x576.jpg 768w, https:\/\/www.tomaszowice.diecezja.lublin.pl\/wp-content\/uploads\/P1340898-1024x768.jpg 1024w, https:\/\/www.tomaszowice.diecezja.lublin.pl\/wp-content\/uploads\/P1340898.jpg 1280w\" sizes=\"auto, (max-width: 150px) 100vw, 150px\" \/><\/a>\n\t\t\t<\/div><\/figure><figure class='gallery-item'>\n\t\t\t<div class='gallery-icon landscape'>\n\t\t\t\t<a href='https:\/\/www.tomaszowice.diecezja.lublin.pl\/?attachment_id=2323'><img loading=\"lazy\" decoding=\"async\" width=\"150\" height=\"113\" src=\"https:\/\/www.tomaszowice.diecezja.lublin.pl\/wp-content\/uploads\/P1340891-150x113.jpg\" class=\"attachment-thumbnail size-thumbnail\" alt=\"\" srcset=\"https:\/\/www.tomaszowice.diecezja.lublin.pl\/wp-content\/uploads\/P1340891-150x113.jpg 150w, https:\/\/www.tomaszowice.diecezja.lublin.pl\/wp-content\/uploads\/P1340891-300x225.jpg 300w, https:\/\/www.tomaszowice.diecezja.lublin.pl\/wp-content\/uploads\/P1340891-768x576.jpg 768w, https:\/\/www.tomaszowice.diecezja.lublin.pl\/wp-content\/uploads\/P1340891-1024x768.jpg 1024w, https:\/\/www.tomaszowice.diecezja.lublin.pl\/wp-content\/uploads\/P1340891.jpg 1280w\" sizes=\"auto, (max-width: 150px) 100vw, 150px\" \/><\/a>\n\t\t\t<\/div><\/figure><figure class='gallery-item'>\n\t\t\t<div class='gallery-icon landscape'>\n\t\t\t\t<a href='https:\/\/www.tomaszowice.diecezja.lublin.pl\/?attachment_id=2324'><img loading=\"lazy\" decoding=\"async\" width=\"150\" height=\"113\" src=\"https:\/\/www.tomaszowice.diecezja.lublin.pl\/wp-content\/uploads\/P1340892-150x113.jpg\" class=\"attachment-thumbnail size-thumbnail\" alt=\"\" srcset=\"https:\/\/www.tomaszowice.diecezja.lublin.pl\/wp-content\/uploads\/P1340892-150x113.jpg 150w, https:\/\/www.tomaszowice.diecezja.lublin.pl\/wp-content\/uploads\/P1340892-300x225.jpg 300w, https:\/\/www.tomaszowice.diecezja.lublin.pl\/wp-content\/uploads\/P1340892-768x576.jpg 768w, https:\/\/www.tomaszowice.diecezja.lublin.pl\/wp-content\/uploads\/P1340892-1024x768.jpg 1024w, https:\/\/www.tomaszowice.diecezja.lublin.pl\/wp-content\/uploads\/P1340892.jpg 1280w\" sizes=\"auto, (max-width: 150px) 100vw, 150px\" \/><\/a>\n\t\t\t<\/div><\/figure>\n\t\t<\/div>\n\n<h4>Zabawa choinkowa (16.01.2016r.)<\/h4>\n<div id='gallery-3' class='gallery galleryid-1851 gallery-columns-3 gallery-size-thumbnail'><figure class='gallery-item'>\n\t\t\t<div class='gallery-icon landscape'>\n\t\t\t\t<a href='https:\/\/www.tomaszowice.diecezja.lublin.pl\/?attachment_id=2022'><img loading=\"lazy\" decoding=\"async\" width=\"150\" height=\"113\" src=\"https:\/\/www.tomaszowice.diecezja.lublin.pl\/wp-content\/uploads\/P1340328-150x113.jpg\" class=\"attachment-thumbnail size-thumbnail\" alt=\"\" srcset=\"https:\/\/www.tomaszowice.diecezja.lublin.pl\/wp-content\/uploads\/P1340328-150x113.jpg 150w, https:\/\/www.tomaszowice.diecezja.lublin.pl\/wp-content\/uploads\/P1340328-300x225.jpg 300w, https:\/\/www.tomaszowice.diecezja.lublin.pl\/wp-content\/uploads\/P1340328-768x576.jpg 768w, https:\/\/www.tomaszowice.diecezja.lublin.pl\/wp-content\/uploads\/P1340328-1024x768.jpg 1024w, https:\/\/www.tomaszowice.diecezja.lublin.pl\/wp-content\/uploads\/P1340328.jpg 1600w\" sizes=\"auto, (max-width: 150px) 100vw, 150px\" \/><\/a>\n\t\t\t<\/div><\/figure><figure class='gallery-item'>\n\t\t\t<div class='gallery-icon landscape'>\n\t\t\t\t<a href='https:\/\/www.tomaszowice.diecezja.lublin.pl\/?attachment_id=2023'><img loading=\"lazy\" decoding=\"async\" width=\"150\" height=\"113\" src=\"https:\/\/www.tomaszowice.diecezja.lublin.pl\/wp-content\/uploads\/P1340329-150x113.jpg\" class=\"attachment-thumbnail size-thumbnail\" alt=\"\" srcset=\"https:\/\/www.tomaszowice.diecezja.lublin.pl\/wp-content\/uploads\/P1340329-150x113.jpg 150w, https:\/\/www.tomaszowice.diecezja.lublin.pl\/wp-content\/uploads\/P1340329-300x225.jpg 300w, https:\/\/www.tomaszowice.diecezja.lublin.pl\/wp-content\/uploads\/P1340329-768x576.jpg 768w, https:\/\/www.tomaszowice.diecezja.lublin.pl\/wp-content\/uploads\/P1340329-1024x768.jpg 1024w, https:\/\/www.tomaszowice.diecezja.lublin.pl\/wp-content\/uploads\/P1340329.jpg 1600w\" sizes=\"auto, (max-width: 150px) 100vw, 150px\" \/><\/a>\n\t\t\t<\/div><\/figure><figure class='gallery-item'>\n\t\t\t<div class='gallery-icon landscape'>\n\t\t\t\t<a href='https:\/\/www.tomaszowice.diecezja.lublin.pl\/?attachment_id=2024'><img loading=\"lazy\" decoding=\"async\" width=\"150\" height=\"113\" src=\"https:\/\/www.tomaszowice.diecezja.lublin.pl\/wp-content\/uploads\/P1340330-150x113.jpg\" class=\"attachment-thumbnail size-thumbnail\" alt=\"\" srcset=\"https:\/\/www.tomaszowice.diecezja.lublin.pl\/wp-content\/uploads\/P1340330-150x113.jpg 150w, https:\/\/www.tomaszowice.diecezja.lublin.pl\/wp-content\/uploads\/P1340330-300x225.jpg 300w, https:\/\/www.tomaszowice.diecezja.lublin.pl\/wp-content\/uploads\/P1340330-768x576.jpg 768w, https:\/\/www.tomaszowice.diecezja.lublin.pl\/wp-content\/uploads\/P1340330-1024x768.jpg 1024w, https:\/\/www.tomaszowice.diecezja.lublin.pl\/wp-content\/uploads\/P1340330.jpg 1600w\" sizes=\"auto, (max-width: 150px) 100vw, 150px\" \/><\/a>\n\t\t\t<\/div><\/figure><figure class='gallery-item'>\n\t\t\t<div class='gallery-icon landscape'>\n\t\t\t\t<a href='https:\/\/www.tomaszowice.diecezja.lublin.pl\/?attachment_id=2025'><img loading=\"lazy\" decoding=\"async\" width=\"150\" height=\"113\" src=\"https:\/\/www.tomaszowice.diecezja.lublin.pl\/wp-content\/uploads\/P1340331-150x113.jpg\" class=\"attachment-thumbnail size-thumbnail\" alt=\"\" srcset=\"https:\/\/www.tomaszowice.diecezja.lublin.pl\/wp-content\/uploads\/P1340331-150x113.jpg 150w, https:\/\/www.tomaszowice.diecezja.lublin.pl\/wp-content\/uploads\/P1340331-300x225.jpg 300w, https:\/\/www.tomaszowice.diecezja.lublin.pl\/wp-content\/uploads\/P1340331-768x576.jpg 768w, https:\/\/www.tomaszowice.diecezja.lublin.pl\/wp-content\/uploads\/P1340331-1024x768.jpg 1024w, https:\/\/www.tomaszowice.diecezja.lublin.pl\/wp-content\/uploads\/P1340331.jpg 1600w\" sizes=\"auto, (max-width: 150px) 100vw, 150px\" \/><\/a>\n\t\t\t<\/div><\/figure><figure class='gallery-item'>\n\t\t\t<div class='gallery-icon landscape'>\n\t\t\t\t<a href='https:\/\/www.tomaszowice.diecezja.lublin.pl\/?attachment_id=2026'><img loading=\"lazy\" decoding=\"async\" width=\"150\" height=\"113\" src=\"https:\/\/www.tomaszowice.diecezja.lublin.pl\/wp-content\/uploads\/P1340332-150x113.jpg\" class=\"attachment-thumbnail size-thumbnail\" alt=\"\" srcset=\"https:\/\/www.tomaszowice.diecezja.lublin.pl\/wp-content\/uploads\/P1340332-150x113.jpg 150w, https:\/\/www.tomaszowice.diecezja.lublin.pl\/wp-content\/uploads\/P1340332-300x225.jpg 300w, https:\/\/www.tomaszowice.diecezja.lublin.pl\/wp-content\/uploads\/P1340332-768x576.jpg 768w, https:\/\/www.tomaszowice.diecezja.lublin.pl\/wp-content\/uploads\/P1340332-1024x768.jpg 1024w, https:\/\/www.tomaszowice.diecezja.lublin.pl\/wp-content\/uploads\/P1340332.jpg 1600w\" sizes=\"auto, (max-width: 150px) 100vw, 150px\" \/><\/a>\n\t\t\t<\/div><\/figure><figure class='gallery-item'>\n\t\t\t<div class='gallery-icon landscape'>\n\t\t\t\t<a href='https:\/\/www.tomaszowice.diecezja.lublin.pl\/?attachment_id=2027'><img loading=\"lazy\" decoding=\"async\" width=\"150\" height=\"113\" src=\"https:\/\/www.tomaszowice.diecezja.lublin.pl\/wp-content\/uploads\/P1340333-150x113.jpg\" class=\"attachment-thumbnail size-thumbnail\" alt=\"\" srcset=\"https:\/\/www.tomaszowice.diecezja.lublin.pl\/wp-content\/uploads\/P1340333-150x113.jpg 150w, https:\/\/www.tomaszowice.diecezja.lublin.pl\/wp-content\/uploads\/P1340333-300x225.jpg 300w, https:\/\/www.tomaszowice.diecezja.lublin.pl\/wp-content\/uploads\/P1340333-768x576.jpg 768w, https:\/\/www.tomaszowice.diecezja.lublin.pl\/wp-content\/uploads\/P1340333-1024x768.jpg 1024w, https:\/\/www.tomaszowice.diecezja.lublin.pl\/wp-content\/uploads\/P1340333.jpg 1600w\" sizes=\"auto, (max-width: 150px) 100vw, 150px\" \/><\/a>\n\t\t\t<\/div><\/figure><figure class='gallery-item'>\n\t\t\t<div class='gallery-icon landscape'>\n\t\t\t\t<a href='https:\/\/www.tomaszowice.diecezja.lublin.pl\/?attachment_id=2028'><img loading=\"lazy\" decoding=\"async\" width=\"150\" height=\"113\" src=\"https:\/\/www.tomaszowice.diecezja.lublin.pl\/wp-content\/uploads\/P1340334-150x113.jpg\" class=\"attachment-thumbnail size-thumbnail\" alt=\"\" srcset=\"https:\/\/www.tomaszowice.diecezja.lublin.pl\/wp-content\/uploads\/P1340334-150x113.jpg 150w, https:\/\/www.tomaszowice.diecezja.lublin.pl\/wp-content\/uploads\/P1340334-300x225.jpg 300w, https:\/\/www.tomaszowice.diecezja.lublin.pl\/wp-content\/uploads\/P1340334-768x576.jpg 768w, https:\/\/www.tomaszowice.diecezja.lublin.pl\/wp-content\/uploads\/P1340334-1024x768.jpg 1024w, https:\/\/www.tomaszowice.diecezja.lublin.pl\/wp-content\/uploads\/P1340334.jpg 1600w\" sizes=\"auto, (max-width: 150px) 100vw, 150px\" \/><\/a>\n\t\t\t<\/div><\/figure><figure class='gallery-item'>\n\t\t\t<div class='gallery-icon landscape'>\n\t\t\t\t<a href='https:\/\/www.tomaszowice.diecezja.lublin.pl\/?attachment_id=2029'><img loading=\"lazy\" decoding=\"async\" width=\"150\" height=\"113\" src=\"https:\/\/www.tomaszowice.diecezja.lublin.pl\/wp-content\/uploads\/P1340335-150x113.jpg\" class=\"attachment-thumbnail size-thumbnail\" alt=\"\" srcset=\"https:\/\/www.tomaszowice.diecezja.lublin.pl\/wp-content\/uploads\/P1340335-150x113.jpg 150w, https:\/\/www.tomaszowice.diecezja.lublin.pl\/wp-content\/uploads\/P1340335-300x225.jpg 300w, https:\/\/www.tomaszowice.diecezja.lublin.pl\/wp-content\/uploads\/P1340335-768x576.jpg 768w, https:\/\/www.tomaszowice.diecezja.lublin.pl\/wp-content\/uploads\/P1340335-1024x768.jpg 1024w, https:\/\/www.tomaszowice.diecezja.lublin.pl\/wp-content\/uploads\/P1340335.jpg 1600w\" sizes=\"auto, (max-width: 150px) 100vw, 150px\" \/><\/a>\n\t\t\t<\/div><\/figure><figure class='gallery-item'>\n\t\t\t<div class='gallery-icon landscape'>\n\t\t\t\t<a href='https:\/\/www.tomaszowice.diecezja.lublin.pl\/?attachment_id=2030'><img loading=\"lazy\" decoding=\"async\" width=\"150\" height=\"113\" src=\"https:\/\/www.tomaszowice.diecezja.lublin.pl\/wp-content\/uploads\/P1340336-150x113.jpg\" class=\"attachment-thumbnail size-thumbnail\" alt=\"\" srcset=\"https:\/\/www.tomaszowice.diecezja.lublin.pl\/wp-content\/uploads\/P1340336-150x113.jpg 150w, https:\/\/www.tomaszowice.diecezja.lublin.pl\/wp-content\/uploads\/P1340336-300x225.jpg 300w, https:\/\/www.tomaszowice.diecezja.lublin.pl\/wp-content\/uploads\/P1340336-768x576.jpg 768w, https:\/\/www.tomaszowice.diecezja.lublin.pl\/wp-content\/uploads\/P1340336-1024x768.jpg 1024w, https:\/\/www.tomaszowice.diecezja.lublin.pl\/wp-content\/uploads\/P1340336.jpg 1600w\" sizes=\"auto, (max-width: 150px) 100vw, 150px\" \/><\/a>\n\t\t\t<\/div><\/figure><figure class='gallery-item'>\n\t\t\t<div class='gallery-icon landscape'>\n\t\t\t\t<a href='https:\/\/www.tomaszowice.diecezja.lublin.pl\/?attachment_id=2031'><img loading=\"lazy\" decoding=\"async\" width=\"150\" height=\"113\" src=\"https:\/\/www.tomaszowice.diecezja.lublin.pl\/wp-content\/uploads\/P1340337-150x113.jpg\" class=\"attachment-thumbnail size-thumbnail\" alt=\"\" srcset=\"https:\/\/www.tomaszowice.diecezja.lublin.pl\/wp-content\/uploads\/P1340337-150x113.jpg 150w, https:\/\/www.tomaszowice.diecezja.lublin.pl\/wp-content\/uploads\/P1340337-300x225.jpg 300w, https:\/\/www.tomaszowice.diecezja.lublin.pl\/wp-content\/uploads\/P1340337-768x576.jpg 768w, https:\/\/www.tomaszowice.diecezja.lublin.pl\/wp-content\/uploads\/P1340337-1024x768.jpg 1024w, https:\/\/www.tomaszowice.diecezja.lublin.pl\/wp-content\/uploads\/P1340337.jpg 1600w\" sizes=\"auto, (max-width: 150px) 100vw, 150px\" \/><\/a>\n\t\t\t<\/div><\/figure><figure class='gallery-item'>\n\t\t\t<div class='gallery-icon landscape'>\n\t\t\t\t<a href='https:\/\/www.tomaszowice.diecezja.lublin.pl\/?attachment_id=2032'><img loading=\"lazy\" decoding=\"async\" width=\"150\" height=\"113\" src=\"https:\/\/www.tomaszowice.diecezja.lublin.pl\/wp-content\/uploads\/P1340338-150x113.jpg\" class=\"attachment-thumbnail size-thumbnail\" alt=\"\" srcset=\"https:\/\/www.tomaszowice.diecezja.lublin.pl\/wp-content\/uploads\/P1340338-150x113.jpg 150w, https:\/\/www.tomaszowice.diecezja.lublin.pl\/wp-content\/uploads\/P1340338-300x225.jpg 300w, https:\/\/www.tomaszowice.diecezja.lublin.pl\/wp-content\/uploads\/P1340338-768x576.jpg 768w, https:\/\/www.tomaszowice.diecezja.lublin.pl\/wp-content\/uploads\/P1340338-1024x768.jpg 1024w, https:\/\/www.tomaszowice.diecezja.lublin.pl\/wp-content\/uploads\/P1340338.jpg 1600w\" sizes=\"auto, (max-width: 150px) 100vw, 150px\" \/><\/a>\n\t\t\t<\/div><\/figure><figure class='gallery-item'>\n\t\t\t<div class='gallery-icon landscape'>\n\t\t\t\t<a href='https:\/\/www.tomaszowice.diecezja.lublin.pl\/?attachment_id=2033'><img loading=\"lazy\" decoding=\"async\" width=\"150\" height=\"113\" src=\"https:\/\/www.tomaszowice.diecezja.lublin.pl\/wp-content\/uploads\/P1340339-150x113.jpg\" class=\"attachment-thumbnail size-thumbnail\" alt=\"\" srcset=\"https:\/\/www.tomaszowice.diecezja.lublin.pl\/wp-content\/uploads\/P1340339-150x113.jpg 150w, https:\/\/www.tomaszowice.diecezja.lublin.pl\/wp-content\/uploads\/P1340339-300x225.jpg 300w, https:\/\/www.tomaszowice.diecezja.lublin.pl\/wp-content\/uploads\/P1340339-768x576.jpg 768w, https:\/\/www.tomaszowice.diecezja.lublin.pl\/wp-content\/uploads\/P1340339-1024x768.jpg 1024w, https:\/\/www.tomaszowice.diecezja.lublin.pl\/wp-content\/uploads\/P1340339.jpg 1600w\" sizes=\"auto, (max-width: 150px) 100vw, 150px\" \/><\/a>\n\t\t\t<\/div><\/figure><figure class='gallery-item'>\n\t\t\t<div class='gallery-icon landscape'>\n\t\t\t\t<a href='https:\/\/www.tomaszowice.diecezja.lublin.pl\/?attachment_id=2034'><img loading=\"lazy\" decoding=\"async\" width=\"150\" height=\"113\" src=\"https:\/\/www.tomaszowice.diecezja.lublin.pl\/wp-content\/uploads\/P1340340-150x113.jpg\" class=\"attachment-thumbnail size-thumbnail\" alt=\"\" srcset=\"https:\/\/www.tomaszowice.diecezja.lublin.pl\/wp-content\/uploads\/P1340340-150x113.jpg 150w, https:\/\/www.tomaszowice.diecezja.lublin.pl\/wp-content\/uploads\/P1340340-300x225.jpg 300w, https:\/\/www.tomaszowice.diecezja.lublin.pl\/wp-content\/uploads\/P1340340-768x576.jpg 768w, https:\/\/www.tomaszowice.diecezja.lublin.pl\/wp-content\/uploads\/P1340340-1024x768.jpg 1024w, https:\/\/www.tomaszowice.diecezja.lublin.pl\/wp-content\/uploads\/P1340340.jpg 1600w\" sizes=\"auto, (max-width: 150px) 100vw, 150px\" \/><\/a>\n\t\t\t<\/div><\/figure><figure class='gallery-item'>\n\t\t\t<div class='gallery-icon landscape'>\n\t\t\t\t<a href='https:\/\/www.tomaszowice.diecezja.lublin.pl\/?attachment_id=2020'><img loading=\"lazy\" decoding=\"async\" width=\"150\" height=\"113\" src=\"https:\/\/www.tomaszowice.diecezja.lublin.pl\/wp-content\/uploads\/P1340342-150x113.jpg\" class=\"attachment-thumbnail size-thumbnail\" alt=\"\" srcset=\"https:\/\/www.tomaszowice.diecezja.lublin.pl\/wp-content\/uploads\/P1340342-150x113.jpg 150w, https:\/\/www.tomaszowice.diecezja.lublin.pl\/wp-content\/uploads\/P1340342-300x225.jpg 300w, https:\/\/www.tomaszowice.diecezja.lublin.pl\/wp-content\/uploads\/P1340342-768x576.jpg 768w, https:\/\/www.tomaszowice.diecezja.lublin.pl\/wp-content\/uploads\/P1340342-1024x768.jpg 1024w, https:\/\/www.tomaszowice.diecezja.lublin.pl\/wp-content\/uploads\/P1340342.jpg 1600w\" sizes=\"auto, (max-width: 150px) 100vw, 150px\" \/><\/a>\n\t\t\t<\/div><\/figure><figure class='gallery-item'>\n\t\t\t<div class='gallery-icon portrait'>\n\t\t\t\t<a href='https:\/\/www.tomaszowice.diecezja.lublin.pl\/?attachment_id=2021'><img loading=\"lazy\" decoding=\"async\" width=\"113\" height=\"150\" src=\"https:\/\/www.tomaszowice.diecezja.lublin.pl\/wp-content\/uploads\/P1340344-113x150.jpg\" class=\"attachment-thumbnail size-thumbnail\" alt=\"\" srcset=\"https:\/\/www.tomaszowice.diecezja.lublin.pl\/wp-content\/uploads\/P1340344-113x150.jpg 113w, https:\/\/www.tomaszowice.diecezja.lublin.pl\/wp-content\/uploads\/P1340344-225x300.jpg 225w, https:\/\/www.tomaszowice.diecezja.lublin.pl\/wp-content\/uploads\/P1340344-768x1024.jpg 768w, https:\/\/www.tomaszowice.diecezja.lublin.pl\/wp-content\/uploads\/P1340344.jpg 1200w\" sizes=\"auto, (max-width: 113px) 100vw, 113px\" \/><\/a>\n\t\t\t<\/div><\/figure><figure class='gallery-item'>\n\t\t\t<div class='gallery-icon landscape'>\n\t\t\t\t<a href='https:\/\/www.tomaszowice.diecezja.lublin.pl\/?attachment_id=2035'><img loading=\"lazy\" decoding=\"async\" width=\"150\" height=\"113\" src=\"https:\/\/www.tomaszowice.diecezja.lublin.pl\/wp-content\/uploads\/P1340341-150x113.jpg\" class=\"attachment-thumbnail size-thumbnail\" alt=\"\" srcset=\"https:\/\/www.tomaszowice.diecezja.lublin.pl\/wp-content\/uploads\/P1340341-150x113.jpg 150w, https:\/\/www.tomaszowice.diecezja.lublin.pl\/wp-content\/uploads\/P1340341-300x225.jpg 300w, https:\/\/www.tomaszowice.diecezja.lublin.pl\/wp-content\/uploads\/P1340341-768x576.jpg 768w, https:\/\/www.tomaszowice.diecezja.lublin.pl\/wp-content\/uploads\/P1340341-1024x768.jpg 1024w, https:\/\/www.tomaszowice.diecezja.lublin.pl\/wp-content\/uploads\/P1340341.jpg 1600w\" sizes=\"auto, (max-width: 150px) 100vw, 150px\" \/><\/a>\n\t\t\t<\/div><\/figure><figure class='gallery-item'>\n\t\t\t<div class='gallery-icon landscape'>\n\t\t\t\t<a href='https:\/\/www.tomaszowice.diecezja.lublin.pl\/?attachment_id=2079'><img loading=\"lazy\" decoding=\"async\" width=\"150\" height=\"84\" src=\"https:\/\/www.tomaszowice.diecezja.lublin.pl\/wp-content\/uploads\/WP_20160116_022-150x84.jpg\" class=\"attachment-thumbnail size-thumbnail\" alt=\"\" srcset=\"https:\/\/www.tomaszowice.diecezja.lublin.pl\/wp-content\/uploads\/WP_20160116_022-150x84.jpg 150w, https:\/\/www.tomaszowice.diecezja.lublin.pl\/wp-content\/uploads\/WP_20160116_022-300x169.jpg 300w, https:\/\/www.tomaszowice.diecezja.lublin.pl\/wp-content\/uploads\/WP_20160116_022-768x432.jpg 768w, https:\/\/www.tomaszowice.diecezja.lublin.pl\/wp-content\/uploads\/WP_20160116_022-1024x576.jpg 1024w\" sizes=\"auto, (max-width: 150px) 100vw, 150px\" \/><\/a>\n\t\t\t<\/div><\/figure><figure class='gallery-item'>\n\t\t\t<div class='gallery-icon landscape'>\n\t\t\t\t<a href='https:\/\/www.tomaszowice.diecezja.lublin.pl\/?attachment_id=2080'><img loading=\"lazy\" decoding=\"async\" width=\"150\" height=\"84\" src=\"https:\/\/www.tomaszowice.diecezja.lublin.pl\/wp-content\/uploads\/WP_20160116_004-150x84.jpg\" class=\"attachment-thumbnail size-thumbnail\" alt=\"\" srcset=\"https:\/\/www.tomaszowice.diecezja.lublin.pl\/wp-content\/uploads\/WP_20160116_004-150x84.jpg 150w, https:\/\/www.tomaszowice.diecezja.lublin.pl\/wp-content\/uploads\/WP_20160116_004-300x169.jpg 300w, https:\/\/www.tomaszowice.diecezja.lublin.pl\/wp-content\/uploads\/WP_20160116_004-768x432.jpg 768w, https:\/\/www.tomaszowice.diecezja.lublin.pl\/wp-content\/uploads\/WP_20160116_004-1024x576.jpg 1024w\" sizes=\"auto, (max-width: 150px) 100vw, 150px\" \/><\/a>\n\t\t\t<\/div><\/figure><figure class='gallery-item'>\n\t\t\t<div class='gallery-icon landscape'>\n\t\t\t\t<a href='https:\/\/www.tomaszowice.diecezja.lublin.pl\/?attachment_id=2081'><img loading=\"lazy\" decoding=\"async\" width=\"150\" height=\"84\" src=\"https:\/\/www.tomaszowice.diecezja.lublin.pl\/wp-content\/uploads\/WP_20160116_010-150x84.jpg\" class=\"attachment-thumbnail size-thumbnail\" alt=\"\" srcset=\"https:\/\/www.tomaszowice.diecezja.lublin.pl\/wp-content\/uploads\/WP_20160116_010-150x84.jpg 150w, https:\/\/www.tomaszowice.diecezja.lublin.pl\/wp-content\/uploads\/WP_20160116_010-300x169.jpg 300w, https:\/\/www.tomaszowice.diecezja.lublin.pl\/wp-content\/uploads\/WP_20160116_010-768x432.jpg 768w, https:\/\/www.tomaszowice.diecezja.lublin.pl\/wp-content\/uploads\/WP_20160116_010-1024x576.jpg 1024w\" sizes=\"auto, (max-width: 150px) 100vw, 150px\" \/><\/a>\n\t\t\t<\/div><\/figure>\n\t\t<\/div>\n\n<h4>Ognisko (21.06.2014r.)<\/h4>\n<div id='gallery-4' class='gallery galleryid-1851 gallery-columns-3 gallery-size-thumbnail'><figure class='gallery-item'>\n\t\t\t<div class='gallery-icon landscape'>\n\t\t\t\t<a href='https:\/\/www.tomaszowice.diecezja.lublin.pl\/?attachment_id=1857'><img loading=\"lazy\" decoding=\"async\" width=\"150\" height=\"113\" src=\"https:\/\/www.tomaszowice.diecezja.lublin.pl\/wp-content\/uploads\/P6210654-150x113.jpg\" class=\"attachment-thumbnail size-thumbnail\" alt=\"\" aria-describedby=\"gallery-4-1857\" srcset=\"https:\/\/www.tomaszowice.diecezja.lublin.pl\/wp-content\/uploads\/P6210654-150x113.jpg 150w, https:\/\/www.tomaszowice.diecezja.lublin.pl\/wp-content\/uploads\/P6210654-300x225.jpg 300w, https:\/\/www.tomaszowice.diecezja.lublin.pl\/wp-content\/uploads\/P6210654-768x576.jpg 768w, https:\/\/www.tomaszowice.diecezja.lublin.pl\/wp-content\/uploads\/P6210654-1024x768.jpg 1024w, https:\/\/www.tomaszowice.diecezja.lublin.pl\/wp-content\/uploads\/P6210654.jpg 1600w\" sizes=\"auto, (max-width: 150px) 100vw, 150px\" \/><\/a>\n\t\t\t<\/div>\n\t\t\t\t<figcaption class='wp-caption-text gallery-caption' id='gallery-4-1857'>\n\t\t\t\tOLYMPUS DIGITAL CAMERA\n\t\t\t\t<\/figcaption><\/figure><figure class='gallery-item'>\n\t\t\t<div class='gallery-icon landscape'>\n\t\t\t\t<a href='https:\/\/www.tomaszowice.diecezja.lublin.pl\/?attachment_id=1859'><img loading=\"lazy\" decoding=\"async\" width=\"150\" height=\"113\" src=\"https:\/\/www.tomaszowice.diecezja.lublin.pl\/wp-content\/uploads\/P6210655-150x113.jpg\" class=\"attachment-thumbnail size-thumbnail\" alt=\"\" aria-describedby=\"gallery-4-1859\" srcset=\"https:\/\/www.tomaszowice.diecezja.lublin.pl\/wp-content\/uploads\/P6210655-150x113.jpg 150w, https:\/\/www.tomaszowice.diecezja.lublin.pl\/wp-content\/uploads\/P6210655-300x225.jpg 300w, https:\/\/www.tomaszowice.diecezja.lublin.pl\/wp-content\/uploads\/P6210655-768x576.jpg 768w, https:\/\/www.tomaszowice.diecezja.lublin.pl\/wp-content\/uploads\/P6210655-1024x768.jpg 1024w, https:\/\/www.tomaszowice.diecezja.lublin.pl\/wp-content\/uploads\/P6210655.jpg 1600w\" sizes=\"auto, (max-width: 150px) 100vw, 150px\" \/><\/a>\n\t\t\t<\/div>\n\t\t\t\t<figcaption class='wp-caption-text gallery-caption' id='gallery-4-1859'>\n\t\t\t\tOLYMPUS DIGITAL CAMERA\n\t\t\t\t<\/figcaption><\/figure><figure class='gallery-item'>\n\t\t\t<div class='gallery-icon landscape'>\n\t\t\t\t<a href='https:\/\/www.tomaszowice.diecezja.lublin.pl\/?attachment_id=1860'><img loading=\"lazy\" decoding=\"async\" width=\"150\" height=\"113\" src=\"https:\/\/www.tomaszowice.diecezja.lublin.pl\/wp-content\/uploads\/P6210656-150x113.jpg\" class=\"attachment-thumbnail size-thumbnail\" alt=\"\" aria-describedby=\"gallery-4-1860\" srcset=\"https:\/\/www.tomaszowice.diecezja.lublin.pl\/wp-content\/uploads\/P6210656-150x113.jpg 150w, https:\/\/www.tomaszowice.diecezja.lublin.pl\/wp-content\/uploads\/P6210656-300x225.jpg 300w, https:\/\/www.tomaszowice.diecezja.lublin.pl\/wp-content\/uploads\/P6210656-768x576.jpg 768w, https:\/\/www.tomaszowice.diecezja.lublin.pl\/wp-content\/uploads\/P6210656-1024x768.jpg 1024w, https:\/\/www.tomaszowice.diecezja.lublin.pl\/wp-content\/uploads\/P6210656.jpg 1600w\" sizes=\"auto, (max-width: 150px) 100vw, 150px\" \/><\/a>\n\t\t\t<\/div>\n\t\t\t\t<figcaption class='wp-caption-text gallery-caption' id='gallery-4-1860'>\n\t\t\t\tOLYMPUS DIGITAL CAMERA\n\t\t\t\t<\/figcaption><\/figure><figure class='gallery-item'>\n\t\t\t<div class='gallery-icon landscape'>\n\t\t\t\t<a href='https:\/\/www.tomaszowice.diecezja.lublin.pl\/?attachment_id=1861'><img loading=\"lazy\" decoding=\"async\" width=\"150\" height=\"113\" src=\"https:\/\/www.tomaszowice.diecezja.lublin.pl\/wp-content\/uploads\/P6210648-150x113.jpg\" class=\"attachment-thumbnail size-thumbnail\" alt=\"\" aria-describedby=\"gallery-4-1861\" srcset=\"https:\/\/www.tomaszowice.diecezja.lublin.pl\/wp-content\/uploads\/P6210648-150x113.jpg 150w, https:\/\/www.tomaszowice.diecezja.lublin.pl\/wp-content\/uploads\/P6210648-300x225.jpg 300w, https:\/\/www.tomaszowice.diecezja.lublin.pl\/wp-content\/uploads\/P6210648-768x576.jpg 768w, https:\/\/www.tomaszowice.diecezja.lublin.pl\/wp-content\/uploads\/P6210648-1024x768.jpg 1024w, https:\/\/www.tomaszowice.diecezja.lublin.pl\/wp-content\/uploads\/P6210648.jpg 1600w\" sizes=\"auto, (max-width: 150px) 100vw, 150px\" \/><\/a>\n\t\t\t<\/div>\n\t\t\t\t<figcaption class='wp-caption-text gallery-caption' id='gallery-4-1861'>\n\t\t\t\tOLYMPUS DIGITAL CAMERA\n\t\t\t\t<\/figcaption><\/figure><figure class='gallery-item'>\n\t\t\t<div class='gallery-icon landscape'>\n\t\t\t\t<a href='https:\/\/www.tomaszowice.diecezja.lublin.pl\/?attachment_id=1862'><img loading=\"lazy\" decoding=\"async\" width=\"150\" height=\"113\" src=\"https:\/\/www.tomaszowice.diecezja.lublin.pl\/wp-content\/uploads\/P6210649-150x113.jpg\" class=\"attachment-thumbnail size-thumbnail\" alt=\"\" aria-describedby=\"gallery-4-1862\" srcset=\"https:\/\/www.tomaszowice.diecezja.lublin.pl\/wp-content\/uploads\/P6210649-150x113.jpg 150w, https:\/\/www.tomaszowice.diecezja.lublin.pl\/wp-content\/uploads\/P6210649-300x225.jpg 300w, https:\/\/www.tomaszowice.diecezja.lublin.pl\/wp-content\/uploads\/P6210649-768x576.jpg 768w, https:\/\/www.tomaszowice.diecezja.lublin.pl\/wp-content\/uploads\/P6210649-1024x768.jpg 1024w, https:\/\/www.tomaszowice.diecezja.lublin.pl\/wp-content\/uploads\/P6210649.jpg 1600w\" sizes=\"auto, (max-width: 150px) 100vw, 150px\" \/><\/a>\n\t\t\t<\/div>\n\t\t\t\t<figcaption class='wp-caption-text gallery-caption' id='gallery-4-1862'>\n\t\t\t\tOLYMPUS DIGITAL CAMERA\n\t\t\t\t<\/figcaption><\/figure><figure class='gallery-item'>\n\t\t\t<div class='gallery-icon landscape'>\n\t\t\t\t<a href='https:\/\/www.tomaszowice.diecezja.lublin.pl\/?attachment_id=1863'><img loading=\"lazy\" decoding=\"async\" width=\"150\" height=\"113\" src=\"https:\/\/www.tomaszowice.diecezja.lublin.pl\/wp-content\/uploads\/P6210650-150x113.jpg\" class=\"attachment-thumbnail size-thumbnail\" alt=\"\" aria-describedby=\"gallery-4-1863\" srcset=\"https:\/\/www.tomaszowice.diecezja.lublin.pl\/wp-content\/uploads\/P6210650-150x113.jpg 150w, https:\/\/www.tomaszowice.diecezja.lublin.pl\/wp-content\/uploads\/P6210650-300x225.jpg 300w, https:\/\/www.tomaszowice.diecezja.lublin.pl\/wp-content\/uploads\/P6210650-768x576.jpg 768w, https:\/\/www.tomaszowice.diecezja.lublin.pl\/wp-content\/uploads\/P6210650-1024x768.jpg 1024w, https:\/\/www.tomaszowice.diecezja.lublin.pl\/wp-content\/uploads\/P6210650.jpg 1600w\" sizes=\"auto, (max-width: 150px) 100vw, 150px\" \/><\/a>\n\t\t\t<\/div>\n\t\t\t\t<figcaption class='wp-caption-text gallery-caption' id='gallery-4-1863'>\n\t\t\t\tOLYMPUS DIGITAL CAMERA\n\t\t\t\t<\/figcaption><\/figure><figure class='gallery-item'>\n\t\t\t<div class='gallery-icon landscape'>\n\t\t\t\t<a href='https:\/\/www.tomaszowice.diecezja.lublin.pl\/?attachment_id=1864'><img loading=\"lazy\" decoding=\"async\" width=\"150\" height=\"113\" src=\"https:\/\/www.tomaszowice.diecezja.lublin.pl\/wp-content\/uploads\/P6210651-150x113.jpg\" class=\"attachment-thumbnail size-thumbnail\" alt=\"\" aria-describedby=\"gallery-4-1864\" srcset=\"https:\/\/www.tomaszowice.diecezja.lublin.pl\/wp-content\/uploads\/P6210651-150x113.jpg 150w, https:\/\/www.tomaszowice.diecezja.lublin.pl\/wp-content\/uploads\/P6210651-300x225.jpg 300w, https:\/\/www.tomaszowice.diecezja.lublin.pl\/wp-content\/uploads\/P6210651-768x576.jpg 768w, https:\/\/www.tomaszowice.diecezja.lublin.pl\/wp-content\/uploads\/P6210651-1024x768.jpg 1024w, https:\/\/www.tomaszowice.diecezja.lublin.pl\/wp-content\/uploads\/P6210651.jpg 1600w\" sizes=\"auto, (max-width: 150px) 100vw, 150px\" \/><\/a>\n\t\t\t<\/div>\n\t\t\t\t<figcaption class='wp-caption-text gallery-caption' id='gallery-4-1864'>\n\t\t\t\tOLYMPUS DIGITAL CAMERA\n\t\t\t\t<\/figcaption><\/figure><figure class='gallery-item'>\n\t\t\t<div class='gallery-icon landscape'>\n\t\t\t\t<a href='https:\/\/www.tomaszowice.diecezja.lublin.pl\/?attachment_id=1865'><img loading=\"lazy\" decoding=\"async\" width=\"150\" height=\"113\" src=\"https:\/\/www.tomaszowice.diecezja.lublin.pl\/wp-content\/uploads\/P6210652-150x113.jpg\" class=\"attachment-thumbnail size-thumbnail\" alt=\"\" aria-describedby=\"gallery-4-1865\" srcset=\"https:\/\/www.tomaszowice.diecezja.lublin.pl\/wp-content\/uploads\/P6210652-150x113.jpg 150w, https:\/\/www.tomaszowice.diecezja.lublin.pl\/wp-content\/uploads\/P6210652-300x225.jpg 300w, https:\/\/www.tomaszowice.diecezja.lublin.pl\/wp-content\/uploads\/P6210652-768x576.jpg 768w, https:\/\/www.tomaszowice.diecezja.lublin.pl\/wp-content\/uploads\/P6210652-1024x768.jpg 1024w, https:\/\/www.tomaszowice.diecezja.lublin.pl\/wp-content\/uploads\/P6210652.jpg 1600w\" sizes=\"auto, (max-width: 150px) 100vw, 150px\" \/><\/a>\n\t\t\t<\/div>\n\t\t\t\t<figcaption class='wp-caption-text gallery-caption' id='gallery-4-1865'>\n\t\t\t\tOLYMPUS DIGITAL CAMERA\n\t\t\t\t<\/figcaption><\/figure><figure class='gallery-item'>\n\t\t\t<div class='gallery-icon landscape'>\n\t\t\t\t<a href='https:\/\/www.tomaszowice.diecezja.lublin.pl\/?attachment_id=1866'><img loading=\"lazy\" decoding=\"async\" width=\"150\" height=\"113\" src=\"https:\/\/www.tomaszowice.diecezja.lublin.pl\/wp-content\/uploads\/P6210653-150x113.jpg\" class=\"attachment-thumbnail size-thumbnail\" alt=\"\" aria-describedby=\"gallery-4-1866\" srcset=\"https:\/\/www.tomaszowice.diecezja.lublin.pl\/wp-content\/uploads\/P6210653-150x113.jpg 150w, https:\/\/www.tomaszowice.diecezja.lublin.pl\/wp-content\/uploads\/P6210653-300x225.jpg 300w, https:\/\/www.tomaszowice.diecezja.lublin.pl\/wp-content\/uploads\/P6210653-768x576.jpg 768w, https:\/\/www.tomaszowice.diecezja.lublin.pl\/wp-content\/uploads\/P6210653-1024x768.jpg 1024w, https:\/\/www.tomaszowice.diecezja.lublin.pl\/wp-content\/uploads\/P6210653.jpg 1600w\" sizes=\"auto, (max-width: 150px) 100vw, 150px\" \/><\/a>\n\t\t\t<\/div>\n\t\t\t\t<figcaption class='wp-caption-text gallery-caption' id='gallery-4-1866'>\n\t\t\t\tOLYMPUS DIGITAL CAMERA\n\t\t\t\t<\/figcaption><\/figure>\n\t\t<\/div>\n\n<h4>Pielgrzymka ministrant\u00f3w do K\u0119b\u0142a (08.06.2013r.)<\/h4>\n<div id='gallery-5' class='gallery galleryid-1851 gallery-columns-3 gallery-size-thumbnail'><figure class='gallery-item'>\n\t\t\t<div class='gallery-icon landscape'>\n\t\t\t\t<a href='https:\/\/www.tomaszowice.diecezja.lublin.pl\/?attachment_id=932'><img loading=\"lazy\" decoding=\"async\" width=\"150\" height=\"113\" src=\"https:\/\/www.tomaszowice.diecezja.lublin.pl\/wp-content\/uploads\/Zdj\u0119cie0008-150x113.jpg\" class=\"attachment-thumbnail size-thumbnail\" alt=\"\" srcset=\"https:\/\/www.tomaszowice.diecezja.lublin.pl\/wp-content\/uploads\/Zdj\u0119cie0008-150x113.jpg 150w, https:\/\/www.tomaszowice.diecezja.lublin.pl\/wp-content\/uploads\/Zdj\u0119cie0008-300x225.jpg 300w, https:\/\/www.tomaszowice.diecezja.lublin.pl\/wp-content\/uploads\/Zdj\u0119cie0008-768x576.jpg 768w, https:\/\/www.tomaszowice.diecezja.lublin.pl\/wp-content\/uploads\/Zdj\u0119cie0008-1024x768.jpg 1024w, https:\/\/www.tomaszowice.diecezja.lublin.pl\/wp-content\/uploads\/Zdj\u0119cie0008.jpg 1600w\" sizes=\"auto, (max-width: 150px) 100vw, 150px\" \/><\/a>\n\t\t\t<\/div><\/figure><figure class='gallery-item'>\n\t\t\t<div class='gallery-icon portrait'>\n\t\t\t\t<a href='https:\/\/www.tomaszowice.diecezja.lublin.pl\/?attachment_id=933'><img loading=\"lazy\" decoding=\"async\" width=\"113\" height=\"150\" src=\"https:\/\/www.tomaszowice.diecezja.lublin.pl\/wp-content\/uploads\/Zdj\u0119cie0006-e1450638246760-113x150.jpg\" class=\"attachment-thumbnail size-thumbnail\" alt=\"\" srcset=\"https:\/\/www.tomaszowice.diecezja.lublin.pl\/wp-content\/uploads\/Zdj\u0119cie0006-e1450638246760-113x150.jpg 113w, https:\/\/www.tomaszowice.diecezja.lublin.pl\/wp-content\/uploads\/Zdj\u0119cie0006-e1450638246760-225x300.jpg 225w, https:\/\/www.tomaszowice.diecezja.lublin.pl\/wp-content\/uploads\/Zdj\u0119cie0006-e1450638246760-768x1024.jpg 768w, https:\/\/www.tomaszowice.diecezja.lublin.pl\/wp-content\/uploads\/Zdj\u0119cie0006-e1450638246760.jpg 1200w\" sizes=\"auto, (max-width: 113px) 100vw, 113px\" \/><\/a>\n\t\t\t<\/div><\/figure><figure class='gallery-item'>\n\t\t\t<div class='gallery-icon landscape'>\n\t\t\t\t<a href='https:\/\/www.tomaszowice.diecezja.lublin.pl\/?attachment_id=934'><img loading=\"lazy\" decoding=\"async\" width=\"150\" height=\"113\" src=\"https:\/\/www.tomaszowice.diecezja.lublin.pl\/wp-content\/uploads\/Zdj\u0119cie0007-150x113.jpg\" class=\"attachment-thumbnail size-thumbnail\" alt=\"\" srcset=\"https:\/\/www.tomaszowice.diecezja.lublin.pl\/wp-content\/uploads\/Zdj\u0119cie0007-150x113.jpg 150w, https:\/\/www.tomaszowice.diecezja.lublin.pl\/wp-content\/uploads\/Zdj\u0119cie0007-300x225.jpg 300w, https:\/\/www.tomaszowice.diecezja.lublin.pl\/wp-content\/uploads\/Zdj\u0119cie0007-768x576.jpg 768w, https:\/\/www.tomaszowice.diecezja.lublin.pl\/wp-content\/uploads\/Zdj\u0119cie0007-1024x768.jpg 1024w, https:\/\/www.tomaszowice.diecezja.lublin.pl\/wp-content\/uploads\/Zdj\u0119cie0007.jpg 1600w\" sizes=\"auto, (max-width: 150px) 100vw, 150px\" \/><\/a>\n\t\t\t<\/div><\/figure>\n\t\t<\/div>\n\n","protected":false},"excerpt":{"rendered":"<p>Zabawa choinkowa (31.12.2016r.) Ognisko (25.06.2016r.) Zabawa choinkowa (16.01.2016r.) Ognisko (21.06.2014r.) Pielgrzymka ministrant\u00f3w do K\u0119b\u0142a (08.06.2013r.)<\/p>\n","protected":false},"author":1,"featured_media":0,"parent":0,"menu_order":0,"comment_status":"closed","ping_status":"closed","template":"","meta":{"footnotes":""},"class_list":["post-1851","page","type-page","status-publish","hentry"],"_links":{"self":[{"href":"https:\/\/www.tomaszowice.diecezja.lublin.pl\/index.php?rest_route=\/wp\/v2\/pages\/1851","targetHints":{"allow":["GET"]}}],"collection":[{"href":"https:\/\/www.tomaszowice.diecezja.lublin.pl\/index.php?rest_route=\/wp\/v2\/pages"}],"about":[{"href":"https:\/\/www.tomaszowice.diecezja.lublin.pl\/index.php?rest_route=\/wp\/v2\/types\/page"}],"author":[{"embeddable":true,"href":"https:\/\/www.tomaszowice.diecezja.lublin.pl\/index.php?rest_route=\/wp\/v2\/users\/1"}],"replies":[{"embeddable":true,"href":"https:\/\/www.tomaszowice.diecezja.lublin.pl\/index.php?rest_route=%2Fwp%2Fv2%2Fcomments&post=1851"}],"version-history":[{"count":12,"href":"https:\/\/www.tomaszowice.diecezja.lublin.pl\/index.php?rest_route=\/wp\/v2\/pages\/1851\/revisions"}],"predecessor-version":[{"id":4794,"href":"https:\/\/www.tomaszowice.diecezja.lublin.pl\/index.php?rest_route=\/wp\/v2\/pages\/1851\/revisions\/4794"}],"wp:attachment":[{"href":"https:\/\/www.tomaszowice.diecezja.lublin.pl\/index.php?rest_route=%2Fwp%2Fv2%2Fmedia&parent=1851"}],"curies":[{"name":"wp","href":"https:\/\/api.w.org\/{rel}","templated":true}]}}