{"id":1938,"date":"2016-01-11T22:24:55","date_gmt":"2016-01-11T21:24:55","guid":{"rendered":"http:\/\/www.tomaszowice.diecezja.lublin.pl\/?page_id=1938"},"modified":"2017-01-09T20:40:32","modified_gmt":"2017-01-09T19:40:32","slug":"goscimy-orkiestre-deta-z-garbowa","status":"publish","type":"page","link":"https:\/\/www.tomaszowice.diecezja.lublin.pl\/?page_id=1938","title":{"rendered":"Go\u015bcimy Orkiestr\u0119 D\u0119t\u0105 z Garbowa"},"content":{"rendered":"<h3>08.01.2017r.<\/h3>\n<div id='gallery-1' class='gallery galleryid-1938 gallery-columns-3 gallery-size-thumbnail'><figure class='gallery-item'>\n\t\t\t<div class='gallery-icon landscape'>\n\t\t\t\t<a href='https:\/\/www.tomaszowice.diecezja.lublin.pl\/?attachment_id=2636'><img loading=\"lazy\" decoding=\"async\" width=\"150\" height=\"113\" src=\"https:\/\/www.tomaszowice.diecezja.lublin.pl\/wp-content\/uploads\/P1350436-150x113.jpg\" class=\"attachment-thumbnail size-thumbnail\" alt=\"\" srcset=\"https:\/\/www.tomaszowice.diecezja.lublin.pl\/wp-content\/uploads\/P1350436-150x113.jpg 150w, https:\/\/www.tomaszowice.diecezja.lublin.pl\/wp-content\/uploads\/P1350436-300x225.jpg 300w, https:\/\/www.tomaszowice.diecezja.lublin.pl\/wp-content\/uploads\/P1350436-768x576.jpg 768w, https:\/\/www.tomaszowice.diecezja.lublin.pl\/wp-content\/uploads\/P1350436-1024x768.jpg 1024w, https:\/\/www.tomaszowice.diecezja.lublin.pl\/wp-content\/uploads\/P1350436.jpg 1280w\" sizes=\"auto, (max-width: 150px) 100vw, 150px\" \/><\/a>\n\t\t\t<\/div><\/figure><figure class='gallery-item'>\n\t\t\t<div class='gallery-icon landscape'>\n\t\t\t\t<a href='https:\/\/www.tomaszowice.diecezja.lublin.pl\/?attachment_id=2635'><img loading=\"lazy\" decoding=\"async\" width=\"150\" height=\"113\" src=\"https:\/\/www.tomaszowice.diecezja.lublin.pl\/wp-content\/uploads\/P1350435-150x113.jpg\" class=\"attachment-thumbnail size-thumbnail\" alt=\"\" srcset=\"https:\/\/www.tomaszowice.diecezja.lublin.pl\/wp-content\/uploads\/P1350435-150x113.jpg 150w, https:\/\/www.tomaszowice.diecezja.lublin.pl\/wp-content\/uploads\/P1350435-300x225.jpg 300w, https:\/\/www.tomaszowice.diecezja.lublin.pl\/wp-content\/uploads\/P1350435-768x576.jpg 768w, https:\/\/www.tomaszowice.diecezja.lublin.pl\/wp-content\/uploads\/P1350435-1024x768.jpg 1024w, https:\/\/www.tomaszowice.diecezja.lublin.pl\/wp-content\/uploads\/P1350435.jpg 1280w\" sizes=\"auto, (max-width: 150px) 100vw, 150px\" \/><\/a>\n\t\t\t<\/div><\/figure><figure class='gallery-item'>\n\t\t\t<div class='gallery-icon landscape'>\n\t\t\t\t<a href='https:\/\/www.tomaszowice.diecezja.lublin.pl\/?attachment_id=2634'><img loading=\"lazy\" decoding=\"async\" width=\"150\" height=\"113\" src=\"https:\/\/www.tomaszowice.diecezja.lublin.pl\/wp-content\/uploads\/P1350434-150x113.jpg\" class=\"attachment-thumbnail size-thumbnail\" alt=\"\" srcset=\"https:\/\/www.tomaszowice.diecezja.lublin.pl\/wp-content\/uploads\/P1350434-150x113.jpg 150w, https:\/\/www.tomaszowice.diecezja.lublin.pl\/wp-content\/uploads\/P1350434-300x225.jpg 300w, https:\/\/www.tomaszowice.diecezja.lublin.pl\/wp-content\/uploads\/P1350434-768x576.jpg 768w, https:\/\/www.tomaszowice.diecezja.lublin.pl\/wp-content\/uploads\/P1350434-1024x768.jpg 1024w, https:\/\/www.tomaszowice.diecezja.lublin.pl\/wp-content\/uploads\/P1350434.jpg 1280w\" sizes=\"auto, (max-width: 150px) 100vw, 150px\" \/><\/a>\n\t\t\t<\/div><\/figure><figure class='gallery-item'>\n\t\t\t<div class='gallery-icon landscape'>\n\t\t\t\t<a href='https:\/\/www.tomaszowice.diecezja.lublin.pl\/?attachment_id=2633'><img loading=\"lazy\" decoding=\"async\" width=\"150\" height=\"113\" src=\"https:\/\/www.tomaszowice.diecezja.lublin.pl\/wp-content\/uploads\/P1350433-150x113.jpg\" class=\"attachment-thumbnail size-thumbnail\" alt=\"\" srcset=\"https:\/\/www.tomaszowice.diecezja.lublin.pl\/wp-content\/uploads\/P1350433-150x113.jpg 150w, https:\/\/www.tomaszowice.diecezja.lublin.pl\/wp-content\/uploads\/P1350433-300x225.jpg 300w, https:\/\/www.tomaszowice.diecezja.lublin.pl\/wp-content\/uploads\/P1350433-768x576.jpg 768w, https:\/\/www.tomaszowice.diecezja.lublin.pl\/wp-content\/uploads\/P1350433-1024x768.jpg 1024w, https:\/\/www.tomaszowice.diecezja.lublin.pl\/wp-content\/uploads\/P1350433.jpg 1280w\" sizes=\"auto, (max-width: 150px) 100vw, 150px\" \/><\/a>\n\t\t\t<\/div><\/figure><figure class='gallery-item'>\n\t\t\t<div class='gallery-icon landscape'>\n\t\t\t\t<a href='https:\/\/www.tomaszowice.diecezja.lublin.pl\/?attachment_id=2632'><img loading=\"lazy\" decoding=\"async\" width=\"150\" height=\"113\" src=\"https:\/\/www.tomaszowice.diecezja.lublin.pl\/wp-content\/uploads\/P1350432-150x113.jpg\" class=\"attachment-thumbnail size-thumbnail\" alt=\"\" srcset=\"https:\/\/www.tomaszowice.diecezja.lublin.pl\/wp-content\/uploads\/P1350432-150x113.jpg 150w, https:\/\/www.tomaszowice.diecezja.lublin.pl\/wp-content\/uploads\/P1350432-300x225.jpg 300w, https:\/\/www.tomaszowice.diecezja.lublin.pl\/wp-content\/uploads\/P1350432-768x576.jpg 768w, https:\/\/www.tomaszowice.diecezja.lublin.pl\/wp-content\/uploads\/P1350432-1024x768.jpg 1024w, https:\/\/www.tomaszowice.diecezja.lublin.pl\/wp-content\/uploads\/P1350432.jpg 1280w\" sizes=\"auto, (max-width: 150px) 100vw, 150px\" \/><\/a>\n\t\t\t<\/div><\/figure><figure class='gallery-item'>\n\t\t\t<div class='gallery-icon landscape'>\n\t\t\t\t<a href='https:\/\/www.tomaszowice.diecezja.lublin.pl\/?attachment_id=2676'><img loading=\"lazy\" decoding=\"async\" width=\"150\" height=\"113\" src=\"https:\/\/www.tomaszowice.diecezja.lublin.pl\/wp-content\/uploads\/P1350425-150x113.jpg\" class=\"attachment-thumbnail size-thumbnail\" alt=\"\" srcset=\"https:\/\/www.tomaszowice.diecezja.lublin.pl\/wp-content\/uploads\/P1350425-150x113.jpg 150w, https:\/\/www.tomaszowice.diecezja.lublin.pl\/wp-content\/uploads\/P1350425-300x225.jpg 300w, https:\/\/www.tomaszowice.diecezja.lublin.pl\/wp-content\/uploads\/P1350425-768x576.jpg 768w, https:\/\/www.tomaszowice.diecezja.lublin.pl\/wp-content\/uploads\/P1350425-1024x768.jpg 1024w, https:\/\/www.tomaszowice.diecezja.lublin.pl\/wp-content\/uploads\/P1350425.jpg 1280w\" sizes=\"auto, (max-width: 150px) 100vw, 150px\" \/><\/a>\n\t\t\t<\/div><\/figure>\n\t\t<\/div>\n\n<h3>10.01.2016r.<\/h3>\n<div id='gallery-2' class='gallery galleryid-1938 gallery-columns-3 gallery-size-thumbnail'><figure class='gallery-item'>\n\t\t\t<div class='gallery-icon landscape'>\n\t\t\t\t<a href='https:\/\/www.tomaszowice.diecezja.lublin.pl\/?attachment_id=1939'><img loading=\"lazy\" decoding=\"async\" width=\"150\" height=\"113\" src=\"https:\/\/www.tomaszowice.diecezja.lublin.pl\/wp-content\/uploads\/P1340318-150x113.jpg\" class=\"attachment-thumbnail size-thumbnail\" alt=\"\" srcset=\"https:\/\/www.tomaszowice.diecezja.lublin.pl\/wp-content\/uploads\/P1340318-150x113.jpg 150w, https:\/\/www.tomaszowice.diecezja.lublin.pl\/wp-content\/uploads\/P1340318-300x225.jpg 300w, https:\/\/www.tomaszowice.diecezja.lublin.pl\/wp-content\/uploads\/P1340318-768x576.jpg 768w, https:\/\/www.tomaszowice.diecezja.lublin.pl\/wp-content\/uploads\/P1340318-1024x768.jpg 1024w, https:\/\/www.tomaszowice.diecezja.lublin.pl\/wp-content\/uploads\/P1340318.jpg 1600w\" sizes=\"auto, (max-width: 150px) 100vw, 150px\" \/><\/a>\n\t\t\t<\/div><\/figure><figure class='gallery-item'>\n\t\t\t<div class='gallery-icon landscape'>\n\t\t\t\t<a href='https:\/\/www.tomaszowice.diecezja.lublin.pl\/?attachment_id=1940'><img loading=\"lazy\" decoding=\"async\" width=\"150\" height=\"113\" src=\"https:\/\/www.tomaszowice.diecezja.lublin.pl\/wp-content\/uploads\/P1340303-150x113.jpg\" class=\"attachment-thumbnail size-thumbnail\" alt=\"\" srcset=\"https:\/\/www.tomaszowice.diecezja.lublin.pl\/wp-content\/uploads\/P1340303-150x113.jpg 150w, https:\/\/www.tomaszowice.diecezja.lublin.pl\/wp-content\/uploads\/P1340303-300x225.jpg 300w, https:\/\/www.tomaszowice.diecezja.lublin.pl\/wp-content\/uploads\/P1340303-768x576.jpg 768w, https:\/\/www.tomaszowice.diecezja.lublin.pl\/wp-content\/uploads\/P1340303-1024x768.jpg 1024w, https:\/\/www.tomaszowice.diecezja.lublin.pl\/wp-content\/uploads\/P1340303.jpg 1600w\" sizes=\"auto, (max-width: 150px) 100vw, 150px\" \/><\/a>\n\t\t\t<\/div><\/figure><figure class='gallery-item'>\n\t\t\t<div class='gallery-icon landscape'>\n\t\t\t\t<a href='https:\/\/www.tomaszowice.diecezja.lublin.pl\/?attachment_id=1941'><img loading=\"lazy\" decoding=\"async\" width=\"150\" height=\"113\" src=\"https:\/\/www.tomaszowice.diecezja.lublin.pl\/wp-content\/uploads\/P1340304-150x113.jpg\" class=\"attachment-thumbnail size-thumbnail\" alt=\"\" srcset=\"https:\/\/www.tomaszowice.diecezja.lublin.pl\/wp-content\/uploads\/P1340304-150x113.jpg 150w, https:\/\/www.tomaszowice.diecezja.lublin.pl\/wp-content\/uploads\/P1340304-300x225.jpg 300w, https:\/\/www.tomaszowice.diecezja.lublin.pl\/wp-content\/uploads\/P1340304-768x576.jpg 768w, https:\/\/www.tomaszowice.diecezja.lublin.pl\/wp-content\/uploads\/P1340304-1024x768.jpg 1024w, https:\/\/www.tomaszowice.diecezja.lublin.pl\/wp-content\/uploads\/P1340304.jpg 1600w\" sizes=\"auto, (max-width: 150px) 100vw, 150px\" \/><\/a>\n\t\t\t<\/div><\/figure><figure class='gallery-item'>\n\t\t\t<div class='gallery-icon landscape'>\n\t\t\t\t<a href='https:\/\/www.tomaszowice.diecezja.lublin.pl\/?attachment_id=1942'><img loading=\"lazy\" decoding=\"async\" width=\"150\" height=\"113\" src=\"https:\/\/www.tomaszowice.diecezja.lublin.pl\/wp-content\/uploads\/P1340305-150x113.jpg\" class=\"attachment-thumbnail size-thumbnail\" alt=\"\" srcset=\"https:\/\/www.tomaszowice.diecezja.lublin.pl\/wp-content\/uploads\/P1340305-150x113.jpg 150w, https:\/\/www.tomaszowice.diecezja.lublin.pl\/wp-content\/uploads\/P1340305-300x225.jpg 300w, https:\/\/www.tomaszowice.diecezja.lublin.pl\/wp-content\/uploads\/P1340305-768x576.jpg 768w, https:\/\/www.tomaszowice.diecezja.lublin.pl\/wp-content\/uploads\/P1340305-1024x768.jpg 1024w, https:\/\/www.tomaszowice.diecezja.lublin.pl\/wp-content\/uploads\/P1340305.jpg 1600w\" sizes=\"auto, (max-width: 150px) 100vw, 150px\" \/><\/a>\n\t\t\t<\/div><\/figure><figure class='gallery-item'>\n\t\t\t<div class='gallery-icon landscape'>\n\t\t\t\t<a href='https:\/\/www.tomaszowice.diecezja.lublin.pl\/?attachment_id=1943'><img loading=\"lazy\" decoding=\"async\" width=\"150\" height=\"113\" src=\"https:\/\/www.tomaszowice.diecezja.lublin.pl\/wp-content\/uploads\/P1340307-150x113.jpg\" class=\"attachment-thumbnail size-thumbnail\" alt=\"\" srcset=\"https:\/\/www.tomaszowice.diecezja.lublin.pl\/wp-content\/uploads\/P1340307-150x113.jpg 150w, https:\/\/www.tomaszowice.diecezja.lublin.pl\/wp-content\/uploads\/P1340307-300x225.jpg 300w, https:\/\/www.tomaszowice.diecezja.lublin.pl\/wp-content\/uploads\/P1340307-768x576.jpg 768w, https:\/\/www.tomaszowice.diecezja.lublin.pl\/wp-content\/uploads\/P1340307-1024x768.jpg 1024w, https:\/\/www.tomaszowice.diecezja.lublin.pl\/wp-content\/uploads\/P1340307.jpg 1600w\" sizes=\"auto, (max-width: 150px) 100vw, 150px\" \/><\/a>\n\t\t\t<\/div><\/figure><figure class='gallery-item'>\n\t\t\t<div class='gallery-icon landscape'>\n\t\t\t\t<a href='https:\/\/www.tomaszowice.diecezja.lublin.pl\/?attachment_id=1944'><img loading=\"lazy\" decoding=\"async\" width=\"150\" height=\"113\" src=\"https:\/\/www.tomaszowice.diecezja.lublin.pl\/wp-content\/uploads\/P1340308-150x113.jpg\" class=\"attachment-thumbnail size-thumbnail\" alt=\"\" srcset=\"https:\/\/www.tomaszowice.diecezja.lublin.pl\/wp-content\/uploads\/P1340308-150x113.jpg 150w, https:\/\/www.tomaszowice.diecezja.lublin.pl\/wp-content\/uploads\/P1340308-300x225.jpg 300w, https:\/\/www.tomaszowice.diecezja.lublin.pl\/wp-content\/uploads\/P1340308-768x576.jpg 768w, https:\/\/www.tomaszowice.diecezja.lublin.pl\/wp-content\/uploads\/P1340308-1024x768.jpg 1024w, https:\/\/www.tomaszowice.diecezja.lublin.pl\/wp-content\/uploads\/P1340308.jpg 1600w\" sizes=\"auto, (max-width: 150px) 100vw, 150px\" \/><\/a>\n\t\t\t<\/div><\/figure><figure class='gallery-item'>\n\t\t\t<div class='gallery-icon landscape'>\n\t\t\t\t<a href='https:\/\/www.tomaszowice.diecezja.lublin.pl\/?attachment_id=1945'><img loading=\"lazy\" decoding=\"async\" width=\"150\" height=\"113\" src=\"https:\/\/www.tomaszowice.diecezja.lublin.pl\/wp-content\/uploads\/P1340310-150x113.jpg\" class=\"attachment-thumbnail size-thumbnail\" alt=\"\" srcset=\"https:\/\/www.tomaszowice.diecezja.lublin.pl\/wp-content\/uploads\/P1340310-150x113.jpg 150w, https:\/\/www.tomaszowice.diecezja.lublin.pl\/wp-content\/uploads\/P1340310-300x225.jpg 300w, https:\/\/www.tomaszowice.diecezja.lublin.pl\/wp-content\/uploads\/P1340310-768x576.jpg 768w, https:\/\/www.tomaszowice.diecezja.lublin.pl\/wp-content\/uploads\/P1340310-1024x768.jpg 1024w, https:\/\/www.tomaszowice.diecezja.lublin.pl\/wp-content\/uploads\/P1340310.jpg 1600w\" sizes=\"auto, (max-width: 150px) 100vw, 150px\" \/><\/a>\n\t\t\t<\/div><\/figure><figure class='gallery-item'>\n\t\t\t<div class='gallery-icon landscape'>\n\t\t\t\t<a href='https:\/\/www.tomaszowice.diecezja.lublin.pl\/?attachment_id=1946'><img loading=\"lazy\" decoding=\"async\" width=\"150\" height=\"113\" src=\"https:\/\/www.tomaszowice.diecezja.lublin.pl\/wp-content\/uploads\/P1340311-150x113.jpg\" class=\"attachment-thumbnail size-thumbnail\" alt=\"\" srcset=\"https:\/\/www.tomaszowice.diecezja.lublin.pl\/wp-content\/uploads\/P1340311-150x113.jpg 150w, https:\/\/www.tomaszowice.diecezja.lublin.pl\/wp-content\/uploads\/P1340311-300x225.jpg 300w, https:\/\/www.tomaszowice.diecezja.lublin.pl\/wp-content\/uploads\/P1340311-768x576.jpg 768w, https:\/\/www.tomaszowice.diecezja.lublin.pl\/wp-content\/uploads\/P1340311-1024x768.jpg 1024w, https:\/\/www.tomaszowice.diecezja.lublin.pl\/wp-content\/uploads\/P1340311.jpg 1600w\" sizes=\"auto, (max-width: 150px) 100vw, 150px\" \/><\/a>\n\t\t\t<\/div><\/figure><figure class='gallery-item'>\n\t\t\t<div class='gallery-icon landscape'>\n\t\t\t\t<a href='https:\/\/www.tomaszowice.diecezja.lublin.pl\/?attachment_id=1947'><img loading=\"lazy\" decoding=\"async\" width=\"150\" height=\"113\" src=\"https:\/\/www.tomaszowice.diecezja.lublin.pl\/wp-content\/uploads\/P1340312-150x113.jpg\" class=\"attachment-thumbnail size-thumbnail\" alt=\"\" srcset=\"https:\/\/www.tomaszowice.diecezja.lublin.pl\/wp-content\/uploads\/P1340312-150x113.jpg 150w, https:\/\/www.tomaszowice.diecezja.lublin.pl\/wp-content\/uploads\/P1340312-300x225.jpg 300w, https:\/\/www.tomaszowice.diecezja.lublin.pl\/wp-content\/uploads\/P1340312-768x576.jpg 768w, https:\/\/www.tomaszowice.diecezja.lublin.pl\/wp-content\/uploads\/P1340312-1024x768.jpg 1024w, https:\/\/www.tomaszowice.diecezja.lublin.pl\/wp-content\/uploads\/P1340312.jpg 1600w\" sizes=\"auto, (max-width: 150px) 100vw, 150px\" \/><\/a>\n\t\t\t<\/div><\/figure><figure class='gallery-item'>\n\t\t\t<div class='gallery-icon landscape'>\n\t\t\t\t<a href='https:\/\/www.tomaszowice.diecezja.lublin.pl\/?attachment_id=1948'><img loading=\"lazy\" decoding=\"async\" width=\"150\" height=\"113\" src=\"https:\/\/www.tomaszowice.diecezja.lublin.pl\/wp-content\/uploads\/P1340313-150x113.jpg\" class=\"attachment-thumbnail size-thumbnail\" alt=\"\" srcset=\"https:\/\/www.tomaszowice.diecezja.lublin.pl\/wp-content\/uploads\/P1340313-150x113.jpg 150w, https:\/\/www.tomaszowice.diecezja.lublin.pl\/wp-content\/uploads\/P1340313-300x225.jpg 300w, https:\/\/www.tomaszowice.diecezja.lublin.pl\/wp-content\/uploads\/P1340313-768x576.jpg 768w, https:\/\/www.tomaszowice.diecezja.lublin.pl\/wp-content\/uploads\/P1340313-1024x768.jpg 1024w, https:\/\/www.tomaszowice.diecezja.lublin.pl\/wp-content\/uploads\/P1340313.jpg 1600w\" sizes=\"auto, (max-width: 150px) 100vw, 150px\" \/><\/a>\n\t\t\t<\/div><\/figure><figure class='gallery-item'>\n\t\t\t<div class='gallery-icon landscape'>\n\t\t\t\t<a href='https:\/\/www.tomaszowice.diecezja.lublin.pl\/?attachment_id=1949'><img loading=\"lazy\" decoding=\"async\" width=\"150\" height=\"113\" src=\"https:\/\/www.tomaszowice.diecezja.lublin.pl\/wp-content\/uploads\/P1340315-150x113.jpg\" class=\"attachment-thumbnail size-thumbnail\" alt=\"\" srcset=\"https:\/\/www.tomaszowice.diecezja.lublin.pl\/wp-content\/uploads\/P1340315-150x113.jpg 150w, https:\/\/www.tomaszowice.diecezja.lublin.pl\/wp-content\/uploads\/P1340315-300x225.jpg 300w, https:\/\/www.tomaszowice.diecezja.lublin.pl\/wp-content\/uploads\/P1340315-768x576.jpg 768w, https:\/\/www.tomaszowice.diecezja.lublin.pl\/wp-content\/uploads\/P1340315-1024x768.jpg 1024w, https:\/\/www.tomaszowice.diecezja.lublin.pl\/wp-content\/uploads\/P1340315.jpg 1600w\" sizes=\"auto, (max-width: 150px) 100vw, 150px\" \/><\/a>\n\t\t\t<\/div><\/figure><figure class='gallery-item'>\n\t\t\t<div class='gallery-icon landscape'>\n\t\t\t\t<a href='https:\/\/www.tomaszowice.diecezja.lublin.pl\/?attachment_id=1950'><img loading=\"lazy\" decoding=\"async\" width=\"150\" height=\"113\" src=\"https:\/\/www.tomaszowice.diecezja.lublin.pl\/wp-content\/uploads\/P1340316-150x113.jpg\" class=\"attachment-thumbnail size-thumbnail\" alt=\"\" srcset=\"https:\/\/www.tomaszowice.diecezja.lublin.pl\/wp-content\/uploads\/P1340316-150x113.jpg 150w, https:\/\/www.tomaszowice.diecezja.lublin.pl\/wp-content\/uploads\/P1340316-300x225.jpg 300w, https:\/\/www.tomaszowice.diecezja.lublin.pl\/wp-content\/uploads\/P1340316-768x576.jpg 768w, https:\/\/www.tomaszowice.diecezja.lublin.pl\/wp-content\/uploads\/P1340316-1024x768.jpg 1024w, https:\/\/www.tomaszowice.diecezja.lublin.pl\/wp-content\/uploads\/P1340316.jpg 1600w\" sizes=\"auto, (max-width: 150px) 100vw, 150px\" \/><\/a>\n\t\t\t<\/div><\/figure><figure class='gallery-item'>\n\t\t\t<div class='gallery-icon landscape'>\n\t\t\t\t<a href='https:\/\/www.tomaszowice.diecezja.lublin.pl\/?attachment_id=1951'><img loading=\"lazy\" decoding=\"async\" width=\"150\" height=\"113\" src=\"https:\/\/www.tomaszowice.diecezja.lublin.pl\/wp-content\/uploads\/P1340317-150x113.jpg\" class=\"attachment-thumbnail size-thumbnail\" alt=\"\" srcset=\"https:\/\/www.tomaszowice.diecezja.lublin.pl\/wp-content\/uploads\/P1340317-150x113.jpg 150w, https:\/\/www.tomaszowice.diecezja.lublin.pl\/wp-content\/uploads\/P1340317-300x225.jpg 300w, https:\/\/www.tomaszowice.diecezja.lublin.pl\/wp-content\/uploads\/P1340317-768x576.jpg 768w, https:\/\/www.tomaszowice.diecezja.lublin.pl\/wp-content\/uploads\/P1340317-1024x768.jpg 1024w, https:\/\/www.tomaszowice.diecezja.lublin.pl\/wp-content\/uploads\/P1340317.jpg 1600w\" sizes=\"auto, (max-width: 150px) 100vw, 150px\" \/><\/a>\n\t\t\t<\/div><\/figure><figure class='gallery-item'>\n\t\t\t<div class='gallery-icon landscape'>\n\t\t\t\t<a href='https:\/\/www.tomaszowice.diecezja.lublin.pl\/?attachment_id=1966'><img loading=\"lazy\" decoding=\"async\" width=\"150\" height=\"84\" src=\"https:\/\/www.tomaszowice.diecezja.lublin.pl\/wp-content\/uploads\/WP_20160110_017-150x84.jpg\" class=\"attachment-thumbnail size-thumbnail\" alt=\"\" srcset=\"https:\/\/www.tomaszowice.diecezja.lublin.pl\/wp-content\/uploads\/WP_20160110_017-150x84.jpg 150w, https:\/\/www.tomaszowice.diecezja.lublin.pl\/wp-content\/uploads\/WP_20160110_017-300x169.jpg 300w, https:\/\/www.tomaszowice.diecezja.lublin.pl\/wp-content\/uploads\/WP_20160110_017-768x432.jpg 768w, https:\/\/www.tomaszowice.diecezja.lublin.pl\/wp-content\/uploads\/WP_20160110_017-1024x576.jpg 1024w\" sizes=\"auto, (max-width: 150px) 100vw, 150px\" \/><\/a>\n\t\t\t<\/div><\/figure><figure class='gallery-item'>\n\t\t\t<div class='gallery-icon landscape'>\n\t\t\t\t<a href='https:\/\/www.tomaszowice.diecezja.lublin.pl\/?attachment_id=1967'><img loading=\"lazy\" decoding=\"async\" width=\"150\" height=\"84\" src=\"https:\/\/www.tomaszowice.diecezja.lublin.pl\/wp-content\/uploads\/WP_20160110_019-150x84.jpg\" class=\"attachment-thumbnail size-thumbnail\" alt=\"\" srcset=\"https:\/\/www.tomaszowice.diecezja.lublin.pl\/wp-content\/uploads\/WP_20160110_019-150x84.jpg 150w, https:\/\/www.tomaszowice.diecezja.lublin.pl\/wp-content\/uploads\/WP_20160110_019-300x169.jpg 300w, https:\/\/www.tomaszowice.diecezja.lublin.pl\/wp-content\/uploads\/WP_20160110_019-768x432.jpg 768w, https:\/\/www.tomaszowice.diecezja.lublin.pl\/wp-content\/uploads\/WP_20160110_019-1024x576.jpg 1024w\" sizes=\"auto, (max-width: 150px) 100vw, 150px\" \/><\/a>\n\t\t\t<\/div><\/figure><figure class='gallery-item'>\n\t\t\t<div class='gallery-icon landscape'>\n\t\t\t\t<a href='https:\/\/www.tomaszowice.diecezja.lublin.pl\/?attachment_id=1968'><img loading=\"lazy\" decoding=\"async\" width=\"150\" height=\"84\" src=\"https:\/\/www.tomaszowice.diecezja.lublin.pl\/wp-content\/uploads\/WP_20160110_020-150x84.jpg\" class=\"attachment-thumbnail size-thumbnail\" alt=\"\" srcset=\"https:\/\/www.tomaszowice.diecezja.lublin.pl\/wp-content\/uploads\/WP_20160110_020-150x84.jpg 150w, https:\/\/www.tomaszowice.diecezja.lublin.pl\/wp-content\/uploads\/WP_20160110_020-300x169.jpg 300w, https:\/\/www.tomaszowice.diecezja.lublin.pl\/wp-content\/uploads\/WP_20160110_020-768x432.jpg 768w, https:\/\/www.tomaszowice.diecezja.lublin.pl\/wp-content\/uploads\/WP_20160110_020-1024x576.jpg 1024w\" sizes=\"auto, (max-width: 150px) 100vw, 150px\" \/><\/a>\n\t\t\t<\/div><\/figure><figure class='gallery-item'>\n\t\t\t<div class='gallery-icon landscape'>\n\t\t\t\t<a href='https:\/\/www.tomaszowice.diecezja.lublin.pl\/?attachment_id=1969'><img loading=\"lazy\" decoding=\"async\" width=\"150\" height=\"84\" src=\"https:\/\/www.tomaszowice.diecezja.lublin.pl\/wp-content\/uploads\/WP_20160110_006-150x84.jpg\" class=\"attachment-thumbnail size-thumbnail\" alt=\"\" srcset=\"https:\/\/www.tomaszowice.diecezja.lublin.pl\/wp-content\/uploads\/WP_20160110_006-150x84.jpg 150w, https:\/\/www.tomaszowice.diecezja.lublin.pl\/wp-content\/uploads\/WP_20160110_006-300x169.jpg 300w, https:\/\/www.tomaszowice.diecezja.lublin.pl\/wp-content\/uploads\/WP_20160110_006-768x432.jpg 768w, https:\/\/www.tomaszowice.diecezja.lublin.pl\/wp-content\/uploads\/WP_20160110_006-1024x576.jpg 1024w\" sizes=\"auto, (max-width: 150px) 100vw, 150px\" \/><\/a>\n\t\t\t<\/div><\/figure><figure class='gallery-item'>\n\t\t\t<div class='gallery-icon landscape'>\n\t\t\t\t<a href='https:\/\/www.tomaszowice.diecezja.lublin.pl\/?attachment_id=1970'><img loading=\"lazy\" decoding=\"async\" width=\"150\" height=\"84\" src=\"https:\/\/www.tomaszowice.diecezja.lublin.pl\/wp-content\/uploads\/WP_20160110_007-150x84.jpg\" class=\"attachment-thumbnail size-thumbnail\" alt=\"\" srcset=\"https:\/\/www.tomaszowice.diecezja.lublin.pl\/wp-content\/uploads\/WP_20160110_007-150x84.jpg 150w, https:\/\/www.tomaszowice.diecezja.lublin.pl\/wp-content\/uploads\/WP_20160110_007-300x169.jpg 300w, https:\/\/www.tomaszowice.diecezja.lublin.pl\/wp-content\/uploads\/WP_20160110_007-768x432.jpg 768w, https:\/\/www.tomaszowice.diecezja.lublin.pl\/wp-content\/uploads\/WP_20160110_007-1024x576.jpg 1024w\" sizes=\"auto, (max-width: 150px) 100vw, 150px\" \/><\/a>\n\t\t\t<\/div><\/figure><figure class='gallery-item'>\n\t\t\t<div class='gallery-icon landscape'>\n\t\t\t\t<a href='https:\/\/www.tomaszowice.diecezja.lublin.pl\/?attachment_id=1971'><img loading=\"lazy\" decoding=\"async\" width=\"150\" height=\"84\" src=\"https:\/\/www.tomaszowice.diecezja.lublin.pl\/wp-content\/uploads\/WP_20160110_011-150x84.jpg\" class=\"attachment-thumbnail size-thumbnail\" alt=\"\" srcset=\"https:\/\/www.tomaszowice.diecezja.lublin.pl\/wp-content\/uploads\/WP_20160110_011-150x84.jpg 150w, https:\/\/www.tomaszowice.diecezja.lublin.pl\/wp-content\/uploads\/WP_20160110_011-300x169.jpg 300w, https:\/\/www.tomaszowice.diecezja.lublin.pl\/wp-content\/uploads\/WP_20160110_011-768x432.jpg 768w, https:\/\/www.tomaszowice.diecezja.lublin.pl\/wp-content\/uploads\/WP_20160110_011-1024x576.jpg 1024w\" sizes=\"auto, (max-width: 150px) 100vw, 150px\" \/><\/a>\n\t\t\t<\/div><\/figure><figure class='gallery-item'>\n\t\t\t<div class='gallery-icon landscape'>\n\t\t\t\t<a href='https:\/\/www.tomaszowice.diecezja.lublin.pl\/?attachment_id=1972'><img loading=\"lazy\" decoding=\"async\" width=\"150\" height=\"84\" src=\"https:\/\/www.tomaszowice.diecezja.lublin.pl\/wp-content\/uploads\/WP_20160110_015-150x84.jpg\" class=\"attachment-thumbnail size-thumbnail\" alt=\"\" srcset=\"https:\/\/www.tomaszowice.diecezja.lublin.pl\/wp-content\/uploads\/WP_20160110_015-150x84.jpg 150w, https:\/\/www.tomaszowice.diecezja.lublin.pl\/wp-content\/uploads\/WP_20160110_015-300x169.jpg 300w, https:\/\/www.tomaszowice.diecezja.lublin.pl\/wp-content\/uploads\/WP_20160110_015-768x432.jpg 768w, https:\/\/www.tomaszowice.diecezja.lublin.pl\/wp-content\/uploads\/WP_20160110_015-1024x576.jpg 1024w\" sizes=\"auto, (max-width: 150px) 100vw, 150px\" \/><\/a>\n\t\t\t<\/div><\/figure>\n\t\t<\/div>\n\n","protected":false},"excerpt":{"rendered":"<p>08.01.2017r. 10.01.2016r.<\/p>\n","protected":false},"author":1,"featured_media":0,"parent":0,"menu_order":0,"comment_status":"closed","ping_status":"closed","template":"","meta":{"footnotes":""},"class_list":["post-1938","page","type-page","status-publish","hentry"],"_links":{"self":[{"href":"https:\/\/www.tomaszowice.diecezja.lublin.pl\/index.php?rest_route=\/wp\/v2\/pages\/1938","targetHints":{"allow":["GET"]}}],"collection":[{"href":"https:\/\/www.tomaszowice.diecezja.lublin.pl\/index.php?rest_route=\/wp\/v2\/pages"}],"about":[{"href":"https:\/\/www.tomaszowice.diecezja.lublin.pl\/index.php?rest_route=\/wp\/v2\/types\/page"}],"author":[{"embeddable":true,"href":"https:\/\/www.tomaszowice.diecezja.lublin.pl\/index.php?rest_route=\/wp\/v2\/users\/1"}],"replies":[{"embeddable":true,"href":"https:\/\/www.tomaszowice.diecezja.lublin.pl\/index.php?rest_route=%2Fwp%2Fv2%2Fcomments&post=1938"}],"version-history":[{"count":6,"href":"https:\/\/www.tomaszowice.diecezja.lublin.pl\/index.php?rest_route=\/wp\/v2\/pages\/1938\/revisions"}],"predecessor-version":[{"id":2677,"href":"https:\/\/www.tomaszowice.diecezja.lublin.pl\/index.php?rest_route=\/wp\/v2\/pages\/1938\/revisions\/2677"}],"wp:attachment":[{"href":"https:\/\/www.tomaszowice.diecezja.lublin.pl\/index.php?rest_route=%2Fwp%2Fv2%2Fmedia&parent=1938"}],"curies":[{"name":"wp","href":"https:\/\/api.w.org\/{rel}","templated":true}]}}